{"id":86,"date":"2026-01-31T22:54:13","date_gmt":"2026-02-01T01:54:13","guid":{"rendered":"https:\/\/inev.cl\/?page_id=86"},"modified":"2026-04-27T13:17:44","modified_gmt":"2026-04-27T17:17:44","slug":"medicos-veterinarios","status":"publish","type":"page","link":"https:\/\/inev.cl\/?page_id=86","title":{"rendered":"Medicos veterinarios"},"content":{"rendered":"\t\t<div data-elementor-type=\"wp-page\" data-elementor-id=\"86\" class=\"elementor elementor-86\" data-elementor-post-type=\"page\">\n\t\t\t\t\t\t<div class=\"elementor-element elementor-element-70c3471 e-con e-atomic-element e-flexbox-base e-70c3471-949533a\" data-id=\"70c3471\" data-element_type=\"e-flexbox\" data-e-type=\"e-flexbox\" data-interaction-id=\"70c3471\" data-e-type=\"e-flexbox\" data-id=\"70c3471\">\n\t\t\t\t<div class=\"elementor-element elementor-element-7d1f034 e-con e-atomic-element e-div-block-base e-7d1f034-d683bb2\" data-id=\"7d1f034\" data-element_type=\"e-div-block\" data-e-type=\"e-div-block\" data-interaction-id=\"7d1f034\" data-e-type=\"e-div-block\" data-id=\"7d1f034\">\n\t\t\t\t\t\t\t<h2 \n\t\tdata-interaction-id=\"fa9f272\" \n\t\tclass=\"e-fa9f272-8f0a8ff e-heading-base\" \n\t\t \n\t\tdata-e-type=\"widget\" data-id=\"fa9f272\"\n\t>\n\t\n\t\t\tNuestro equipo\n\t\t<\/h2>\n\t\t\t\t\t\t\t\t<p class=\"e-adf5b30-6549fc1 e-paragraph-base\" data-interaction-id=\"adf5b30\"  data-e-type=\"widget\" data-id=\"adf5b30\">\n\t\t\t\t\t\t\t\tEspecialistas en el cuidado integral de tu mascota\n\t\t\t\t\t<\/p>\n\t\t\t\t<\/div>\n\t\t\t\t<\/div>\n\t\t<div class=\"elementor-element elementor-element-3527e2d e-flex e-con-boxed e-con e-parent\" data-id=\"3527e2d\" data-element_type=\"container\" data-e-type=\"container\">\n\t\t\t\t\t<div class=\"e-con-inner\">\n\t\t\t\t<div class=\"elementor-element elementor-element-176b9f3 e-con e-atomic-element e-div-block-base e-176b9f3-ffdec64\" data-id=\"176b9f3\" data-element_type=\"e-div-block\" data-e-type=\"e-div-block\" data-interaction-id=\"176b9f3\" data-e-type=\"e-div-block\" data-id=\"176b9f3\">\n\t\t\t\t<div class=\"elementor-element elementor-element-dfac129 elementor-widget elementor-widget-image\" data-id=\"dfac129\" data-element_type=\"widget\" data-e-type=\"widget\" data-widget_type=\"image.default\">\n\t\t\t\t\t\t\t\t\t\t\t\t\t\t\t<img decoding=\"async\" width=\"28\" height=\"31\" src=\"https:\/\/inev.cl\/wp-content\/uploads\/2026\/02\/huella.png\" class=\"attachment-large size-large wp-image-414\" alt=\"\" \/>\t\t\t\t\t\t\t\t\t\t\t\t\t\t\t<\/div>\n\t\t\t\t<div class=\"elementor-element elementor-element-0804abf elementor-widget__width-initial elementor-widget elementor-widget-text-editor\" data-id=\"0804abf\" data-element_type=\"widget\" data-e-type=\"widget\" data-widget_type=\"text-editor.default\">\n\t\t\t\t\t\t\t\t\t<p>En el Instituto Neurol\u00f3gico Veterinario, contamos con un equipo multidisciplinario de profesionales dedicados a cuidar de la salud de tu mascota con pasi\u00f3n y excelencia. Conoce a los especialistas que hacen posible nuestra misi\u00f3n cada dia.<\/p>\t\t\t\t\t\t\t\t<\/div>\n\t\t\t\t<div class=\"elementor-element elementor-element-bd973c5 elementor-widget elementor-widget-image\" data-id=\"bd973c5\" data-element_type=\"widget\" data-e-type=\"widget\" data-widget_type=\"image.default\">\n\t\t\t\t\t\t\t\t\t\t\t\t\t\t\t<img decoding=\"async\" width=\"28\" height=\"31\" src=\"https:\/\/inev.cl\/wp-content\/uploads\/2026\/02\/huella.png\" class=\"attachment-large size-large wp-image-414\" alt=\"\" \/>\t\t\t\t\t\t\t\t\t\t\t\t\t\t\t<\/div>\n\t\t\t\t<\/div>\n\t\t\t\t<div class=\"elementor-element elementor-element-fec0f48 elementor-grid-6 elementor-grid-tablet-2 elementor-grid-mobile-1 elementor-widget elementor-widget-loop-grid\" data-id=\"fec0f48\" data-element_type=\"widget\" data-e-type=\"widget\" data-settings=\"{&quot;template_id&quot;:447,&quot;columns&quot;:6,&quot;row_gap&quot;:{&quot;unit&quot;:&quot;px&quot;,&quot;size&quot;:32,&quot;sizes&quot;:[]},&quot;_skin&quot;:&quot;post&quot;,&quot;columns_tablet&quot;:&quot;2&quot;,&quot;columns_mobile&quot;:&quot;1&quot;,&quot;edit_handle_selector&quot;:&quot;[data-elementor-type=\\&quot;loop-item\\&quot;]&quot;,&quot;row_gap_tablet&quot;:{&quot;unit&quot;:&quot;px&quot;,&quot;size&quot;:&quot;&quot;,&quot;sizes&quot;:[]},&quot;row_gap_mobile&quot;:{&quot;unit&quot;:&quot;px&quot;,&quot;size&quot;:&quot;&quot;,&quot;sizes&quot;:[]}}\" data-widget_type=\"loop-grid.post\">\n\t\t\t\t<div class=\"elementor-widget-container\">\n\t\t\t\t\t\t\t<div class=\"elementor-loop-container elementor-grid\" role=\"list\">\n\t\t<style id=\"loop-447\">.elementor-447 .elementor-element.elementor-element-c6146c5{--display:flex;--flex-direction:column;--container-widget-width:calc( ( 1 - var( --container-widget-flex-grow ) ) * 100% );--container-widget-height:initial;--container-widget-flex-grow:0;--container-widget-align-self:initial;--flex-wrap-mobile:wrap;--justify-content:space-between;--align-items:stretch;--gap:0px 0px;--row-gap:0px;--column-gap:0px;--margin-top:0px;--margin-bottom:0px;--margin-left:0px;--margin-right:0px;--padding-top:0px;--padding-bottom:0px;--padding-left:0px;--padding-right:0px;}.elementor-widget-image .widget-image-caption{color:var( --e-global-color-text );font-family:var( --e-global-typography-text-font-family ), Sans-serif;font-weight:var( --e-global-typography-text-font-weight );}.elementor-447 .elementor-element.elementor-element-85db059 img{height:200px;object-fit:contain;object-position:bottom center;}.elementor-widget-heading .elementor-heading-title{font-family:var( --e-global-typography-primary-font-family ), Sans-serif;font-weight:var( --e-global-typography-primary-font-weight );color:var( --e-global-color-primary );}.elementor-447 .elementor-element.elementor-element-ddab927{text-align:center;margin:010px 0px calc(var(--kit-widget-spacing, 0px) + 0px) 0px;}.elementor-447 .elementor-element.elementor-element-ddab927 .elementor-heading-title{font-family:\"Open Sans\", Sans-serif;font-size:14px;font-weight:700;color:#031E2D;}.elementor-widget-text-editor{font-family:var( --e-global-typography-text-font-family ), Sans-serif;font-weight:var( --e-global-typography-text-font-weight );color:var( --e-global-color-text );}.elementor-widget-text-editor.elementor-drop-cap-view-stacked .elementor-drop-cap{background-color:var( --e-global-color-primary );}.elementor-widget-text-editor.elementor-drop-cap-view-framed .elementor-drop-cap, .elementor-widget-text-editor.elementor-drop-cap-view-default .elementor-drop-cap{color:var( --e-global-color-primary );border-color:var( --e-global-color-primary );}.elementor-447 .elementor-element.elementor-element-cc51665{text-align:center;font-family:\"Open Sans\", Sans-serif;font-size:12px;font-weight:500;color:#5A5A5A;margin:10px 0px calc(var(--kit-widget-spacing, 0px) + 0px) 0px;}.elementor-widget-button .elementor-button{font-family:var( --e-global-typography-accent-font-family ), Sans-serif;font-weight:var( --e-global-typography-accent-font-weight );background-color:var( --e-global-color-accent );}.elementor-447 .elementor-element.elementor-element-91b5e8f .elementor-button{fill:#0088CC;color:#0088CC;background-color:#FFFFFF00;}.elementor-447 .elementor-element.elementor-element-91b5e8f{width:var( --container-widget-width, 123.844% );max-width:123.844%;--container-widget-width:123.844%;--container-widget-flex-grow:0;border-style:solid;border-color:#0088CC;border-radius:48px 48px 48px 48px;}.elementor-447 .elementor-element.elementor-element-91b5e8f.elementor-element{--flex-grow:0;--flex-shrink:0;}<\/style>\t\t<div data-elementor-type=\"loop-item\" data-elementor-id=\"447\" class=\"elementor elementor-447 e-loop-item e-loop-item-811 post-811 medico type-medico status-publish hentry\" data-elementor-post-type=\"elementor_library\" data-custom-edit-handle=\"1\">\n\t\t\t<div class=\"elementor-element elementor-element-c6146c5 e-flex e-con-boxed e-con e-parent\" data-id=\"c6146c5\" data-element_type=\"container\" data-e-type=\"container\">\n\t\t\t\t\t<div class=\"e-con-inner\">\n\t\t\t\t<div class=\"elementor-element elementor-element-f449857 e-con e-atomic-element e-div-block-base e-f449857-065a807\" data-id=\"f449857\" data-element_type=\"e-div-block\" data-e-type=\"e-div-block\" data-interaction-id=\"f449857\" data-e-type=\"e-div-block\" data-id=\"f449857\">\n\t\t\t\t<div class=\"elementor-element elementor-element-85db059 elementor-widget elementor-widget-image\" data-id=\"85db059\" data-element_type=\"widget\" data-e-type=\"widget\" data-widget_type=\"image.default\">\n\t\t\t\t\t\t\t\t\t\t\t\t\t\t\t<img fetchpriority=\"high\" decoding=\"async\" width=\"265\" height=\"300\" src=\"https:\/\/inev.cl\/wp-content\/uploads\/2026\/02\/gabriela-guardia-265x300.jpeg\" class=\"attachment-medium size-medium wp-image-171\" alt=\"\" srcset=\"https:\/\/inev.cl\/wp-content\/uploads\/2026\/02\/gabriela-guardia-265x300.jpeg 265w, https:\/\/inev.cl\/wp-content\/uploads\/2026\/02\/gabriela-guardia.jpeg 565w\" sizes=\"(max-width: 265px) 100vw, 265px\" \/>\t\t\t\t\t\t\t\t\t\t\t\t\t\t\t<\/div>\n\t\t\t\t<div class=\"elementor-element elementor-element-ddab927 elementor-widget elementor-widget-heading\" data-id=\"ddab927\" data-element_type=\"widget\" data-e-type=\"widget\" data-widget_type=\"heading.default\">\n\t\t\t\t\t<p class=\"elementor-heading-title elementor-size-default\">Dra. Gabriela Alejandra Guardia Schaffner<\/p>\t\t\t\t<\/div>\n\t\t\t\t<div class=\"elementor-element elementor-element-cc51665 elementor-widget elementor-widget-text-editor\" data-id=\"cc51665\" data-element_type=\"widget\" data-e-type=\"widget\" data-widget_type=\"text-editor.default\">\n\t\t\t\t\t\t\t\t\tM\u00e9dico Veterinario \u2014 Especialista en Medicina Interna y Endocrinolog\u00eda Jefa unidad de Cosnultas\t\t\t\t\t\t\t\t<\/div>\n\t\t\t\t<\/div>\n\t\t\t\t<div class=\"elementor-element elementor-element-74fc959 e-con e-atomic-element e-div-block-base\" data-id=\"74fc959\" data-element_type=\"e-div-block\" data-e-type=\"e-div-block\" data-interaction-id=\"74fc959\" data-e-type=\"e-div-block\" data-id=\"74fc959\">\n\t\t\t\t<div class=\"elementor-element elementor-element-91b5e8f elementor-align-center elementor-widget__width-initial elementor-widget elementor-widget-button\" data-id=\"91b5e8f\" data-element_type=\"widget\" data-e-type=\"widget\" data-widget_type=\"button.default\">\n\t\t\t\t\t\t\t\t\t\t<a class=\"elementor-button elementor-button-link elementor-size-sm\" href=\"https:\/\/inev.cl\/?medico=dra-gabriela-alejandra-guardia-schaffner\">\n\t\t\t\t\t\t<span class=\"elementor-button-content-wrapper\">\n\t\t\t\t\t\t\t\t\t<span class=\"elementor-button-text\">Ver ficha<\/span>\n\t\t\t\t\t<\/span>\n\t\t\t\t\t<\/a>\n\t\t\t\t\t\t\t\t<\/div>\n\t\t\t\t<\/div>\n\t\t\t\t\t<\/div>\n\t\t\t\t<\/div>\n\t\t\t\t<\/div>\n\t\t\t\t<div data-elementor-type=\"loop-item\" data-elementor-id=\"447\" class=\"elementor elementor-447 e-loop-item e-loop-item-812 post-812 medico type-medico status-publish hentry\" data-elementor-post-type=\"elementor_library\" data-custom-edit-handle=\"1\">\n\t\t\t<div class=\"elementor-element elementor-element-c6146c5 e-flex e-con-boxed e-con e-parent\" data-id=\"c6146c5\" data-element_type=\"container\" data-e-type=\"container\">\n\t\t\t\t\t<div class=\"e-con-inner\">\n\t\t\t\t<div class=\"elementor-element elementor-element-f449857 e-con e-atomic-element e-div-block-base e-f449857-065a807\" data-id=\"f449857\" data-element_type=\"e-div-block\" data-e-type=\"e-div-block\" data-interaction-id=\"f449857\" data-e-type=\"e-div-block\" data-id=\"f449857\">\n\t\t\t\t<div class=\"elementor-element elementor-element-85db059 elementor-widget elementor-widget-image\" data-id=\"85db059\" data-element_type=\"widget\" data-e-type=\"widget\" data-widget_type=\"image.default\">\n\t\t\t\t\t\t\t\t\t\t\t\t\t\t\t<img decoding=\"async\" width=\"225\" height=\"300\" src=\"https:\/\/inev.cl\/wp-content\/uploads\/2026\/02\/gabriel-miranda-225x300.jpeg\" class=\"attachment-medium size-medium wp-image-169\" alt=\"\" srcset=\"https:\/\/inev.cl\/wp-content\/uploads\/2026\/02\/gabriel-miranda-225x300.jpeg 225w, https:\/\/inev.cl\/wp-content\/uploads\/2026\/02\/gabriel-miranda.jpeg 480w\" sizes=\"(max-width: 225px) 100vw, 225px\" \/>\t\t\t\t\t\t\t\t\t\t\t\t\t\t\t<\/div>\n\t\t\t\t<div class=\"elementor-element elementor-element-ddab927 elementor-widget elementor-widget-heading\" data-id=\"ddab927\" data-element_type=\"widget\" data-e-type=\"widget\" data-widget_type=\"heading.default\">\n\t\t\t\t\t<p class=\"elementor-heading-title elementor-size-default\">Dr. Gabriel Miranda Brunetto<\/p>\t\t\t\t<\/div>\n\t\t\t\t<div class=\"elementor-element elementor-element-cc51665 elementor-widget elementor-widget-text-editor\" data-id=\"cc51665\" data-element_type=\"widget\" data-e-type=\"widget\" data-widget_type=\"text-editor.default\">\n\t\t\t\t\t\t\t\t\tM\u00e9dico Veterinario \u2014 Especialista en Neurolog\u00eda y Neurocirug\u00eda Veterinaria\t\t\t\t\t\t\t\t<\/div>\n\t\t\t\t<\/div>\n\t\t\t\t<div class=\"elementor-element elementor-element-74fc959 e-con e-atomic-element e-div-block-base\" data-id=\"74fc959\" data-element_type=\"e-div-block\" data-e-type=\"e-div-block\" data-interaction-id=\"74fc959\" data-e-type=\"e-div-block\" data-id=\"74fc959\">\n\t\t\t\t<div class=\"elementor-element elementor-element-91b5e8f elementor-align-center elementor-widget__width-initial elementor-widget elementor-widget-button\" data-id=\"91b5e8f\" data-element_type=\"widget\" data-e-type=\"widget\" data-widget_type=\"button.default\">\n\t\t\t\t\t\t\t\t\t\t<a class=\"elementor-button elementor-button-link elementor-size-sm\" href=\"https:\/\/inev.cl\/?medico=dr-gabriel-miranda-brunetto\">\n\t\t\t\t\t\t<span class=\"elementor-button-content-wrapper\">\n\t\t\t\t\t\t\t\t\t<span class=\"elementor-button-text\">Ver ficha<\/span>\n\t\t\t\t\t<\/span>\n\t\t\t\t\t<\/a>\n\t\t\t\t\t\t\t\t<\/div>\n\t\t\t\t<\/div>\n\t\t\t\t\t<\/div>\n\t\t\t\t<\/div>\n\t\t\t\t<\/div>\n\t\t\t\t<div data-elementor-type=\"loop-item\" data-elementor-id=\"447\" class=\"elementor elementor-447 e-loop-item e-loop-item-813 post-813 medico type-medico status-publish hentry\" data-elementor-post-type=\"elementor_library\" data-custom-edit-handle=\"1\">\n\t\t\t<div class=\"elementor-element elementor-element-c6146c5 e-flex e-con-boxed e-con e-parent\" data-id=\"c6146c5\" data-element_type=\"container\" data-e-type=\"container\">\n\t\t\t\t\t<div class=\"e-con-inner\">\n\t\t\t\t<div class=\"elementor-element elementor-element-f449857 e-con e-atomic-element e-div-block-base e-f449857-065a807\" data-id=\"f449857\" data-element_type=\"e-div-block\" data-e-type=\"e-div-block\" data-interaction-id=\"f449857\" data-e-type=\"e-div-block\" data-id=\"f449857\">\n\t\t\t\t<div class=\"elementor-element elementor-element-85db059 elementor-widget elementor-widget-image\" data-id=\"85db059\" data-element_type=\"widget\" data-e-type=\"widget\" data-widget_type=\"image.default\">\n\t\t\t\t\t\t\t\t\t\t\t\t\t\t\t<img loading=\"lazy\" decoding=\"async\" width=\"225\" height=\"300\" src=\"https:\/\/inev.cl\/wp-content\/uploads\/2026\/02\/eduardo-gonzales-225x300.jpeg\" class=\"attachment-medium size-medium wp-image-163\" alt=\"\" srcset=\"https:\/\/inev.cl\/wp-content\/uploads\/2026\/02\/eduardo-gonzales-225x300.jpeg 225w, https:\/\/inev.cl\/wp-content\/uploads\/2026\/02\/eduardo-gonzales.jpeg 480w\" sizes=\"(max-width: 225px) 100vw, 225px\" \/>\t\t\t\t\t\t\t\t\t\t\t\t\t\t\t<\/div>\n\t\t\t\t<div class=\"elementor-element elementor-element-ddab927 elementor-widget elementor-widget-heading\" data-id=\"ddab927\" data-element_type=\"widget\" data-e-type=\"widget\" data-widget_type=\"heading.default\">\n\t\t\t\t\t<p class=\"elementor-heading-title elementor-size-default\">Dr. Eduardo Andr\u00e9s Gonz\u00e1les Zavala<\/p>\t\t\t\t<\/div>\n\t\t\t\t<div class=\"elementor-element elementor-element-cc51665 elementor-widget elementor-widget-text-editor\" data-id=\"cc51665\" data-element_type=\"widget\" data-e-type=\"widget\" data-widget_type=\"text-editor.default\">\n\t\t\t\t\t\t\t\t\tM\u00e9dico Veterinario \u2014 Especialista en Neurolog\u00eda y Neurointensivismo\t\t\t\t\t\t\t\t<\/div>\n\t\t\t\t<\/div>\n\t\t\t\t<div class=\"elementor-element elementor-element-74fc959 e-con e-atomic-element e-div-block-base\" data-id=\"74fc959\" data-element_type=\"e-div-block\" data-e-type=\"e-div-block\" data-interaction-id=\"74fc959\" data-e-type=\"e-div-block\" data-id=\"74fc959\">\n\t\t\t\t<div class=\"elementor-element elementor-element-91b5e8f elementor-align-center elementor-widget__width-initial elementor-widget elementor-widget-button\" data-id=\"91b5e8f\" data-element_type=\"widget\" data-e-type=\"widget\" data-widget_type=\"button.default\">\n\t\t\t\t\t\t\t\t\t\t<a class=\"elementor-button elementor-button-link elementor-size-sm\" href=\"https:\/\/inev.cl\/?medico=dr-eduardo-andres-gonzales-zavala\">\n\t\t\t\t\t\t<span class=\"elementor-button-content-wrapper\">\n\t\t\t\t\t\t\t\t\t<span class=\"elementor-button-text\">Ver ficha<\/span>\n\t\t\t\t\t<\/span>\n\t\t\t\t\t<\/a>\n\t\t\t\t\t\t\t\t<\/div>\n\t\t\t\t<\/div>\n\t\t\t\t\t<\/div>\n\t\t\t\t<\/div>\n\t\t\t\t<\/div>\n\t\t\t\t<div data-elementor-type=\"loop-item\" data-elementor-id=\"447\" class=\"elementor elementor-447 e-loop-item e-loop-item-814 post-814 medico type-medico status-publish hentry\" data-elementor-post-type=\"elementor_library\" data-custom-edit-handle=\"1\">\n\t\t\t<div class=\"elementor-element elementor-element-c6146c5 e-flex e-con-boxed e-con e-parent\" data-id=\"c6146c5\" data-element_type=\"container\" data-e-type=\"container\">\n\t\t\t\t\t<div class=\"e-con-inner\">\n\t\t\t\t<div class=\"elementor-element elementor-element-f449857 e-con e-atomic-element e-div-block-base e-f449857-065a807\" data-id=\"f449857\" data-element_type=\"e-div-block\" data-e-type=\"e-div-block\" data-interaction-id=\"f449857\" data-e-type=\"e-div-block\" data-id=\"f449857\">\n\t\t\t\t<div class=\"elementor-element elementor-element-85db059 elementor-widget elementor-widget-image\" data-id=\"85db059\" data-element_type=\"widget\" data-e-type=\"widget\" data-widget_type=\"image.default\">\n\t\t\t\t\t\t\t\t\t\t\t\t\t\t\t<img loading=\"lazy\" decoding=\"async\" width=\"225\" height=\"300\" src=\"https:\/\/inev.cl\/wp-content\/uploads\/2026\/02\/danilo-abarca-225x300.jpeg\" class=\"attachment-medium size-medium wp-image-159\" alt=\"\" srcset=\"https:\/\/inev.cl\/wp-content\/uploads\/2026\/02\/danilo-abarca-225x300.jpeg 225w, https:\/\/inev.cl\/wp-content\/uploads\/2026\/02\/danilo-abarca.jpeg 480w\" sizes=\"(max-width: 225px) 100vw, 225px\" \/>\t\t\t\t\t\t\t\t\t\t\t\t\t\t\t<\/div>\n\t\t\t\t<div class=\"elementor-element elementor-element-ddab927 elementor-widget elementor-widget-heading\" data-id=\"ddab927\" data-element_type=\"widget\" data-e-type=\"widget\" data-widget_type=\"heading.default\">\n\t\t\t\t\t<p class=\"elementor-heading-title elementor-size-default\">Dr. Danilo Abarca Candia<\/p>\t\t\t\t<\/div>\n\t\t\t\t<div class=\"elementor-element elementor-element-cc51665 elementor-widget elementor-widget-text-editor\" data-id=\"cc51665\" data-element_type=\"widget\" data-e-type=\"widget\" data-widget_type=\"text-editor.default\">\n\t\t\t\t\t\t\t\t\tM\u00e9dico Veterinario \u2014 Especialista en Cirug\u00eda Ortop\u00e9dica y Traumatolog\u00eda\t\t\t\t\t\t\t\t<\/div>\n\t\t\t\t<\/div>\n\t\t\t\t<div class=\"elementor-element elementor-element-74fc959 e-con e-atomic-element e-div-block-base\" data-id=\"74fc959\" data-element_type=\"e-div-block\" data-e-type=\"e-div-block\" data-interaction-id=\"74fc959\" data-e-type=\"e-div-block\" data-id=\"74fc959\">\n\t\t\t\t<div class=\"elementor-element elementor-element-91b5e8f elementor-align-center elementor-widget__width-initial elementor-widget elementor-widget-button\" data-id=\"91b5e8f\" data-element_type=\"widget\" data-e-type=\"widget\" data-widget_type=\"button.default\">\n\t\t\t\t\t\t\t\t\t\t<a class=\"elementor-button elementor-button-link elementor-size-sm\" href=\"https:\/\/inev.cl\/?medico=dr-danilo-abarca-candia\">\n\t\t\t\t\t\t<span class=\"elementor-button-content-wrapper\">\n\t\t\t\t\t\t\t\t\t<span class=\"elementor-button-text\">Ver ficha<\/span>\n\t\t\t\t\t<\/span>\n\t\t\t\t\t<\/a>\n\t\t\t\t\t\t\t\t<\/div>\n\t\t\t\t<\/div>\n\t\t\t\t\t<\/div>\n\t\t\t\t<\/div>\n\t\t\t\t<\/div>\n\t\t\t\t<div data-elementor-type=\"loop-item\" data-elementor-id=\"447\" class=\"elementor elementor-447 e-loop-item e-loop-item-815 post-815 medico type-medico status-publish hentry\" data-elementor-post-type=\"elementor_library\" data-custom-edit-handle=\"1\">\n\t\t\t<div class=\"elementor-element elementor-element-c6146c5 e-flex e-con-boxed e-con e-parent\" data-id=\"c6146c5\" data-element_type=\"container\" data-e-type=\"container\">\n\t\t\t\t\t<div class=\"e-con-inner\">\n\t\t\t\t<div class=\"elementor-element elementor-element-f449857 e-con e-atomic-element e-div-block-base e-f449857-065a807\" data-id=\"f449857\" data-element_type=\"e-div-block\" data-e-type=\"e-div-block\" data-interaction-id=\"f449857\" data-e-type=\"e-div-block\" data-id=\"f449857\">\n\t\t\t\t<div class=\"elementor-element elementor-element-85db059 elementor-widget elementor-widget-image\" data-id=\"85db059\" data-element_type=\"widget\" data-e-type=\"widget\" data-widget_type=\"image.default\">\n\t\t\t\t\t\t\t\t\t\t\t\t\t\t\t<img loading=\"lazy\" decoding=\"async\" width=\"225\" height=\"300\" src=\"https:\/\/inev.cl\/wp-content\/uploads\/2026\/02\/bernardita-saini-225x300.jpeg\" class=\"attachment-medium size-medium wp-image-153\" alt=\"\" srcset=\"https:\/\/inev.cl\/wp-content\/uploads\/2026\/02\/bernardita-saini-225x300.jpeg 225w, https:\/\/inev.cl\/wp-content\/uploads\/2026\/02\/bernardita-saini.jpeg 480w\" sizes=\"(max-width: 225px) 100vw, 225px\" \/>\t\t\t\t\t\t\t\t\t\t\t\t\t\t\t<\/div>\n\t\t\t\t<div class=\"elementor-element elementor-element-ddab927 elementor-widget elementor-widget-heading\" data-id=\"ddab927\" data-element_type=\"widget\" data-e-type=\"widget\" data-widget_type=\"heading.default\">\n\t\t\t\t\t<p class=\"elementor-heading-title elementor-size-default\">Bernardita Saini Valdes<\/p>\t\t\t\t<\/div>\n\t\t\t\t<div class=\"elementor-element elementor-element-cc51665 elementor-widget elementor-widget-text-editor\" data-id=\"cc51665\" data-element_type=\"widget\" data-e-type=\"widget\" data-widget_type=\"text-editor.default\">\n\t\t\t\t\t\t\t\t\tTerapeuta de Reiki y Coordinadora Docente \u2013 Enfoque en Neurociencias y Terapias Complementarias\t\t\t\t\t\t\t\t<\/div>\n\t\t\t\t<\/div>\n\t\t\t\t<div class=\"elementor-element elementor-element-74fc959 e-con e-atomic-element e-div-block-base\" data-id=\"74fc959\" data-element_type=\"e-div-block\" data-e-type=\"e-div-block\" data-interaction-id=\"74fc959\" data-e-type=\"e-div-block\" data-id=\"74fc959\">\n\t\t\t\t<div class=\"elementor-element elementor-element-91b5e8f elementor-align-center elementor-widget__width-initial elementor-widget elementor-widget-button\" data-id=\"91b5e8f\" data-element_type=\"widget\" data-e-type=\"widget\" data-widget_type=\"button.default\">\n\t\t\t\t\t\t\t\t\t\t<a class=\"elementor-button elementor-button-link elementor-size-sm\" href=\"https:\/\/inev.cl\/?medico=bernardita-saini-valdes\">\n\t\t\t\t\t\t<span class=\"elementor-button-content-wrapper\">\n\t\t\t\t\t\t\t\t\t<span class=\"elementor-button-text\">Ver ficha<\/span>\n\t\t\t\t\t<\/span>\n\t\t\t\t\t<\/a>\n\t\t\t\t\t\t\t\t<\/div>\n\t\t\t\t<\/div>\n\t\t\t\t\t<\/div>\n\t\t\t\t<\/div>\n\t\t\t\t<\/div>\n\t\t\t\t<div data-elementor-type=\"loop-item\" data-elementor-id=\"447\" class=\"elementor elementor-447 e-loop-item e-loop-item-816 post-816 medico type-medico status-publish hentry\" data-elementor-post-type=\"elementor_library\" data-custom-edit-handle=\"1\">\n\t\t\t<div class=\"elementor-element elementor-element-c6146c5 e-flex e-con-boxed e-con e-parent\" data-id=\"c6146c5\" data-element_type=\"container\" data-e-type=\"container\">\n\t\t\t\t\t<div class=\"e-con-inner\">\n\t\t\t\t<div class=\"elementor-element elementor-element-f449857 e-con e-atomic-element e-div-block-base e-f449857-065a807\" data-id=\"f449857\" data-element_type=\"e-div-block\" data-e-type=\"e-div-block\" data-interaction-id=\"f449857\" data-e-type=\"e-div-block\" data-id=\"f449857\">\n\t\t\t\t<div class=\"elementor-element elementor-element-85db059 elementor-widget elementor-widget-image\" data-id=\"85db059\" data-element_type=\"widget\" data-e-type=\"widget\" data-widget_type=\"image.default\">\n\t\t\t\t\t\t\t\t\t\t\t\t\t\t\t<img loading=\"lazy\" decoding=\"async\" width=\"225\" height=\"300\" src=\"https:\/\/inev.cl\/wp-content\/uploads\/2026\/02\/vivian-palma-225x300.jpeg\" class=\"attachment-medium size-medium wp-image-196\" alt=\"\" srcset=\"https:\/\/inev.cl\/wp-content\/uploads\/2026\/02\/vivian-palma-225x300.jpeg 225w, https:\/\/inev.cl\/wp-content\/uploads\/2026\/02\/vivian-palma.jpeg 480w\" sizes=\"(max-width: 225px) 100vw, 225px\" \/>\t\t\t\t\t\t\t\t\t\t\t\t\t\t\t<\/div>\n\t\t\t\t<div class=\"elementor-element elementor-element-ddab927 elementor-widget elementor-widget-heading\" data-id=\"ddab927\" data-element_type=\"widget\" data-e-type=\"widget\" data-widget_type=\"heading.default\">\n\t\t\t\t\t<p class=\"elementor-heading-title elementor-size-default\">Vivian Palma Gonzalez<\/p>\t\t\t\t<\/div>\n\t\t\t\t<div class=\"elementor-element elementor-element-cc51665 elementor-widget elementor-widget-text-editor\" data-id=\"cc51665\" data-element_type=\"widget\" data-e-type=\"widget\" data-widget_type=\"text-editor.default\">\n\t\t\t\t\t\t\t\t\tM\u00e9dico Veterinario \u2013 Especialista en Medicina Interna, Endocrinolog\u00eda y Nefrolog\u00eda\t\t\t\t\t\t\t\t<\/div>\n\t\t\t\t<\/div>\n\t\t\t\t<div class=\"elementor-element elementor-element-74fc959 e-con e-atomic-element e-div-block-base\" data-id=\"74fc959\" data-element_type=\"e-div-block\" data-e-type=\"e-div-block\" data-interaction-id=\"74fc959\" data-e-type=\"e-div-block\" data-id=\"74fc959\">\n\t\t\t\t<div class=\"elementor-element elementor-element-91b5e8f elementor-align-center elementor-widget__width-initial elementor-widget elementor-widget-button\" data-id=\"91b5e8f\" data-element_type=\"widget\" data-e-type=\"widget\" data-widget_type=\"button.default\">\n\t\t\t\t\t\t\t\t\t\t<a class=\"elementor-button elementor-button-link elementor-size-sm\" href=\"https:\/\/inev.cl\/?medico=vivian-palma-gonzalez\">\n\t\t\t\t\t\t<span class=\"elementor-button-content-wrapper\">\n\t\t\t\t\t\t\t\t\t<span class=\"elementor-button-text\">Ver ficha<\/span>\n\t\t\t\t\t<\/span>\n\t\t\t\t\t<\/a>\n\t\t\t\t\t\t\t\t<\/div>\n\t\t\t\t<\/div>\n\t\t\t\t\t<\/div>\n\t\t\t\t<\/div>\n\t\t\t\t<\/div>\n\t\t\t\t<div data-elementor-type=\"loop-item\" data-elementor-id=\"447\" class=\"elementor elementor-447 e-loop-item e-loop-item-817 post-817 medico type-medico status-publish hentry\" data-elementor-post-type=\"elementor_library\" data-custom-edit-handle=\"1\">\n\t\t\t<div class=\"elementor-element elementor-element-c6146c5 e-flex e-con-boxed e-con e-parent\" data-id=\"c6146c5\" data-element_type=\"container\" data-e-type=\"container\">\n\t\t\t\t\t<div class=\"e-con-inner\">\n\t\t\t\t<div class=\"elementor-element elementor-element-f449857 e-con e-atomic-element e-div-block-base e-f449857-065a807\" data-id=\"f449857\" data-element_type=\"e-div-block\" data-e-type=\"e-div-block\" data-interaction-id=\"f449857\" data-e-type=\"e-div-block\" data-id=\"f449857\">\n\t\t\t\t<div class=\"elementor-element elementor-element-85db059 elementor-widget elementor-widget-image\" data-id=\"85db059\" data-element_type=\"widget\" data-e-type=\"widget\" data-widget_type=\"image.default\">\n\t\t\t\t\t\t\t\t\t\t\t\t\t\t\t<img loading=\"lazy\" decoding=\"async\" width=\"225\" height=\"300\" src=\"https:\/\/inev.cl\/wp-content\/uploads\/2026\/02\/irma-ecos-225x300.jpeg\" class=\"attachment-medium size-medium wp-image-174\" alt=\"\" srcset=\"https:\/\/inev.cl\/wp-content\/uploads\/2026\/02\/irma-ecos-225x300.jpeg 225w, https:\/\/inev.cl\/wp-content\/uploads\/2026\/02\/irma-ecos.jpeg 480w\" sizes=\"(max-width: 225px) 100vw, 225px\" \/>\t\t\t\t\t\t\t\t\t\t\t\t\t\t\t<\/div>\n\t\t\t\t<div class=\"elementor-element elementor-element-ddab927 elementor-widget elementor-widget-heading\" data-id=\"ddab927\" data-element_type=\"widget\" data-e-type=\"widget\" data-widget_type=\"heading.default\">\n\t\t\t\t\t<p class=\"elementor-heading-title elementor-size-default\">Dra. Irma Ecos Uribe<\/p>\t\t\t\t<\/div>\n\t\t\t\t<div class=\"elementor-element elementor-element-cc51665 elementor-widget elementor-widget-text-editor\" data-id=\"cc51665\" data-element_type=\"widget\" data-e-type=\"widget\" data-widget_type=\"text-editor.default\">\n\t\t\t\t\t\t\t\t\tM\u00e9dico Veterinario \u2013 Especialista en Dermatolog\u00eda y Oncolog\u00eda Veterinaria\t\t\t\t\t\t\t\t<\/div>\n\t\t\t\t<\/div>\n\t\t\t\t<div class=\"elementor-element elementor-element-74fc959 e-con e-atomic-element e-div-block-base\" data-id=\"74fc959\" data-element_type=\"e-div-block\" data-e-type=\"e-div-block\" data-interaction-id=\"74fc959\" data-e-type=\"e-div-block\" data-id=\"74fc959\">\n\t\t\t\t<div class=\"elementor-element elementor-element-91b5e8f elementor-align-center elementor-widget__width-initial elementor-widget elementor-widget-button\" data-id=\"91b5e8f\" data-element_type=\"widget\" data-e-type=\"widget\" data-widget_type=\"button.default\">\n\t\t\t\t\t\t\t\t\t\t<a class=\"elementor-button elementor-button-link elementor-size-sm\" href=\"https:\/\/inev.cl\/?medico=dra-irma-ecos-uribe\">\n\t\t\t\t\t\t<span class=\"elementor-button-content-wrapper\">\n\t\t\t\t\t\t\t\t\t<span class=\"elementor-button-text\">Ver ficha<\/span>\n\t\t\t\t\t<\/span>\n\t\t\t\t\t<\/a>\n\t\t\t\t\t\t\t\t<\/div>\n\t\t\t\t<\/div>\n\t\t\t\t\t<\/div>\n\t\t\t\t<\/div>\n\t\t\t\t<\/div>\n\t\t\t\t<div data-elementor-type=\"loop-item\" data-elementor-id=\"447\" class=\"elementor elementor-447 e-loop-item e-loop-item-818 post-818 medico type-medico status-publish hentry\" data-elementor-post-type=\"elementor_library\" data-custom-edit-handle=\"1\">\n\t\t\t<div class=\"elementor-element elementor-element-c6146c5 e-flex e-con-boxed e-con e-parent\" data-id=\"c6146c5\" data-element_type=\"container\" data-e-type=\"container\">\n\t\t\t\t\t<div class=\"e-con-inner\">\n\t\t\t\t<div class=\"elementor-element elementor-element-f449857 e-con e-atomic-element e-div-block-base e-f449857-065a807\" data-id=\"f449857\" data-element_type=\"e-div-block\" data-e-type=\"e-div-block\" data-interaction-id=\"f449857\" data-e-type=\"e-div-block\" data-id=\"f449857\">\n\t\t\t\t<div class=\"elementor-element elementor-element-85db059 elementor-widget elementor-widget-image\" data-id=\"85db059\" data-element_type=\"widget\" data-e-type=\"widget\" data-widget_type=\"image.default\">\n\t\t\t\t\t\t\t\t\t\t\t\t\t\t\t<img loading=\"lazy\" decoding=\"async\" width=\"225\" height=\"300\" src=\"https:\/\/inev.cl\/wp-content\/uploads\/2026\/02\/ignacio-cordero-225x300.jpeg\" class=\"attachment-medium size-medium wp-image-173\" alt=\"\" srcset=\"https:\/\/inev.cl\/wp-content\/uploads\/2026\/02\/ignacio-cordero-225x300.jpeg 225w, https:\/\/inev.cl\/wp-content\/uploads\/2026\/02\/ignacio-cordero.jpeg 480w\" sizes=\"(max-width: 225px) 100vw, 225px\" \/>\t\t\t\t\t\t\t\t\t\t\t\t\t\t\t<\/div>\n\t\t\t\t<div class=\"elementor-element elementor-element-ddab927 elementor-widget elementor-widget-heading\" data-id=\"ddab927\" data-element_type=\"widget\" data-e-type=\"widget\" data-widget_type=\"heading.default\">\n\t\t\t\t\t<p class=\"elementor-heading-title elementor-size-default\">Dr. Ignacio Cordero Ya\u00f1ez<\/p>\t\t\t\t<\/div>\n\t\t\t\t<div class=\"elementor-element elementor-element-cc51665 elementor-widget elementor-widget-text-editor\" data-id=\"cc51665\" data-element_type=\"widget\" data-e-type=\"widget\" data-widget_type=\"text-editor.default\">\n\t\t\t\t\t\t\t\t\tM\u00e9dico Veterinario \u2013 Especialista en Cardiolog\u00eda\t\t\t\t\t\t\t\t<\/div>\n\t\t\t\t<\/div>\n\t\t\t\t<div class=\"elementor-element elementor-element-74fc959 e-con e-atomic-element e-div-block-base\" data-id=\"74fc959\" data-element_type=\"e-div-block\" data-e-type=\"e-div-block\" data-interaction-id=\"74fc959\" data-e-type=\"e-div-block\" data-id=\"74fc959\">\n\t\t\t\t<div class=\"elementor-element elementor-element-91b5e8f elementor-align-center elementor-widget__width-initial elementor-widget elementor-widget-button\" data-id=\"91b5e8f\" data-element_type=\"widget\" data-e-type=\"widget\" data-widget_type=\"button.default\">\n\t\t\t\t\t\t\t\t\t\t<a class=\"elementor-button elementor-button-link elementor-size-sm\" href=\"https:\/\/inev.cl\/?medico=dr-ignacio-cordero-yanez\">\n\t\t\t\t\t\t<span class=\"elementor-button-content-wrapper\">\n\t\t\t\t\t\t\t\t\t<span class=\"elementor-button-text\">Ver ficha<\/span>\n\t\t\t\t\t<\/span>\n\t\t\t\t\t<\/a>\n\t\t\t\t\t\t\t\t<\/div>\n\t\t\t\t<\/div>\n\t\t\t\t\t<\/div>\n\t\t\t\t<\/div>\n\t\t\t\t<\/div>\n\t\t\t\t<div data-elementor-type=\"loop-item\" data-elementor-id=\"447\" class=\"elementor elementor-447 e-loop-item e-loop-item-819 post-819 medico type-medico status-publish hentry\" data-elementor-post-type=\"elementor_library\" data-custom-edit-handle=\"1\">\n\t\t\t<div class=\"elementor-element elementor-element-c6146c5 e-flex e-con-boxed e-con e-parent\" data-id=\"c6146c5\" data-element_type=\"container\" data-e-type=\"container\">\n\t\t\t\t\t<div class=\"e-con-inner\">\n\t\t\t\t<div class=\"elementor-element elementor-element-f449857 e-con e-atomic-element e-div-block-base e-f449857-065a807\" data-id=\"f449857\" data-element_type=\"e-div-block\" data-e-type=\"e-div-block\" data-interaction-id=\"f449857\" data-e-type=\"e-div-block\" data-id=\"f449857\">\n\t\t\t\t<div class=\"elementor-element elementor-element-85db059 elementor-widget elementor-widget-image\" data-id=\"85db059\" data-element_type=\"widget\" data-e-type=\"widget\" data-widget_type=\"image.default\">\n\t\t\t\t\t\t\t\t\t\t\t\t\t\t\t<img loading=\"lazy\" decoding=\"async\" width=\"225\" height=\"300\" src=\"https:\/\/inev.cl\/wp-content\/uploads\/2026\/02\/paola-vasquez-225x300.jpeg\" class=\"attachment-medium size-medium wp-image-188\" alt=\"\" srcset=\"https:\/\/inev.cl\/wp-content\/uploads\/2026\/02\/paola-vasquez-225x300.jpeg 225w, https:\/\/inev.cl\/wp-content\/uploads\/2026\/02\/paola-vasquez.jpeg 480w\" sizes=\"(max-width: 225px) 100vw, 225px\" \/>\t\t\t\t\t\t\t\t\t\t\t\t\t\t\t<\/div>\n\t\t\t\t<div class=\"elementor-element elementor-element-ddab927 elementor-widget elementor-widget-heading\" data-id=\"ddab927\" data-element_type=\"widget\" data-e-type=\"widget\" data-widget_type=\"heading.default\">\n\t\t\t\t\t<p class=\"elementor-heading-title elementor-size-default\">Dra. Paola V\u00e1squez Mar\u00edn<\/p>\t\t\t\t<\/div>\n\t\t\t\t<div class=\"elementor-element elementor-element-cc51665 elementor-widget elementor-widget-text-editor\" data-id=\"cc51665\" data-element_type=\"widget\" data-e-type=\"widget\" data-widget_type=\"text-editor.default\">\n\t\t\t\t\t\t\t\t\tM\u00e9dico Veterinario \u2013 Especialista en Oftalmolog\u00eda Cl\u00ednica y Quir\u00fargica Veterinaria\t\t\t\t\t\t\t\t<\/div>\n\t\t\t\t<\/div>\n\t\t\t\t<div class=\"elementor-element elementor-element-74fc959 e-con e-atomic-element e-div-block-base\" data-id=\"74fc959\" data-element_type=\"e-div-block\" data-e-type=\"e-div-block\" data-interaction-id=\"74fc959\" data-e-type=\"e-div-block\" data-id=\"74fc959\">\n\t\t\t\t<div class=\"elementor-element elementor-element-91b5e8f elementor-align-center elementor-widget__width-initial elementor-widget elementor-widget-button\" data-id=\"91b5e8f\" data-element_type=\"widget\" data-e-type=\"widget\" data-widget_type=\"button.default\">\n\t\t\t\t\t\t\t\t\t\t<a class=\"elementor-button elementor-button-link elementor-size-sm\" href=\"https:\/\/inev.cl\/?medico=dra-paola-vasquez-marin\">\n\t\t\t\t\t\t<span class=\"elementor-button-content-wrapper\">\n\t\t\t\t\t\t\t\t\t<span class=\"elementor-button-text\">Ver ficha<\/span>\n\t\t\t\t\t<\/span>\n\t\t\t\t\t<\/a>\n\t\t\t\t\t\t\t\t<\/div>\n\t\t\t\t<\/div>\n\t\t\t\t\t<\/div>\n\t\t\t\t<\/div>\n\t\t\t\t<\/div>\n\t\t\t\t<div data-elementor-type=\"loop-item\" data-elementor-id=\"447\" class=\"elementor elementor-447 e-loop-item e-loop-item-820 post-820 medico type-medico status-publish hentry\" data-elementor-post-type=\"elementor_library\" data-custom-edit-handle=\"1\">\n\t\t\t<div class=\"elementor-element elementor-element-c6146c5 e-flex e-con-boxed e-con e-parent\" data-id=\"c6146c5\" data-element_type=\"container\" data-e-type=\"container\">\n\t\t\t\t\t<div class=\"e-con-inner\">\n\t\t\t\t<div class=\"elementor-element elementor-element-f449857 e-con e-atomic-element e-div-block-base e-f449857-065a807\" data-id=\"f449857\" data-element_type=\"e-div-block\" data-e-type=\"e-div-block\" data-interaction-id=\"f449857\" data-e-type=\"e-div-block\" data-id=\"f449857\">\n\t\t\t\t<div class=\"elementor-element elementor-element-85db059 elementor-widget elementor-widget-image\" data-id=\"85db059\" data-element_type=\"widget\" data-e-type=\"widget\" data-widget_type=\"image.default\">\n\t\t\t\t\t\t\t\t\t\t\t\t\t\t\t<img loading=\"lazy\" decoding=\"async\" width=\"225\" height=\"300\" src=\"https:\/\/inev.cl\/wp-content\/uploads\/2026\/02\/paula-zamora-225x300.jpeg\" class=\"attachment-medium size-medium wp-image-191\" alt=\"\" srcset=\"https:\/\/inev.cl\/wp-content\/uploads\/2026\/02\/paula-zamora-225x300.jpeg 225w, https:\/\/inev.cl\/wp-content\/uploads\/2026\/02\/paula-zamora.jpeg 480w\" sizes=\"(max-width: 225px) 100vw, 225px\" \/>\t\t\t\t\t\t\t\t\t\t\t\t\t\t\t<\/div>\n\t\t\t\t<div class=\"elementor-element elementor-element-ddab927 elementor-widget elementor-widget-heading\" data-id=\"ddab927\" data-element_type=\"widget\" data-e-type=\"widget\" data-widget_type=\"heading.default\">\n\t\t\t\t\t<p class=\"elementor-heading-title elementor-size-default\">Dra. Paula Zamora Guti\u00e9rrez<\/p>\t\t\t\t<\/div>\n\t\t\t\t<div class=\"elementor-element elementor-element-cc51665 elementor-widget elementor-widget-text-editor\" data-id=\"cc51665\" data-element_type=\"widget\" data-e-type=\"widget\" data-widget_type=\"text-editor.default\">\n\t\t\t\t\t\t\t\t\tM\u00e9dico Veterinario \u2013 Especialista en Cirug\u00eda de Tejidos Blandos y Oncolog\u00eda Veterinario\t\t\t\t\t\t\t\t<\/div>\n\t\t\t\t<\/div>\n\t\t\t\t<div class=\"elementor-element elementor-element-74fc959 e-con e-atomic-element e-div-block-base\" data-id=\"74fc959\" data-element_type=\"e-div-block\" data-e-type=\"e-div-block\" data-interaction-id=\"74fc959\" data-e-type=\"e-div-block\" data-id=\"74fc959\">\n\t\t\t\t<div class=\"elementor-element elementor-element-91b5e8f elementor-align-center elementor-widget__width-initial elementor-widget elementor-widget-button\" data-id=\"91b5e8f\" data-element_type=\"widget\" data-e-type=\"widget\" data-widget_type=\"button.default\">\n\t\t\t\t\t\t\t\t\t\t<a class=\"elementor-button elementor-button-link elementor-size-sm\" href=\"https:\/\/inev.cl\/?medico=dra-paula-zamora-gutierrez\">\n\t\t\t\t\t\t<span class=\"elementor-button-content-wrapper\">\n\t\t\t\t\t\t\t\t\t<span class=\"elementor-button-text\">Ver ficha<\/span>\n\t\t\t\t\t<\/span>\n\t\t\t\t\t<\/a>\n\t\t\t\t\t\t\t\t<\/div>\n\t\t\t\t<\/div>\n\t\t\t\t\t<\/div>\n\t\t\t\t<\/div>\n\t\t\t\t<\/div>\n\t\t\t\t<div data-elementor-type=\"loop-item\" data-elementor-id=\"447\" class=\"elementor elementor-447 e-loop-item e-loop-item-821 post-821 medico type-medico status-publish hentry\" data-elementor-post-type=\"elementor_library\" data-custom-edit-handle=\"1\">\n\t\t\t<div class=\"elementor-element elementor-element-c6146c5 e-flex e-con-boxed e-con e-parent\" data-id=\"c6146c5\" data-element_type=\"container\" data-e-type=\"container\">\n\t\t\t\t\t<div class=\"e-con-inner\">\n\t\t\t\t<div class=\"elementor-element elementor-element-f449857 e-con e-atomic-element e-div-block-base e-f449857-065a807\" data-id=\"f449857\" data-element_type=\"e-div-block\" data-e-type=\"e-div-block\" data-interaction-id=\"f449857\" data-e-type=\"e-div-block\" data-id=\"f449857\">\n\t\t\t\t<div class=\"elementor-element elementor-element-85db059 elementor-widget elementor-widget-image\" data-id=\"85db059\" data-element_type=\"widget\" data-e-type=\"widget\" data-widget_type=\"image.default\">\n\t\t\t\t\t\t\t\t\t\t\t\t\t\t\t<img loading=\"lazy\" decoding=\"async\" width=\"225\" height=\"300\" src=\"https:\/\/inev.cl\/wp-content\/uploads\/2026\/02\/danny-mendez-225x300.jpeg\" class=\"attachment-medium size-medium wp-image-161\" alt=\"\" srcset=\"https:\/\/inev.cl\/wp-content\/uploads\/2026\/02\/danny-mendez-225x300.jpeg 225w, https:\/\/inev.cl\/wp-content\/uploads\/2026\/02\/danny-mendez.jpeg 480w\" sizes=\"(max-width: 225px) 100vw, 225px\" \/>\t\t\t\t\t\t\t\t\t\t\t\t\t\t\t<\/div>\n\t\t\t\t<div class=\"elementor-element elementor-element-ddab927 elementor-widget elementor-widget-heading\" data-id=\"ddab927\" data-element_type=\"widget\" data-e-type=\"widget\" data-widget_type=\"heading.default\">\n\t\t\t\t\t<p class=\"elementor-heading-title elementor-size-default\">Dra. Danny M\u00e9ndez Maldonado<\/p>\t\t\t\t<\/div>\n\t\t\t\t<div class=\"elementor-element elementor-element-cc51665 elementor-widget elementor-widget-text-editor\" data-id=\"cc51665\" data-element_type=\"widget\" data-e-type=\"widget\" data-widget_type=\"text-editor.default\">\n\t\t\t\t\t\t\t\t\tM\u00e9dico Veterinario \u2013 Especialista en Gastroenterolog\u00eda y Endoscop\u00eda Veterinaria\t\t\t\t\t\t\t\t<\/div>\n\t\t\t\t<\/div>\n\t\t\t\t<div class=\"elementor-element elementor-element-74fc959 e-con e-atomic-element e-div-block-base\" data-id=\"74fc959\" data-element_type=\"e-div-block\" data-e-type=\"e-div-block\" data-interaction-id=\"74fc959\" data-e-type=\"e-div-block\" data-id=\"74fc959\">\n\t\t\t\t<div class=\"elementor-element elementor-element-91b5e8f elementor-align-center elementor-widget__width-initial elementor-widget elementor-widget-button\" data-id=\"91b5e8f\" data-element_type=\"widget\" data-e-type=\"widget\" data-widget_type=\"button.default\">\n\t\t\t\t\t\t\t\t\t\t<a class=\"elementor-button elementor-button-link elementor-size-sm\" href=\"https:\/\/inev.cl\/?medico=dra-danny-mendez-maldonado\">\n\t\t\t\t\t\t<span class=\"elementor-button-content-wrapper\">\n\t\t\t\t\t\t\t\t\t<span class=\"elementor-button-text\">Ver ficha<\/span>\n\t\t\t\t\t<\/span>\n\t\t\t\t\t<\/a>\n\t\t\t\t\t\t\t\t<\/div>\n\t\t\t\t<\/div>\n\t\t\t\t\t<\/div>\n\t\t\t\t<\/div>\n\t\t\t\t<\/div>\n\t\t\t\t<div data-elementor-type=\"loop-item\" data-elementor-id=\"447\" class=\"elementor elementor-447 e-loop-item e-loop-item-822 post-822 medico type-medico status-publish hentry\" data-elementor-post-type=\"elementor_library\" data-custom-edit-handle=\"1\">\n\t\t\t<div class=\"elementor-element elementor-element-c6146c5 e-flex e-con-boxed e-con e-parent\" data-id=\"c6146c5\" data-element_type=\"container\" data-e-type=\"container\">\n\t\t\t\t\t<div class=\"e-con-inner\">\n\t\t\t\t<div class=\"elementor-element elementor-element-f449857 e-con e-atomic-element e-div-block-base e-f449857-065a807\" data-id=\"f449857\" data-element_type=\"e-div-block\" data-e-type=\"e-div-block\" data-interaction-id=\"f449857\" data-e-type=\"e-div-block\" data-id=\"f449857\">\n\t\t\t\t<div class=\"elementor-element elementor-element-85db059 elementor-widget elementor-widget-image\" data-id=\"85db059\" data-element_type=\"widget\" data-e-type=\"widget\" data-widget_type=\"image.default\">\n\t\t\t\t\t\t\t\t\t\t\t\t\t\t\t<img loading=\"lazy\" decoding=\"async\" width=\"219\" height=\"300\" src=\"https:\/\/inev.cl\/wp-content\/uploads\/2026\/03\/Gemini_Generated_Image_njj78bnjj78bnjj7-219x300.png\" class=\"attachment-medium size-medium wp-image-1308\" alt=\"\" srcset=\"https:\/\/inev.cl\/wp-content\/uploads\/2026\/03\/Gemini_Generated_Image_njj78bnjj78bnjj7-219x300.png 219w, https:\/\/inev.cl\/wp-content\/uploads\/2026\/03\/Gemini_Generated_Image_njj78bnjj78bnjj7-747x1024.png 747w, https:\/\/inev.cl\/wp-content\/uploads\/2026\/03\/Gemini_Generated_Image_njj78bnjj78bnjj7-768x1053.png 768w, https:\/\/inev.cl\/wp-content\/uploads\/2026\/03\/Gemini_Generated_Image_njj78bnjj78bnjj7-1121x1536.png 1121w, https:\/\/inev.cl\/wp-content\/uploads\/2026\/03\/Gemini_Generated_Image_njj78bnjj78bnjj7-1494x2048.png 1494w, https:\/\/inev.cl\/wp-content\/uploads\/2026\/03\/Gemini_Generated_Image_njj78bnjj78bnjj7.png 1760w\" sizes=\"(max-width: 219px) 100vw, 219px\" \/>\t\t\t\t\t\t\t\t\t\t\t\t\t\t\t<\/div>\n\t\t\t\t<div class=\"elementor-element elementor-element-ddab927 elementor-widget elementor-widget-heading\" data-id=\"ddab927\" data-element_type=\"widget\" data-e-type=\"widget\" data-widget_type=\"heading.default\">\n\t\t\t\t\t<p class=\"elementor-heading-title elementor-size-default\">Dr. Gabriel Paredes C\u00e1rdenas<\/p>\t\t\t\t<\/div>\n\t\t\t\t<div class=\"elementor-element elementor-element-cc51665 elementor-widget elementor-widget-text-editor\" data-id=\"cc51665\" data-element_type=\"widget\" data-e-type=\"widget\" data-widget_type=\"text-editor.default\">\n\t\t\t\t\t\t\t\t\tM\u00e9dico Veterinario \u2013 Especialista en Odontolog\u00eda y Cirug\u00eda Maxilofacial\t\t\t\t\t\t\t\t<\/div>\n\t\t\t\t<\/div>\n\t\t\t\t<div class=\"elementor-element elementor-element-74fc959 e-con e-atomic-element e-div-block-base\" data-id=\"74fc959\" data-element_type=\"e-div-block\" data-e-type=\"e-div-block\" data-interaction-id=\"74fc959\" data-e-type=\"e-div-block\" data-id=\"74fc959\">\n\t\t\t\t<div class=\"elementor-element elementor-element-91b5e8f elementor-align-center elementor-widget__width-initial elementor-widget elementor-widget-button\" data-id=\"91b5e8f\" data-element_type=\"widget\" data-e-type=\"widget\" data-widget_type=\"button.default\">\n\t\t\t\t\t\t\t\t\t\t<a class=\"elementor-button elementor-button-link elementor-size-sm\" href=\"https:\/\/inev.cl\/?medico=dr-gabriel-paredes-cardenas\">\n\t\t\t\t\t\t<span class=\"elementor-button-content-wrapper\">\n\t\t\t\t\t\t\t\t\t<span class=\"elementor-button-text\">Ver ficha<\/span>\n\t\t\t\t\t<\/span>\n\t\t\t\t\t<\/a>\n\t\t\t\t\t\t\t\t<\/div>\n\t\t\t\t<\/div>\n\t\t\t\t\t<\/div>\n\t\t\t\t<\/div>\n\t\t\t\t<\/div>\n\t\t\t\t<div data-elementor-type=\"loop-item\" data-elementor-id=\"447\" class=\"elementor elementor-447 e-loop-item e-loop-item-823 post-823 medico type-medico status-publish hentry\" data-elementor-post-type=\"elementor_library\" data-custom-edit-handle=\"1\">\n\t\t\t<div class=\"elementor-element elementor-element-c6146c5 e-flex e-con-boxed e-con e-parent\" data-id=\"c6146c5\" data-element_type=\"container\" data-e-type=\"container\">\n\t\t\t\t\t<div class=\"e-con-inner\">\n\t\t\t\t<div class=\"elementor-element elementor-element-f449857 e-con e-atomic-element e-div-block-base e-f449857-065a807\" data-id=\"f449857\" data-element_type=\"e-div-block\" data-e-type=\"e-div-block\" data-interaction-id=\"f449857\" data-e-type=\"e-div-block\" data-id=\"f449857\">\n\t\t\t\t<div class=\"elementor-element elementor-element-85db059 elementor-widget elementor-widget-image\" data-id=\"85db059\" data-element_type=\"widget\" data-e-type=\"widget\" data-widget_type=\"image.default\">\n\t\t\t\t\t\t\t\t\t\t\t\t\t\t\t<img loading=\"lazy\" decoding=\"async\" width=\"246\" height=\"300\" src=\"https:\/\/inev.cl\/wp-content\/uploads\/2026\/02\/tamara-anrique-246x300.jpeg\" class=\"attachment-medium size-medium wp-image-193\" alt=\"\" srcset=\"https:\/\/inev.cl\/wp-content\/uploads\/2026\/02\/tamara-anrique-246x300.jpeg 246w, https:\/\/inev.cl\/wp-content\/uploads\/2026\/02\/tamara-anrique.jpeg 525w\" sizes=\"(max-width: 246px) 100vw, 246px\" \/>\t\t\t\t\t\t\t\t\t\t\t\t\t\t\t<\/div>\n\t\t\t\t<div class=\"elementor-element elementor-element-ddab927 elementor-widget elementor-widget-heading\" data-id=\"ddab927\" data-element_type=\"widget\" data-e-type=\"widget\" data-widget_type=\"heading.default\">\n\t\t\t\t\t<p class=\"elementor-heading-title elementor-size-default\">Dra. Tamara Millaray Anrique Sierra<\/p>\t\t\t\t<\/div>\n\t\t\t\t<div class=\"elementor-element elementor-element-cc51665 elementor-widget elementor-widget-text-editor\" data-id=\"cc51665\" data-element_type=\"widget\" data-e-type=\"widget\" data-widget_type=\"text-editor.default\">\n\t\t\t\t\t\t\t\t\tM\u00e9dico Veterinario \u2013 Especialista en Medicina Intensiva y Cuidados Cr\u00edticos Jefa Unidad de Hospital\t\t\t\t\t\t\t\t<\/div>\n\t\t\t\t<\/div>\n\t\t\t\t<div class=\"elementor-element elementor-element-74fc959 e-con e-atomic-element e-div-block-base\" data-id=\"74fc959\" data-element_type=\"e-div-block\" data-e-type=\"e-div-block\" data-interaction-id=\"74fc959\" data-e-type=\"e-div-block\" data-id=\"74fc959\">\n\t\t\t\t<div class=\"elementor-element elementor-element-91b5e8f elementor-align-center elementor-widget__width-initial elementor-widget elementor-widget-button\" data-id=\"91b5e8f\" data-element_type=\"widget\" data-e-type=\"widget\" data-widget_type=\"button.default\">\n\t\t\t\t\t\t\t\t\t\t<a class=\"elementor-button elementor-button-link elementor-size-sm\" href=\"https:\/\/inev.cl\/?medico=dra-tamara-millaray-anrique-sierra\">\n\t\t\t\t\t\t<span class=\"elementor-button-content-wrapper\">\n\t\t\t\t\t\t\t\t\t<span class=\"elementor-button-text\">Ver ficha<\/span>\n\t\t\t\t\t<\/span>\n\t\t\t\t\t<\/a>\n\t\t\t\t\t\t\t\t<\/div>\n\t\t\t\t<\/div>\n\t\t\t\t\t<\/div>\n\t\t\t\t<\/div>\n\t\t\t\t<\/div>\n\t\t\t\t<div data-elementor-type=\"loop-item\" data-elementor-id=\"447\" class=\"elementor elementor-447 e-loop-item e-loop-item-312 post-312 medico type-medico status-publish hentry\" data-elementor-post-type=\"elementor_library\" data-custom-edit-handle=\"1\">\n\t\t\t<div class=\"elementor-element elementor-element-c6146c5 e-flex e-con-boxed e-con e-parent\" data-id=\"c6146c5\" data-element_type=\"container\" data-e-type=\"container\">\n\t\t\t\t\t<div class=\"e-con-inner\">\n\t\t\t\t<div class=\"elementor-element elementor-element-f449857 e-con e-atomic-element e-div-block-base e-f449857-065a807\" data-id=\"f449857\" data-element_type=\"e-div-block\" data-e-type=\"e-div-block\" data-interaction-id=\"f449857\" data-e-type=\"e-div-block\" data-id=\"f449857\">\n\t\t\t\t<div class=\"elementor-element elementor-element-85db059 elementor-widget elementor-widget-image\" data-id=\"85db059\" data-element_type=\"widget\" data-e-type=\"widget\" data-widget_type=\"image.default\">\n\t\t\t\t\t\t\t\t\t\t\t\t\t\t\t<img loading=\"lazy\" decoding=\"async\" width=\"219\" height=\"300\" src=\"https:\/\/inev.cl\/wp-content\/uploads\/2026\/02\/mirentxu-haristoy-219x300.jpeg\" class=\"attachment-medium size-medium wp-image-186\" alt=\"\" srcset=\"https:\/\/inev.cl\/wp-content\/uploads\/2026\/02\/mirentxu-haristoy-219x300.jpeg 219w, https:\/\/inev.cl\/wp-content\/uploads\/2026\/02\/mirentxu-haristoy.jpeg 467w\" sizes=\"(max-width: 219px) 100vw, 219px\" \/>\t\t\t\t\t\t\t\t\t\t\t\t\t\t\t<\/div>\n\t\t\t\t<div class=\"elementor-element elementor-element-ddab927 elementor-widget elementor-widget-heading\" data-id=\"ddab927\" data-element_type=\"widget\" data-e-type=\"widget\" data-widget_type=\"heading.default\">\n\t\t\t\t\t<p class=\"elementor-heading-title elementor-size-default\">Dra. Miretxu Haristoy<\/p>\t\t\t\t<\/div>\n\t\t\t\t<div class=\"elementor-element elementor-element-cc51665 elementor-widget elementor-widget-text-editor\" data-id=\"cc51665\" data-element_type=\"widget\" data-e-type=\"widget\" data-widget_type=\"text-editor.default\">\n\t\t\t\t\t\t\t\t\tM\u00e9dico Veterinario \u2014 Imagenolog\u00eda y Diagnostico Avanzada\t\t\t\t\t\t\t\t<\/div>\n\t\t\t\t<\/div>\n\t\t\t\t<div class=\"elementor-element elementor-element-74fc959 e-con e-atomic-element e-div-block-base\" data-id=\"74fc959\" data-element_type=\"e-div-block\" data-e-type=\"e-div-block\" data-interaction-id=\"74fc959\" data-e-type=\"e-div-block\" data-id=\"74fc959\">\n\t\t\t\t<div class=\"elementor-element elementor-element-91b5e8f elementor-align-center elementor-widget__width-initial elementor-widget elementor-widget-button\" data-id=\"91b5e8f\" data-element_type=\"widget\" data-e-type=\"widget\" data-widget_type=\"button.default\">\n\t\t\t\t\t\t\t\t\t\t<a class=\"elementor-button elementor-button-link elementor-size-sm\" href=\"https:\/\/inev.cl\/?medico=dra-mirentxu-abeline-haristoy-lagos\">\n\t\t\t\t\t\t<span class=\"elementor-button-content-wrapper\">\n\t\t\t\t\t\t\t\t\t<span class=\"elementor-button-text\">Ver ficha<\/span>\n\t\t\t\t\t<\/span>\n\t\t\t\t\t<\/a>\n\t\t\t\t\t\t\t\t<\/div>\n\t\t\t\t<\/div>\n\t\t\t\t\t<\/div>\n\t\t\t\t<\/div>\n\t\t\t\t<\/div>\n\t\t\t\t<div data-elementor-type=\"loop-item\" data-elementor-id=\"447\" class=\"elementor elementor-447 e-loop-item e-loop-item-825 post-825 medico type-medico status-publish hentry\" data-elementor-post-type=\"elementor_library\" data-custom-edit-handle=\"1\">\n\t\t\t<div class=\"elementor-element elementor-element-c6146c5 e-flex e-con-boxed e-con e-parent\" data-id=\"c6146c5\" data-element_type=\"container\" data-e-type=\"container\">\n\t\t\t\t\t<div class=\"e-con-inner\">\n\t\t\t\t<div class=\"elementor-element elementor-element-f449857 e-con e-atomic-element e-div-block-base e-f449857-065a807\" data-id=\"f449857\" data-element_type=\"e-div-block\" data-e-type=\"e-div-block\" data-interaction-id=\"f449857\" data-e-type=\"e-div-block\" data-id=\"f449857\">\n\t\t\t\t<div class=\"elementor-element elementor-element-85db059 elementor-widget elementor-widget-image\" data-id=\"85db059\" data-element_type=\"widget\" data-e-type=\"widget\" data-widget_type=\"image.default\">\n\t\t\t\t\t\t\t\t\t\t\t\t\t\t\t<img loading=\"lazy\" decoding=\"async\" width=\"225\" height=\"300\" src=\"https:\/\/inev.cl\/wp-content\/uploads\/2026\/02\/patricio-beiza-225x300.jpeg\" class=\"attachment-medium size-medium wp-image-189\" alt=\"\" srcset=\"https:\/\/inev.cl\/wp-content\/uploads\/2026\/02\/patricio-beiza-225x300.jpeg 225w, https:\/\/inev.cl\/wp-content\/uploads\/2026\/02\/patricio-beiza.jpeg 480w\" sizes=\"(max-width: 225px) 100vw, 225px\" \/>\t\t\t\t\t\t\t\t\t\t\t\t\t\t\t<\/div>\n\t\t\t\t<div class=\"elementor-element elementor-element-ddab927 elementor-widget elementor-widget-heading\" data-id=\"ddab927\" data-element_type=\"widget\" data-e-type=\"widget\" data-widget_type=\"heading.default\">\n\t\t\t\t\t<p class=\"elementor-heading-title elementor-size-default\">Dr. Patricio Javier Beiza Aguilera<\/p>\t\t\t\t<\/div>\n\t\t\t\t<div class=\"elementor-element elementor-element-cc51665 elementor-widget elementor-widget-text-editor\" data-id=\"cc51665\" data-element_type=\"widget\" data-e-type=\"widget\" data-widget_type=\"text-editor.default\">\n\t\t\t\t\t\t\t\t\tM\u00e9dico Veterinario \u2013 Especialista en Anestesiolog\u00eda\t\t\t\t\t\t\t\t<\/div>\n\t\t\t\t<\/div>\n\t\t\t\t<div class=\"elementor-element elementor-element-74fc959 e-con e-atomic-element e-div-block-base\" data-id=\"74fc959\" data-element_type=\"e-div-block\" data-e-type=\"e-div-block\" data-interaction-id=\"74fc959\" data-e-type=\"e-div-block\" data-id=\"74fc959\">\n\t\t\t\t<div class=\"elementor-element elementor-element-91b5e8f elementor-align-center elementor-widget__width-initial elementor-widget elementor-widget-button\" data-id=\"91b5e8f\" data-element_type=\"widget\" data-e-type=\"widget\" data-widget_type=\"button.default\">\n\t\t\t\t\t\t\t\t\t\t<a class=\"elementor-button elementor-button-link elementor-size-sm\" href=\"https:\/\/inev.cl\/?medico=dr-patricio-javier-beiza-aguilera\">\n\t\t\t\t\t\t<span class=\"elementor-button-content-wrapper\">\n\t\t\t\t\t\t\t\t\t<span class=\"elementor-button-text\">Ver ficha<\/span>\n\t\t\t\t\t<\/span>\n\t\t\t\t\t<\/a>\n\t\t\t\t\t\t\t\t<\/div>\n\t\t\t\t<\/div>\n\t\t\t\t\t<\/div>\n\t\t\t\t<\/div>\n\t\t\t\t<\/div>\n\t\t\t\t<div data-elementor-type=\"loop-item\" data-elementor-id=\"447\" class=\"elementor elementor-447 e-loop-item e-loop-item-314 post-314 medico type-medico status-publish hentry\" data-elementor-post-type=\"elementor_library\" data-custom-edit-handle=\"1\">\n\t\t\t<div class=\"elementor-element elementor-element-c6146c5 e-flex e-con-boxed e-con e-parent\" data-id=\"c6146c5\" data-element_type=\"container\" data-e-type=\"container\">\n\t\t\t\t\t<div class=\"e-con-inner\">\n\t\t\t\t<div class=\"elementor-element elementor-element-f449857 e-con e-atomic-element e-div-block-base e-f449857-065a807\" data-id=\"f449857\" data-element_type=\"e-div-block\" data-e-type=\"e-div-block\" data-interaction-id=\"f449857\" data-e-type=\"e-div-block\" data-id=\"f449857\">\n\t\t\t\t<div class=\"elementor-element elementor-element-85db059 elementor-widget elementor-widget-image\" data-id=\"85db059\" data-element_type=\"widget\" data-e-type=\"widget\" data-widget_type=\"image.default\">\n\t\t\t\t\t\t\t\t\t\t\t\t\t\t\t<img loading=\"lazy\" decoding=\"async\" width=\"225\" height=\"300\" src=\"https:\/\/inev.cl\/wp-content\/uploads\/2026\/02\/juan-lopez-225x300.jpeg\" class=\"attachment-medium size-medium wp-image-176\" alt=\"\" srcset=\"https:\/\/inev.cl\/wp-content\/uploads\/2026\/02\/juan-lopez-225x300.jpeg 225w, https:\/\/inev.cl\/wp-content\/uploads\/2026\/02\/juan-lopez.jpeg 480w\" sizes=\"(max-width: 225px) 100vw, 225px\" \/>\t\t\t\t\t\t\t\t\t\t\t\t\t\t\t<\/div>\n\t\t\t\t<div class=\"elementor-element elementor-element-ddab927 elementor-widget elementor-widget-heading\" data-id=\"ddab927\" data-element_type=\"widget\" data-e-type=\"widget\" data-widget_type=\"heading.default\">\n\t\t\t\t\t<p class=\"elementor-heading-title elementor-size-default\">Dr. Juan Carlos L\u00f3pez Ballesteros<\/p>\t\t\t\t<\/div>\n\t\t\t\t<div class=\"elementor-element elementor-element-cc51665 elementor-widget elementor-widget-text-editor\" data-id=\"cc51665\" data-element_type=\"widget\" data-e-type=\"widget\" data-widget_type=\"text-editor.default\">\n\t\t\t\t\t\t\t\t\tM\u00e9dico Veterinario \u2014 Especialista en Neurolog\u00eda y Neurocirug\u00eda Veterinaria\t\t\t\t\t\t\t\t<\/div>\n\t\t\t\t<\/div>\n\t\t\t\t<div class=\"elementor-element elementor-element-74fc959 e-con e-atomic-element e-div-block-base\" data-id=\"74fc959\" data-element_type=\"e-div-block\" data-e-type=\"e-div-block\" data-interaction-id=\"74fc959\" data-e-type=\"e-div-block\" data-id=\"74fc959\">\n\t\t\t\t<div class=\"elementor-element elementor-element-91b5e8f elementor-align-center elementor-widget__width-initial elementor-widget elementor-widget-button\" data-id=\"91b5e8f\" data-element_type=\"widget\" data-e-type=\"widget\" data-widget_type=\"button.default\">\n\t\t\t\t\t\t\t\t\t\t<a class=\"elementor-button elementor-button-link elementor-size-sm\" href=\"https:\/\/inev.cl\/?medico=dr-juan-carlos-lopez-ballesteros\">\n\t\t\t\t\t\t<span class=\"elementor-button-content-wrapper\">\n\t\t\t\t\t\t\t\t\t<span class=\"elementor-button-text\">Ver ficha<\/span>\n\t\t\t\t\t<\/span>\n\t\t\t\t\t<\/a>\n\t\t\t\t\t\t\t\t<\/div>\n\t\t\t\t<\/div>\n\t\t\t\t\t<\/div>\n\t\t\t\t<\/div>\n\t\t\t\t<\/div>\n\t\t\t\t<div data-elementor-type=\"loop-item\" data-elementor-id=\"447\" class=\"elementor elementor-447 e-loop-item e-loop-item-826 post-826 medico type-medico status-publish hentry\" data-elementor-post-type=\"elementor_library\" data-custom-edit-handle=\"1\">\n\t\t\t<div class=\"elementor-element elementor-element-c6146c5 e-flex e-con-boxed e-con e-parent\" data-id=\"c6146c5\" data-element_type=\"container\" data-e-type=\"container\">\n\t\t\t\t\t<div class=\"e-con-inner\">\n\t\t\t\t<div class=\"elementor-element elementor-element-f449857 e-con e-atomic-element e-div-block-base e-f449857-065a807\" data-id=\"f449857\" data-element_type=\"e-div-block\" data-e-type=\"e-div-block\" data-interaction-id=\"f449857\" data-e-type=\"e-div-block\" data-id=\"f449857\">\n\t\t\t\t<div class=\"elementor-element elementor-element-85db059 elementor-widget elementor-widget-image\" data-id=\"85db059\" data-element_type=\"widget\" data-e-type=\"widget\" data-widget_type=\"image.default\">\n\t\t\t\t\t\t\t\t\t\t\t\t\t\t\t<img loading=\"lazy\" decoding=\"async\" width=\"200\" height=\"300\" src=\"https:\/\/inev.cl\/wp-content\/uploads\/2026\/02\/macarena-medina-200x300.jpeg\" class=\"attachment-medium size-medium wp-image-179\" alt=\"\" srcset=\"https:\/\/inev.cl\/wp-content\/uploads\/2026\/02\/macarena-medina-200x300.jpeg 200w, https:\/\/inev.cl\/wp-content\/uploads\/2026\/02\/macarena-medina.jpeg 427w\" sizes=\"(max-width: 200px) 100vw, 200px\" \/>\t\t\t\t\t\t\t\t\t\t\t\t\t\t\t<\/div>\n\t\t\t\t<div class=\"elementor-element elementor-element-ddab927 elementor-widget elementor-widget-heading\" data-id=\"ddab927\" data-element_type=\"widget\" data-e-type=\"widget\" data-widget_type=\"heading.default\">\n\t\t\t\t\t<p class=\"elementor-heading-title elementor-size-default\">Dra. Macarena Medina Fontana<\/p>\t\t\t\t<\/div>\n\t\t\t\t<div class=\"elementor-element elementor-element-cc51665 elementor-widget elementor-widget-text-editor\" data-id=\"cc51665\" data-element_type=\"widget\" data-e-type=\"widget\" data-widget_type=\"text-editor.default\">\n\t\t\t\t\t\t\t\t\tM\u00e9dico Veterinaria \u2013 Especialista en Oncolog\u00eda\t\t\t\t\t\t\t\t<\/div>\n\t\t\t\t<\/div>\n\t\t\t\t<div class=\"elementor-element elementor-element-74fc959 e-con e-atomic-element e-div-block-base\" data-id=\"74fc959\" data-element_type=\"e-div-block\" data-e-type=\"e-div-block\" data-interaction-id=\"74fc959\" data-e-type=\"e-div-block\" data-id=\"74fc959\">\n\t\t\t\t<div class=\"elementor-element elementor-element-91b5e8f elementor-align-center elementor-widget__width-initial elementor-widget elementor-widget-button\" data-id=\"91b5e8f\" data-element_type=\"widget\" data-e-type=\"widget\" data-widget_type=\"button.default\">\n\t\t\t\t\t\t\t\t\t\t<a class=\"elementor-button elementor-button-link elementor-size-sm\" href=\"https:\/\/inev.cl\/?medico=dra-macarena-medina-fontana\">\n\t\t\t\t\t\t<span class=\"elementor-button-content-wrapper\">\n\t\t\t\t\t\t\t\t\t<span class=\"elementor-button-text\">Ver ficha<\/span>\n\t\t\t\t\t<\/span>\n\t\t\t\t\t<\/a>\n\t\t\t\t\t\t\t\t<\/div>\n\t\t\t\t<\/div>\n\t\t\t\t\t<\/div>\n\t\t\t\t<\/div>\n\t\t\t\t<\/div>\n\t\t\t\t<div data-elementor-type=\"loop-item\" data-elementor-id=\"447\" class=\"elementor elementor-447 e-loop-item e-loop-item-827 post-827 medico type-medico status-publish hentry\" data-elementor-post-type=\"elementor_library\" data-custom-edit-handle=\"1\">\n\t\t\t<div class=\"elementor-element elementor-element-c6146c5 e-flex e-con-boxed e-con e-parent\" data-id=\"c6146c5\" data-element_type=\"container\" data-e-type=\"container\">\n\t\t\t\t\t<div class=\"e-con-inner\">\n\t\t\t\t<div class=\"elementor-element elementor-element-f449857 e-con e-atomic-element e-div-block-base e-f449857-065a807\" data-id=\"f449857\" data-element_type=\"e-div-block\" data-e-type=\"e-div-block\" data-interaction-id=\"f449857\" data-e-type=\"e-div-block\" data-id=\"f449857\">\n\t\t\t\t<div class=\"elementor-element elementor-element-85db059 elementor-widget elementor-widget-image\" data-id=\"85db059\" data-element_type=\"widget\" data-e-type=\"widget\" data-widget_type=\"image.default\">\n\t\t\t\t\t\t\t\t\t\t\t\t\t\t\t<img loading=\"lazy\" decoding=\"async\" width=\"225\" height=\"300\" src=\"https:\/\/inev.cl\/wp-content\/uploads\/2026\/02\/fernando-piffardi-225x300.jpeg\" class=\"attachment-medium size-medium wp-image-167\" alt=\"\" srcset=\"https:\/\/inev.cl\/wp-content\/uploads\/2026\/02\/fernando-piffardi-225x300.jpeg 225w, https:\/\/inev.cl\/wp-content\/uploads\/2026\/02\/fernando-piffardi.jpeg 480w\" sizes=\"(max-width: 225px) 100vw, 225px\" \/>\t\t\t\t\t\t\t\t\t\t\t\t\t\t\t<\/div>\n\t\t\t\t<div class=\"elementor-element elementor-element-ddab927 elementor-widget elementor-widget-heading\" data-id=\"ddab927\" data-element_type=\"widget\" data-e-type=\"widget\" data-widget_type=\"heading.default\">\n\t\t\t\t\t<p class=\"elementor-heading-title elementor-size-default\">Dr. Fernando Javier Piffardi Neira<\/p>\t\t\t\t<\/div>\n\t\t\t\t<div class=\"elementor-element elementor-element-cc51665 elementor-widget elementor-widget-text-editor\" data-id=\"cc51665\" data-element_type=\"widget\" data-e-type=\"widget\" data-widget_type=\"text-editor.default\">\n\t\t\t\t\t\t\t\t\tM\u00e9dico Veterinario \u2013 Especialista en Anestesiolog\u00eda\t\t\t\t\t\t\t\t<\/div>\n\t\t\t\t<\/div>\n\t\t\t\t<div class=\"elementor-element elementor-element-74fc959 e-con e-atomic-element e-div-block-base\" data-id=\"74fc959\" data-element_type=\"e-div-block\" data-e-type=\"e-div-block\" data-interaction-id=\"74fc959\" data-e-type=\"e-div-block\" data-id=\"74fc959\">\n\t\t\t\t<div class=\"elementor-element elementor-element-91b5e8f elementor-align-center elementor-widget__width-initial elementor-widget elementor-widget-button\" data-id=\"91b5e8f\" data-element_type=\"widget\" data-e-type=\"widget\" data-widget_type=\"button.default\">\n\t\t\t\t\t\t\t\t\t\t<a class=\"elementor-button elementor-button-link elementor-size-sm\" href=\"https:\/\/inev.cl\/?medico=dr-fernando-javier-piffardi-neira\">\n\t\t\t\t\t\t<span class=\"elementor-button-content-wrapper\">\n\t\t\t\t\t\t\t\t\t<span class=\"elementor-button-text\">Ver ficha<\/span>\n\t\t\t\t\t<\/span>\n\t\t\t\t\t<\/a>\n\t\t\t\t\t\t\t\t<\/div>\n\t\t\t\t<\/div>\n\t\t\t\t\t<\/div>\n\t\t\t\t<\/div>\n\t\t\t\t<\/div>\n\t\t\t\t<div data-elementor-type=\"loop-item\" data-elementor-id=\"447\" class=\"elementor elementor-447 e-loop-item e-loop-item-316 post-316 medico type-medico status-publish hentry\" data-elementor-post-type=\"elementor_library\" data-custom-edit-handle=\"1\">\n\t\t\t<div class=\"elementor-element elementor-element-c6146c5 e-flex e-con-boxed e-con e-parent\" data-id=\"c6146c5\" data-element_type=\"container\" data-e-type=\"container\">\n\t\t\t\t\t<div class=\"e-con-inner\">\n\t\t\t\t<div class=\"elementor-element elementor-element-f449857 e-con e-atomic-element e-div-block-base e-f449857-065a807\" data-id=\"f449857\" data-element_type=\"e-div-block\" data-e-type=\"e-div-block\" data-interaction-id=\"f449857\" data-e-type=\"e-div-block\" data-id=\"f449857\">\n\t\t\t\t<div class=\"elementor-element elementor-element-85db059 elementor-widget elementor-widget-image\" data-id=\"85db059\" data-element_type=\"widget\" data-e-type=\"widget\" data-widget_type=\"image.default\">\n\t\t\t\t\t\t\t\t\t\t\t\t\t\t\t<img loading=\"lazy\" decoding=\"async\" width=\"225\" height=\"300\" src=\"https:\/\/inev.cl\/wp-content\/uploads\/2026\/02\/juan-salas-225x300.jpeg\" class=\"attachment-medium size-medium wp-image-177\" alt=\"\" srcset=\"https:\/\/inev.cl\/wp-content\/uploads\/2026\/02\/juan-salas-225x300.jpeg 225w, https:\/\/inev.cl\/wp-content\/uploads\/2026\/02\/juan-salas.jpeg 480w\" sizes=\"(max-width: 225px) 100vw, 225px\" \/>\t\t\t\t\t\t\t\t\t\t\t\t\t\t\t<\/div>\n\t\t\t\t<div class=\"elementor-element elementor-element-ddab927 elementor-widget elementor-widget-heading\" data-id=\"ddab927\" data-element_type=\"widget\" data-e-type=\"widget\" data-widget_type=\"heading.default\">\n\t\t\t\t\t<p class=\"elementor-heading-title elementor-size-default\">Dr. Juan Salas \u00c1vila<\/p>\t\t\t\t<\/div>\n\t\t\t\t<div class=\"elementor-element elementor-element-cc51665 elementor-widget elementor-widget-text-editor\" data-id=\"cc51665\" data-element_type=\"widget\" data-e-type=\"widget\" data-widget_type=\"text-editor.default\">\n\t\t\t\t\t\t\t\t\tM\u00e9dico Veterinario \u2014 Especialista en Cirug\u00eda de Tejidos Blandos y Medicina General Jefe Unidad de Cirug\u00eda\t\t\t\t\t\t\t\t<\/div>\n\t\t\t\t<\/div>\n\t\t\t\t<div class=\"elementor-element elementor-element-74fc959 e-con e-atomic-element e-div-block-base\" data-id=\"74fc959\" data-element_type=\"e-div-block\" data-e-type=\"e-div-block\" data-interaction-id=\"74fc959\" data-e-type=\"e-div-block\" data-id=\"74fc959\">\n\t\t\t\t<div class=\"elementor-element elementor-element-91b5e8f elementor-align-center elementor-widget__width-initial elementor-widget elementor-widget-button\" data-id=\"91b5e8f\" data-element_type=\"widget\" data-e-type=\"widget\" data-widget_type=\"button.default\">\n\t\t\t\t\t\t\t\t\t\t<a class=\"elementor-button elementor-button-link elementor-size-sm\" href=\"https:\/\/inev.cl\/?medico=dr-juan-salas-avila\">\n\t\t\t\t\t\t<span class=\"elementor-button-content-wrapper\">\n\t\t\t\t\t\t\t\t\t<span class=\"elementor-button-text\">Ver ficha<\/span>\n\t\t\t\t\t<\/span>\n\t\t\t\t\t<\/a>\n\t\t\t\t\t\t\t\t<\/div>\n\t\t\t\t<\/div>\n\t\t\t\t\t<\/div>\n\t\t\t\t<\/div>\n\t\t\t\t<\/div>\n\t\t\t\t<div data-elementor-type=\"loop-item\" data-elementor-id=\"447\" class=\"elementor elementor-447 e-loop-item e-loop-item-828 post-828 medico type-medico status-publish hentry\" data-elementor-post-type=\"elementor_library\" data-custom-edit-handle=\"1\">\n\t\t\t<div class=\"elementor-element elementor-element-c6146c5 e-flex e-con-boxed e-con e-parent\" data-id=\"c6146c5\" data-element_type=\"container\" data-e-type=\"container\">\n\t\t\t\t\t<div class=\"e-con-inner\">\n\t\t\t\t<div class=\"elementor-element elementor-element-f449857 e-con e-atomic-element e-div-block-base e-f449857-065a807\" data-id=\"f449857\" data-element_type=\"e-div-block\" data-e-type=\"e-div-block\" data-interaction-id=\"f449857\" data-e-type=\"e-div-block\" data-id=\"f449857\">\n\t\t\t\t<div class=\"elementor-element elementor-element-85db059 elementor-widget elementor-widget-image\" data-id=\"85db059\" data-element_type=\"widget\" data-e-type=\"widget\" data-widget_type=\"image.default\">\n\t\t\t\t\t\t\t\t\t\t\t\t\t\t\t<img loading=\"lazy\" decoding=\"async\" width=\"225\" height=\"300\" src=\"https:\/\/inev.cl\/wp-content\/uploads\/2026\/02\/daniela-munoz-225x300.jpeg\" class=\"attachment-medium size-medium wp-image-157\" alt=\"\" srcset=\"https:\/\/inev.cl\/wp-content\/uploads\/2026\/02\/daniela-munoz-225x300.jpeg 225w, https:\/\/inev.cl\/wp-content\/uploads\/2026\/02\/daniela-munoz.jpeg 480w\" sizes=\"(max-width: 225px) 100vw, 225px\" \/>\t\t\t\t\t\t\t\t\t\t\t\t\t\t\t<\/div>\n\t\t\t\t<div class=\"elementor-element elementor-element-ddab927 elementor-widget elementor-widget-heading\" data-id=\"ddab927\" data-element_type=\"widget\" data-e-type=\"widget\" data-widget_type=\"heading.default\">\n\t\t\t\t\t<p class=\"elementor-heading-title elementor-size-default\">Dra Daniela Paz Mu\u00f1oz Saavedra<\/p>\t\t\t\t<\/div>\n\t\t\t\t<div class=\"elementor-element elementor-element-cc51665 elementor-widget elementor-widget-text-editor\" data-id=\"cc51665\" data-element_type=\"widget\" data-e-type=\"widget\" data-widget_type=\"text-editor.default\">\n\t\t\t\t\t\t\t\t\tM\u00e9dico Veterinario \u2013 Especialista en Anestesiolog\u00eda\t\t\t\t\t\t\t\t<\/div>\n\t\t\t\t<\/div>\n\t\t\t\t<div class=\"elementor-element elementor-element-74fc959 e-con e-atomic-element e-div-block-base\" data-id=\"74fc959\" data-element_type=\"e-div-block\" data-e-type=\"e-div-block\" data-interaction-id=\"74fc959\" data-e-type=\"e-div-block\" data-id=\"74fc959\">\n\t\t\t\t<div class=\"elementor-element elementor-element-91b5e8f elementor-align-center elementor-widget__width-initial elementor-widget elementor-widget-button\" data-id=\"91b5e8f\" data-element_type=\"widget\" data-e-type=\"widget\" data-widget_type=\"button.default\">\n\t\t\t\t\t\t\t\t\t\t<a class=\"elementor-button elementor-button-link elementor-size-sm\" href=\"https:\/\/inev.cl\/?medico=dra-daniela-paz-munoz-saavedra\">\n\t\t\t\t\t\t<span class=\"elementor-button-content-wrapper\">\n\t\t\t\t\t\t\t\t\t<span class=\"elementor-button-text\">Ver ficha<\/span>\n\t\t\t\t\t<\/span>\n\t\t\t\t\t<\/a>\n\t\t\t\t\t\t\t\t<\/div>\n\t\t\t\t<\/div>\n\t\t\t\t\t<\/div>\n\t\t\t\t<\/div>\n\t\t\t\t<\/div>\n\t\t\t\t<div data-elementor-type=\"loop-item\" data-elementor-id=\"447\" class=\"elementor elementor-447 e-loop-item e-loop-item-829 post-829 medico type-medico status-publish hentry\" data-elementor-post-type=\"elementor_library\" data-custom-edit-handle=\"1\">\n\t\t\t<div class=\"elementor-element elementor-element-c6146c5 e-flex e-con-boxed e-con e-parent\" data-id=\"c6146c5\" data-element_type=\"container\" data-e-type=\"container\">\n\t\t\t\t\t<div class=\"e-con-inner\">\n\t\t\t\t<div class=\"elementor-element elementor-element-f449857 e-con e-atomic-element e-div-block-base e-f449857-065a807\" data-id=\"f449857\" data-element_type=\"e-div-block\" data-e-type=\"e-div-block\" data-interaction-id=\"f449857\" data-e-type=\"e-div-block\" data-id=\"f449857\">\n\t\t\t\t<div class=\"elementor-element elementor-element-85db059 elementor-widget elementor-widget-image\" data-id=\"85db059\" data-element_type=\"widget\" data-e-type=\"widget\" data-widget_type=\"image.default\">\n\t\t\t\t\t\t\t\t\t\t\t\t\t\t\t<img loading=\"lazy\" decoding=\"async\" width=\"225\" height=\"300\" src=\"https:\/\/inev.cl\/wp-content\/uploads\/2026\/02\/diego-sepulveda-225x300.jpeg\" class=\"attachment-medium size-medium wp-image-162\" alt=\"\" srcset=\"https:\/\/inev.cl\/wp-content\/uploads\/2026\/02\/diego-sepulveda-225x300.jpeg 225w, https:\/\/inev.cl\/wp-content\/uploads\/2026\/02\/diego-sepulveda.jpeg 480w\" sizes=\"(max-width: 225px) 100vw, 225px\" \/>\t\t\t\t\t\t\t\t\t\t\t\t\t\t\t<\/div>\n\t\t\t\t<div class=\"elementor-element elementor-element-ddab927 elementor-widget elementor-widget-heading\" data-id=\"ddab927\" data-element_type=\"widget\" data-e-type=\"widget\" data-widget_type=\"heading.default\">\n\t\t\t\t\t<p class=\"elementor-heading-title elementor-size-default\">Dr. Diego Alberto Sep\u00falveda Ballesteros<\/p>\t\t\t\t<\/div>\n\t\t\t\t<div class=\"elementor-element elementor-element-cc51665 elementor-widget elementor-widget-text-editor\" data-id=\"cc51665\" data-element_type=\"widget\" data-e-type=\"widget\" data-widget_type=\"text-editor.default\">\n\t\t\t\t\t\t\t\t\tM\u00e9dico Veterinario \u2013 Especialista en Anestesiolog\u00eda\t\t\t\t\t\t\t\t<\/div>\n\t\t\t\t<\/div>\n\t\t\t\t<div class=\"elementor-element elementor-element-74fc959 e-con e-atomic-element e-div-block-base\" data-id=\"74fc959\" data-element_type=\"e-div-block\" data-e-type=\"e-div-block\" data-interaction-id=\"74fc959\" data-e-type=\"e-div-block\" data-id=\"74fc959\">\n\t\t\t\t<div class=\"elementor-element elementor-element-91b5e8f elementor-align-center elementor-widget__width-initial elementor-widget elementor-widget-button\" data-id=\"91b5e8f\" data-element_type=\"widget\" data-e-type=\"widget\" data-widget_type=\"button.default\">\n\t\t\t\t\t\t\t\t\t\t<a class=\"elementor-button elementor-button-link elementor-size-sm\" href=\"https:\/\/inev.cl\/?medico=dr-diego-alberto-sepulveda-ballesteros\">\n\t\t\t\t\t\t<span class=\"elementor-button-content-wrapper\">\n\t\t\t\t\t\t\t\t\t<span class=\"elementor-button-text\">Ver ficha<\/span>\n\t\t\t\t\t<\/span>\n\t\t\t\t\t<\/a>\n\t\t\t\t\t\t\t\t<\/div>\n\t\t\t\t<\/div>\n\t\t\t\t\t<\/div>\n\t\t\t\t<\/div>\n\t\t\t\t<\/div>\n\t\t\t\t<div data-elementor-type=\"loop-item\" data-elementor-id=\"447\" class=\"elementor elementor-447 e-loop-item e-loop-item-830 post-830 medico type-medico status-publish hentry\" data-elementor-post-type=\"elementor_library\" data-custom-edit-handle=\"1\">\n\t\t\t<div class=\"elementor-element elementor-element-c6146c5 e-flex e-con-boxed e-con e-parent\" data-id=\"c6146c5\" data-element_type=\"container\" data-e-type=\"container\">\n\t\t\t\t\t<div class=\"e-con-inner\">\n\t\t\t\t<div class=\"elementor-element elementor-element-f449857 e-con e-atomic-element e-div-block-base e-f449857-065a807\" data-id=\"f449857\" data-element_type=\"e-div-block\" data-e-type=\"e-div-block\" data-interaction-id=\"f449857\" data-e-type=\"e-div-block\" data-id=\"f449857\">\n\t\t\t\t<div class=\"elementor-element elementor-element-85db059 elementor-widget elementor-widget-image\" data-id=\"85db059\" data-element_type=\"widget\" data-e-type=\"widget\" data-widget_type=\"image.default\">\n\t\t\t\t\t\t\t\t\t\t\t\t\t\t\t<img loading=\"lazy\" decoding=\"async\" width=\"219\" height=\"300\" src=\"https:\/\/inev.cl\/wp-content\/uploads\/2026\/02\/yadira-pabon-219x300.jpeg\" class=\"attachment-medium size-medium wp-image-197\" alt=\"\" srcset=\"https:\/\/inev.cl\/wp-content\/uploads\/2026\/02\/yadira-pabon-219x300.jpeg 219w, https:\/\/inev.cl\/wp-content\/uploads\/2026\/02\/yadira-pabon.jpeg 467w\" sizes=\"(max-width: 219px) 100vw, 219px\" \/>\t\t\t\t\t\t\t\t\t\t\t\t\t\t\t<\/div>\n\t\t\t\t<div class=\"elementor-element elementor-element-ddab927 elementor-widget elementor-widget-heading\" data-id=\"ddab927\" data-element_type=\"widget\" data-e-type=\"widget\" data-widget_type=\"heading.default\">\n\t\t\t\t\t<p class=\"elementor-heading-title elementor-size-default\">Dra. Yadira Pab\u00f3n Castro<\/p>\t\t\t\t<\/div>\n\t\t\t\t<div class=\"elementor-element elementor-element-cc51665 elementor-widget elementor-widget-text-editor\" data-id=\"cc51665\" data-element_type=\"widget\" data-e-type=\"widget\" data-widget_type=\"text-editor.default\">\n\t\t\t\t\t\t\t\t\tM\u00e9dico Veterinario \u2013 Especialista en Imagenolog\u00eda Avanzada\t\t\t\t\t\t\t\t<\/div>\n\t\t\t\t<\/div>\n\t\t\t\t<div class=\"elementor-element elementor-element-74fc959 e-con e-atomic-element e-div-block-base\" data-id=\"74fc959\" data-element_type=\"e-div-block\" data-e-type=\"e-div-block\" data-interaction-id=\"74fc959\" data-e-type=\"e-div-block\" data-id=\"74fc959\">\n\t\t\t\t<div class=\"elementor-element elementor-element-91b5e8f elementor-align-center elementor-widget__width-initial elementor-widget elementor-widget-button\" data-id=\"91b5e8f\" data-element_type=\"widget\" data-e-type=\"widget\" data-widget_type=\"button.default\">\n\t\t\t\t\t\t\t\t\t\t<a class=\"elementor-button elementor-button-link elementor-size-sm\" href=\"https:\/\/inev.cl\/?medico=dra-yadira-pabon-castro\">\n\t\t\t\t\t\t<span class=\"elementor-button-content-wrapper\">\n\t\t\t\t\t\t\t\t\t<span class=\"elementor-button-text\">Ver ficha<\/span>\n\t\t\t\t\t<\/span>\n\t\t\t\t\t<\/a>\n\t\t\t\t\t\t\t\t<\/div>\n\t\t\t\t<\/div>\n\t\t\t\t\t<\/div>\n\t\t\t\t<\/div>\n\t\t\t\t<\/div>\n\t\t\t\t<div data-elementor-type=\"loop-item\" data-elementor-id=\"447\" class=\"elementor elementor-447 e-loop-item e-loop-item-831 post-831 medico type-medico status-publish hentry\" data-elementor-post-type=\"elementor_library\" data-custom-edit-handle=\"1\">\n\t\t\t<div class=\"elementor-element elementor-element-c6146c5 e-flex e-con-boxed e-con e-parent\" data-id=\"c6146c5\" data-element_type=\"container\" data-e-type=\"container\">\n\t\t\t\t\t<div class=\"e-con-inner\">\n\t\t\t\t<div class=\"elementor-element elementor-element-f449857 e-con e-atomic-element e-div-block-base e-f449857-065a807\" data-id=\"f449857\" data-element_type=\"e-div-block\" data-e-type=\"e-div-block\" data-interaction-id=\"f449857\" data-e-type=\"e-div-block\" data-id=\"f449857\">\n\t\t\t\t<div class=\"elementor-element elementor-element-85db059 elementor-widget elementor-widget-image\" data-id=\"85db059\" data-element_type=\"widget\" data-e-type=\"widget\" data-widget_type=\"image.default\">\n\t\t\t\t\t\t\t\t\t\t\t\t\t\t\t<img loading=\"lazy\" decoding=\"async\" width=\"219\" height=\"300\" src=\"https:\/\/inev.cl\/wp-content\/uploads\/2026\/02\/mario-baez-219x300.jpeg\" class=\"attachment-medium size-medium wp-image-185\" alt=\"\" srcset=\"https:\/\/inev.cl\/wp-content\/uploads\/2026\/02\/mario-baez-219x300.jpeg 219w, https:\/\/inev.cl\/wp-content\/uploads\/2026\/02\/mario-baez.jpeg 467w\" sizes=\"(max-width: 219px) 100vw, 219px\" \/>\t\t\t\t\t\t\t\t\t\t\t\t\t\t\t<\/div>\n\t\t\t\t<div class=\"elementor-element elementor-element-ddab927 elementor-widget elementor-widget-heading\" data-id=\"ddab927\" data-element_type=\"widget\" data-e-type=\"widget\" data-widget_type=\"heading.default\">\n\t\t\t\t\t<p class=\"elementor-heading-title elementor-size-default\">Dr. Mario Andr\u00e9s Baez Allende<\/p>\t\t\t\t<\/div>\n\t\t\t\t<div class=\"elementor-element elementor-element-cc51665 elementor-widget elementor-widget-text-editor\" data-id=\"cc51665\" data-element_type=\"widget\" data-e-type=\"widget\" data-widget_type=\"text-editor.default\">\n\t\t\t\t\t\t\t\t\tM\u00e9dico Veterinario \u2014 Especialista en Diagn\u00f3stico Diagn\u00f3stico por Imagen Avanzada\t\t\t\t\t\t\t\t<\/div>\n\t\t\t\t<\/div>\n\t\t\t\t<div class=\"elementor-element elementor-element-74fc959 e-con e-atomic-element e-div-block-base\" data-id=\"74fc959\" data-element_type=\"e-div-block\" data-e-type=\"e-div-block\" data-interaction-id=\"74fc959\" data-e-type=\"e-div-block\" data-id=\"74fc959\">\n\t\t\t\t<div class=\"elementor-element elementor-element-91b5e8f elementor-align-center elementor-widget__width-initial elementor-widget elementor-widget-button\" data-id=\"91b5e8f\" data-element_type=\"widget\" data-e-type=\"widget\" data-widget_type=\"button.default\">\n\t\t\t\t\t\t\t\t\t\t<a class=\"elementor-button elementor-button-link elementor-size-sm\" href=\"https:\/\/inev.cl\/?medico=dr-mario-andres-baez-allende\">\n\t\t\t\t\t\t<span class=\"elementor-button-content-wrapper\">\n\t\t\t\t\t\t\t\t\t<span class=\"elementor-button-text\">Ver ficha<\/span>\n\t\t\t\t\t<\/span>\n\t\t\t\t\t<\/a>\n\t\t\t\t\t\t\t\t<\/div>\n\t\t\t\t<\/div>\n\t\t\t\t\t<\/div>\n\t\t\t\t<\/div>\n\t\t\t\t<\/div>\n\t\t\t\t<div data-elementor-type=\"loop-item\" data-elementor-id=\"447\" class=\"elementor elementor-447 e-loop-item e-loop-item-832 post-832 medico type-medico status-publish hentry\" data-elementor-post-type=\"elementor_library\" data-custom-edit-handle=\"1\">\n\t\t\t<div class=\"elementor-element elementor-element-c6146c5 e-flex e-con-boxed e-con e-parent\" data-id=\"c6146c5\" data-element_type=\"container\" data-e-type=\"container\">\n\t\t\t\t\t<div class=\"e-con-inner\">\n\t\t\t\t<div class=\"elementor-element elementor-element-f449857 e-con e-atomic-element e-div-block-base e-f449857-065a807\" data-id=\"f449857\" data-element_type=\"e-div-block\" data-e-type=\"e-div-block\" data-interaction-id=\"f449857\" data-e-type=\"e-div-block\" data-id=\"f449857\">\n\t\t\t\t<div class=\"elementor-element elementor-element-85db059 elementor-widget elementor-widget-image\" data-id=\"85db059\" data-element_type=\"widget\" data-e-type=\"widget\" data-widget_type=\"image.default\">\n\t\t\t\t\t\t\t\t\t\t\t\t\t\t\t<img loading=\"lazy\" decoding=\"async\" width=\"219\" height=\"300\" src=\"https:\/\/inev.cl\/wp-content\/uploads\/2026\/02\/evelyn-adams-219x300.jpeg\" class=\"attachment-medium size-medium wp-image-166\" alt=\"\" srcset=\"https:\/\/inev.cl\/wp-content\/uploads\/2026\/02\/evelyn-adams-219x300.jpeg 219w, https:\/\/inev.cl\/wp-content\/uploads\/2026\/02\/evelyn-adams.jpeg 467w\" sizes=\"(max-width: 219px) 100vw, 219px\" \/>\t\t\t\t\t\t\t\t\t\t\t\t\t\t\t<\/div>\n\t\t\t\t<div class=\"elementor-element elementor-element-ddab927 elementor-widget elementor-widget-heading\" data-id=\"ddab927\" data-element_type=\"widget\" data-e-type=\"widget\" data-widget_type=\"heading.default\">\n\t\t\t\t\t<p class=\"elementor-heading-title elementor-size-default\">Dra. Evelyn Adams Rodriguez<\/p>\t\t\t\t<\/div>\n\t\t\t\t<div class=\"elementor-element elementor-element-cc51665 elementor-widget elementor-widget-text-editor\" data-id=\"cc51665\" data-element_type=\"widget\" data-e-type=\"widget\" data-widget_type=\"text-editor.default\">\n\t\t\t\t\t\t\t\t\tM\u00e9dico Veterinario \u2013 Especialista en Imagenolog\u00eda Avanzada\t\t\t\t\t\t\t\t<\/div>\n\t\t\t\t<\/div>\n\t\t\t\t<div class=\"elementor-element elementor-element-74fc959 e-con e-atomic-element e-div-block-base\" data-id=\"74fc959\" data-element_type=\"e-div-block\" data-e-type=\"e-div-block\" data-interaction-id=\"74fc959\" data-e-type=\"e-div-block\" data-id=\"74fc959\">\n\t\t\t\t<div class=\"elementor-element elementor-element-91b5e8f elementor-align-center elementor-widget__width-initial elementor-widget elementor-widget-button\" data-id=\"91b5e8f\" data-element_type=\"widget\" data-e-type=\"widget\" data-widget_type=\"button.default\">\n\t\t\t\t\t\t\t\t\t\t<a class=\"elementor-button elementor-button-link elementor-size-sm\" href=\"https:\/\/inev.cl\/?medico=dra-evelyn-adams-rodriguez\">\n\t\t\t\t\t\t<span class=\"elementor-button-content-wrapper\">\n\t\t\t\t\t\t\t\t\t<span class=\"elementor-button-text\">Ver ficha<\/span>\n\t\t\t\t\t<\/span>\n\t\t\t\t\t<\/a>\n\t\t\t\t\t\t\t\t<\/div>\n\t\t\t\t<\/div>\n\t\t\t\t\t<\/div>\n\t\t\t\t<\/div>\n\t\t\t\t<\/div>\n\t\t\t\t<div data-elementor-type=\"loop-item\" data-elementor-id=\"447\" class=\"elementor elementor-447 e-loop-item e-loop-item-833 post-833 medico type-medico status-publish hentry\" data-elementor-post-type=\"elementor_library\" data-custom-edit-handle=\"1\">\n\t\t\t<div class=\"elementor-element elementor-element-c6146c5 e-flex e-con-boxed e-con e-parent\" data-id=\"c6146c5\" data-element_type=\"container\" data-e-type=\"container\">\n\t\t\t\t\t<div class=\"e-con-inner\">\n\t\t\t\t<div class=\"elementor-element elementor-element-f449857 e-con e-atomic-element e-div-block-base e-f449857-065a807\" data-id=\"f449857\" data-element_type=\"e-div-block\" data-e-type=\"e-div-block\" data-interaction-id=\"f449857\" data-e-type=\"e-div-block\" data-id=\"f449857\">\n\t\t\t\t<div class=\"elementor-element elementor-element-85db059 elementor-widget elementor-widget-image\" data-id=\"85db059\" data-element_type=\"widget\" data-e-type=\"widget\" data-widget_type=\"image.default\">\n\t\t\t\t\t\t\t\t\t\t\t\t\t\t\t<img loading=\"lazy\" decoding=\"async\" width=\"219\" height=\"300\" src=\"https:\/\/inev.cl\/wp-content\/uploads\/2026\/02\/cristian-mujica-219x300.webp\" class=\"attachment-medium size-medium wp-image-199\" alt=\"\" srcset=\"https:\/\/inev.cl\/wp-content\/uploads\/2026\/02\/cristian-mujica-219x300.webp 219w, https:\/\/inev.cl\/wp-content\/uploads\/2026\/02\/cristian-mujica.webp 467w\" sizes=\"(max-width: 219px) 100vw, 219px\" \/>\t\t\t\t\t\t\t\t\t\t\t\t\t\t\t<\/div>\n\t\t\t\t<div class=\"elementor-element elementor-element-ddab927 elementor-widget elementor-widget-heading\" data-id=\"ddab927\" data-element_type=\"widget\" data-e-type=\"widget\" data-widget_type=\"heading.default\">\n\t\t\t\t\t<p class=\"elementor-heading-title elementor-size-default\">Dr. Cristian Ignacio de Jes\u00fas Mujica Esperguells<\/p>\t\t\t\t<\/div>\n\t\t\t\t<div class=\"elementor-element elementor-element-cc51665 elementor-widget elementor-widget-text-editor\" data-id=\"cc51665\" data-element_type=\"widget\" data-e-type=\"widget\" data-widget_type=\"text-editor.default\">\n\t\t\t\t\t\t\t\t\tM\u00e9dico Veterinario \u2013 Especialista en Diagn\u00f3stico de Laboratorio Jefe Unidad de Laboratorio\t\t\t\t\t\t\t\t<\/div>\n\t\t\t\t<\/div>\n\t\t\t\t<div class=\"elementor-element elementor-element-74fc959 e-con e-atomic-element e-div-block-base\" data-id=\"74fc959\" data-element_type=\"e-div-block\" data-e-type=\"e-div-block\" data-interaction-id=\"74fc959\" data-e-type=\"e-div-block\" data-id=\"74fc959\">\n\t\t\t\t<div class=\"elementor-element elementor-element-91b5e8f elementor-align-center elementor-widget__width-initial elementor-widget elementor-widget-button\" data-id=\"91b5e8f\" data-element_type=\"widget\" data-e-type=\"widget\" data-widget_type=\"button.default\">\n\t\t\t\t\t\t\t\t\t\t<a class=\"elementor-button elementor-button-link elementor-size-sm\" href=\"https:\/\/inev.cl\/?medico=dr-cristian-ignacio-de-jesus-mujica-esperguells\">\n\t\t\t\t\t\t<span class=\"elementor-button-content-wrapper\">\n\t\t\t\t\t\t\t\t\t<span class=\"elementor-button-text\">Ver ficha<\/span>\n\t\t\t\t\t<\/span>\n\t\t\t\t\t<\/a>\n\t\t\t\t\t\t\t\t<\/div>\n\t\t\t\t<\/div>\n\t\t\t\t\t<\/div>\n\t\t\t\t<\/div>\n\t\t\t\t<\/div>\n\t\t\t\t<div data-elementor-type=\"loop-item\" data-elementor-id=\"447\" class=\"elementor elementor-447 e-loop-item e-loop-item-834 post-834 medico type-medico status-publish hentry\" data-elementor-post-type=\"elementor_library\" data-custom-edit-handle=\"1\">\n\t\t\t<div class=\"elementor-element elementor-element-c6146c5 e-flex e-con-boxed e-con e-parent\" data-id=\"c6146c5\" data-element_type=\"container\" data-e-type=\"container\">\n\t\t\t\t\t<div class=\"e-con-inner\">\n\t\t\t\t<div class=\"elementor-element elementor-element-f449857 e-con e-atomic-element e-div-block-base e-f449857-065a807\" data-id=\"f449857\" data-element_type=\"e-div-block\" data-e-type=\"e-div-block\" data-interaction-id=\"f449857\" data-e-type=\"e-div-block\" data-id=\"f449857\">\n\t\t\t\t<div class=\"elementor-element elementor-element-85db059 elementor-widget elementor-widget-image\" data-id=\"85db059\" data-element_type=\"widget\" data-e-type=\"widget\" data-widget_type=\"image.default\">\n\t\t\t\t\t\t\t\t\t\t\t\t\t\t\t<img loading=\"lazy\" decoding=\"async\" width=\"255\" height=\"300\" src=\"https:\/\/inev.cl\/wp-content\/uploads\/2026\/02\/maria-alguacil-255x300.jpeg\" class=\"attachment-medium size-medium wp-image-181\" alt=\"\" srcset=\"https:\/\/inev.cl\/wp-content\/uploads\/2026\/02\/maria-alguacil-255x300.jpeg 255w, https:\/\/inev.cl\/wp-content\/uploads\/2026\/02\/maria-alguacil.jpeg 545w\" sizes=\"(max-width: 255px) 100vw, 255px\" \/>\t\t\t\t\t\t\t\t\t\t\t\t\t\t\t<\/div>\n\t\t\t\t<div class=\"elementor-element elementor-element-ddab927 elementor-widget elementor-widget-heading\" data-id=\"ddab927\" data-element_type=\"widget\" data-e-type=\"widget\" data-widget_type=\"heading.default\">\n\t\t\t\t\t<p class=\"elementor-heading-title elementor-size-default\">Dra. Mar\u00eda Jes\u00fas Alguacil Gonz\u00e1lez<\/p>\t\t\t\t<\/div>\n\t\t\t\t<div class=\"elementor-element elementor-element-cc51665 elementor-widget elementor-widget-text-editor\" data-id=\"cc51665\" data-element_type=\"widget\" data-e-type=\"widget\" data-widget_type=\"text-editor.default\">\n\t\t\t\t\t\t\t\t\tM\u00e9dico Veterinario \u2013 Especialista en Diagn\u00f3stico de Laboratorio\t\t\t\t\t\t\t\t<\/div>\n\t\t\t\t<\/div>\n\t\t\t\t<div class=\"elementor-element elementor-element-74fc959 e-con e-atomic-element e-div-block-base\" data-id=\"74fc959\" data-element_type=\"e-div-block\" data-e-type=\"e-div-block\" data-interaction-id=\"74fc959\" data-e-type=\"e-div-block\" data-id=\"74fc959\">\n\t\t\t\t<div class=\"elementor-element elementor-element-91b5e8f elementor-align-center elementor-widget__width-initial elementor-widget elementor-widget-button\" data-id=\"91b5e8f\" data-element_type=\"widget\" data-e-type=\"widget\" data-widget_type=\"button.default\">\n\t\t\t\t\t\t\t\t\t\t<a class=\"elementor-button elementor-button-link elementor-size-sm\" href=\"https:\/\/inev.cl\/?medico=dra-maria-jesus-alguacil-gonzalez\">\n\t\t\t\t\t\t<span class=\"elementor-button-content-wrapper\">\n\t\t\t\t\t\t\t\t\t<span class=\"elementor-button-text\">Ver ficha<\/span>\n\t\t\t\t\t<\/span>\n\t\t\t\t\t<\/a>\n\t\t\t\t\t\t\t\t<\/div>\n\t\t\t\t<\/div>\n\t\t\t\t\t<\/div>\n\t\t\t\t<\/div>\n\t\t\t\t<\/div>\n\t\t\t\t<div data-elementor-type=\"loop-item\" data-elementor-id=\"447\" class=\"elementor elementor-447 e-loop-item e-loop-item-835 post-835 medico type-medico status-publish hentry\" data-elementor-post-type=\"elementor_library\" data-custom-edit-handle=\"1\">\n\t\t\t<div class=\"elementor-element elementor-element-c6146c5 e-flex e-con-boxed e-con e-parent\" data-id=\"c6146c5\" data-element_type=\"container\" data-e-type=\"container\">\n\t\t\t\t\t<div class=\"e-con-inner\">\n\t\t\t\t<div class=\"elementor-element elementor-element-f449857 e-con e-atomic-element e-div-block-base e-f449857-065a807\" data-id=\"f449857\" data-element_type=\"e-div-block\" data-e-type=\"e-div-block\" data-interaction-id=\"f449857\" data-e-type=\"e-div-block\" data-id=\"f449857\">\n\t\t\t\t<div class=\"elementor-element elementor-element-85db059 elementor-widget elementor-widget-image\" data-id=\"85db059\" data-element_type=\"widget\" data-e-type=\"widget\" data-widget_type=\"image.default\">\n\t\t\t\t\t\t\t\t\t\t\t\t\t\t\t<img loading=\"lazy\" decoding=\"async\" width=\"260\" height=\"300\" src=\"https:\/\/inev.cl\/wp-content\/uploads\/2026\/02\/elizabeth-perez-260x300.jpeg\" class=\"attachment-medium size-medium wp-image-164\" alt=\"\" srcset=\"https:\/\/inev.cl\/wp-content\/uploads\/2026\/02\/elizabeth-perez-260x300.jpeg 260w, https:\/\/inev.cl\/wp-content\/uploads\/2026\/02\/elizabeth-perez.jpeg 554w\" sizes=\"(max-width: 260px) 100vw, 260px\" \/>\t\t\t\t\t\t\t\t\t\t\t\t\t\t\t<\/div>\n\t\t\t\t<div class=\"elementor-element elementor-element-ddab927 elementor-widget elementor-widget-heading\" data-id=\"ddab927\" data-element_type=\"widget\" data-e-type=\"widget\" data-widget_type=\"heading.default\">\n\t\t\t\t\t<p class=\"elementor-heading-title elementor-size-default\">Dra Elizabeth P\u00e9rez Guti\u00e9rrez<\/p>\t\t\t\t<\/div>\n\t\t\t\t<div class=\"elementor-element elementor-element-cc51665 elementor-widget elementor-widget-text-editor\" data-id=\"cc51665\" data-element_type=\"widget\" data-e-type=\"widget\" data-widget_type=\"text-editor.default\">\n\t\t\t\t\t\t\t\t\tM\u00e9dico Veterinario \u2013 Especialista en Diagn\u00f3stico de Laboratorio\t\t\t\t\t\t\t\t<\/div>\n\t\t\t\t<\/div>\n\t\t\t\t<div class=\"elementor-element elementor-element-74fc959 e-con e-atomic-element e-div-block-base\" data-id=\"74fc959\" data-element_type=\"e-div-block\" data-e-type=\"e-div-block\" data-interaction-id=\"74fc959\" data-e-type=\"e-div-block\" data-id=\"74fc959\">\n\t\t\t\t<div class=\"elementor-element elementor-element-91b5e8f elementor-align-center elementor-widget__width-initial elementor-widget elementor-widget-button\" data-id=\"91b5e8f\" data-element_type=\"widget\" data-e-type=\"widget\" data-widget_type=\"button.default\">\n\t\t\t\t\t\t\t\t\t\t<a class=\"elementor-button elementor-button-link elementor-size-sm\" href=\"https:\/\/inev.cl\/?medico=dra-elizabeth-perez-gutierrez\">\n\t\t\t\t\t\t<span class=\"elementor-button-content-wrapper\">\n\t\t\t\t\t\t\t\t\t<span class=\"elementor-button-text\">Ver ficha<\/span>\n\t\t\t\t\t<\/span>\n\t\t\t\t\t<\/a>\n\t\t\t\t\t\t\t\t<\/div>\n\t\t\t\t<\/div>\n\t\t\t\t\t<\/div>\n\t\t\t\t<\/div>\n\t\t\t\t<\/div>\n\t\t\t\t<div data-elementor-type=\"loop-item\" data-elementor-id=\"447\" class=\"elementor elementor-447 e-loop-item e-loop-item-836 post-836 medico type-medico status-publish hentry\" data-elementor-post-type=\"elementor_library\" data-custom-edit-handle=\"1\">\n\t\t\t<div class=\"elementor-element elementor-element-c6146c5 e-flex e-con-boxed e-con e-parent\" data-id=\"c6146c5\" data-element_type=\"container\" data-e-type=\"container\">\n\t\t\t\t\t<div class=\"e-con-inner\">\n\t\t\t\t<div class=\"elementor-element elementor-element-f449857 e-con e-atomic-element e-div-block-base e-f449857-065a807\" data-id=\"f449857\" data-element_type=\"e-div-block\" data-e-type=\"e-div-block\" data-interaction-id=\"f449857\" data-e-type=\"e-div-block\" data-id=\"f449857\">\n\t\t\t\t<div class=\"elementor-element elementor-element-85db059 elementor-widget elementor-widget-image\" data-id=\"85db059\" data-element_type=\"widget\" data-e-type=\"widget\" data-widget_type=\"image.default\">\n\t\t\t\t\t\t\t\t\t\t\t\t\t\t\t<img loading=\"lazy\" decoding=\"async\" width=\"219\" height=\"300\" src=\"https:\/\/inev.cl\/wp-content\/uploads\/2026\/02\/maria-martorell-219x300.jpeg\" class=\"attachment-medium size-medium wp-image-183\" alt=\"\" srcset=\"https:\/\/inev.cl\/wp-content\/uploads\/2026\/02\/maria-martorell-219x300.jpeg 219w, https:\/\/inev.cl\/wp-content\/uploads\/2026\/02\/maria-martorell.jpeg 467w\" sizes=\"(max-width: 219px) 100vw, 219px\" \/>\t\t\t\t\t\t\t\t\t\t\t\t\t\t\t<\/div>\n\t\t\t\t<div class=\"elementor-element elementor-element-ddab927 elementor-widget elementor-widget-heading\" data-id=\"ddab927\" data-element_type=\"widget\" data-e-type=\"widget\" data-widget_type=\"heading.default\">\n\t\t\t\t\t<p class=\"elementor-heading-title elementor-size-default\">Dra. Mar\u00eda Consuelo Martorell Bavestrello<\/p>\t\t\t\t<\/div>\n\t\t\t\t<div class=\"elementor-element elementor-element-cc51665 elementor-widget elementor-widget-text-editor\" data-id=\"cc51665\" data-element_type=\"widget\" data-e-type=\"widget\" data-widget_type=\"text-editor.default\">\n\t\t\t\t\t\t\t\t\tM\u00e9dico Veterinaria \u2013 \u00c1rea Hospitalaria\t\t\t\t\t\t\t\t<\/div>\n\t\t\t\t<\/div>\n\t\t\t\t<div class=\"elementor-element elementor-element-74fc959 e-con e-atomic-element e-div-block-base\" data-id=\"74fc959\" data-element_type=\"e-div-block\" data-e-type=\"e-div-block\" data-interaction-id=\"74fc959\" data-e-type=\"e-div-block\" data-id=\"74fc959\">\n\t\t\t\t<div class=\"elementor-element elementor-element-91b5e8f elementor-align-center elementor-widget__width-initial elementor-widget elementor-widget-button\" data-id=\"91b5e8f\" data-element_type=\"widget\" data-e-type=\"widget\" data-widget_type=\"button.default\">\n\t\t\t\t\t\t\t\t\t\t<a class=\"elementor-button elementor-button-link elementor-size-sm\" href=\"https:\/\/inev.cl\/?medico=dra-maria-consuelo-martorell-bavestrello\">\n\t\t\t\t\t\t<span class=\"elementor-button-content-wrapper\">\n\t\t\t\t\t\t\t\t\t<span class=\"elementor-button-text\">Ver ficha<\/span>\n\t\t\t\t\t<\/span>\n\t\t\t\t\t<\/a>\n\t\t\t\t\t\t\t\t<\/div>\n\t\t\t\t<\/div>\n\t\t\t\t\t<\/div>\n\t\t\t\t<\/div>\n\t\t\t\t<\/div>\n\t\t\t\t<div data-elementor-type=\"loop-item\" data-elementor-id=\"447\" class=\"elementor elementor-447 e-loop-item e-loop-item-837 post-837 medico type-medico status-publish hentry\" data-elementor-post-type=\"elementor_library\" data-custom-edit-handle=\"1\">\n\t\t\t<div class=\"elementor-element elementor-element-c6146c5 e-flex e-con-boxed e-con e-parent\" data-id=\"c6146c5\" data-element_type=\"container\" data-e-type=\"container\">\n\t\t\t\t\t<div class=\"e-con-inner\">\n\t\t\t\t<div class=\"elementor-element elementor-element-f449857 e-con e-atomic-element e-div-block-base e-f449857-065a807\" data-id=\"f449857\" data-element_type=\"e-div-block\" data-e-type=\"e-div-block\" data-interaction-id=\"f449857\" data-e-type=\"e-div-block\" data-id=\"f449857\">\n\t\t\t\t<div class=\"elementor-element elementor-element-85db059 elementor-widget elementor-widget-image\" data-id=\"85db059\" data-element_type=\"widget\" data-e-type=\"widget\" data-widget_type=\"image.default\">\n\t\t\t\t\t\t\t\t\t\t\t\t\t\t\t<img loading=\"lazy\" decoding=\"async\" width=\"219\" height=\"300\" src=\"https:\/\/inev.cl\/wp-content\/uploads\/2026\/02\/maire-roman-219x300.jpeg\" class=\"attachment-medium size-medium wp-image-180\" alt=\"\" srcset=\"https:\/\/inev.cl\/wp-content\/uploads\/2026\/02\/maire-roman-219x300.jpeg 219w, https:\/\/inev.cl\/wp-content\/uploads\/2026\/02\/maire-roman.jpeg 467w\" sizes=\"(max-width: 219px) 100vw, 219px\" \/>\t\t\t\t\t\t\t\t\t\t\t\t\t\t\t<\/div>\n\t\t\t\t<div class=\"elementor-element elementor-element-ddab927 elementor-widget elementor-widget-heading\" data-id=\"ddab927\" data-element_type=\"widget\" data-e-type=\"widget\" data-widget_type=\"heading.default\">\n\t\t\t\t\t<p class=\"elementor-heading-title elementor-size-default\">Dra. Maite Denisse Rom\u00e1n Rivera<\/p>\t\t\t\t<\/div>\n\t\t\t\t<div class=\"elementor-element elementor-element-cc51665 elementor-widget elementor-widget-text-editor\" data-id=\"cc51665\" data-element_type=\"widget\" data-e-type=\"widget\" data-widget_type=\"text-editor.default\">\n\t\t\t\t\t\t\t\t\tM\u00e9dico Veterinaria \u2013 \u00c1rea Hospitalaria\t\t\t\t\t\t\t\t<\/div>\n\t\t\t\t<\/div>\n\t\t\t\t<div class=\"elementor-element elementor-element-74fc959 e-con e-atomic-element e-div-block-base\" data-id=\"74fc959\" data-element_type=\"e-div-block\" data-e-type=\"e-div-block\" data-interaction-id=\"74fc959\" data-e-type=\"e-div-block\" data-id=\"74fc959\">\n\t\t\t\t<div class=\"elementor-element elementor-element-91b5e8f elementor-align-center elementor-widget__width-initial elementor-widget elementor-widget-button\" data-id=\"91b5e8f\" data-element_type=\"widget\" data-e-type=\"widget\" data-widget_type=\"button.default\">\n\t\t\t\t\t\t\t\t\t\t<a class=\"elementor-button elementor-button-link elementor-size-sm\" href=\"https:\/\/inev.cl\/?medico=dra-maite-denisse-roman-rivera\">\n\t\t\t\t\t\t<span class=\"elementor-button-content-wrapper\">\n\t\t\t\t\t\t\t\t\t<span class=\"elementor-button-text\">Ver ficha<\/span>\n\t\t\t\t\t<\/span>\n\t\t\t\t\t<\/a>\n\t\t\t\t\t\t\t\t<\/div>\n\t\t\t\t<\/div>\n\t\t\t\t\t<\/div>\n\t\t\t\t<\/div>\n\t\t\t\t<\/div>\n\t\t\t\t<div data-elementor-type=\"loop-item\" data-elementor-id=\"447\" class=\"elementor elementor-447 e-loop-item e-loop-item-838 post-838 medico type-medico status-publish hentry\" data-elementor-post-type=\"elementor_library\" data-custom-edit-handle=\"1\">\n\t\t\t<div class=\"elementor-element elementor-element-c6146c5 e-flex e-con-boxed e-con e-parent\" data-id=\"c6146c5\" data-element_type=\"container\" data-e-type=\"container\">\n\t\t\t\t\t<div class=\"e-con-inner\">\n\t\t\t\t<div class=\"elementor-element elementor-element-f449857 e-con e-atomic-element e-div-block-base e-f449857-065a807\" data-id=\"f449857\" data-element_type=\"e-div-block\" data-e-type=\"e-div-block\" data-interaction-id=\"f449857\" data-e-type=\"e-div-block\" data-id=\"f449857\">\n\t\t\t\t<div class=\"elementor-element elementor-element-85db059 elementor-widget elementor-widget-image\" data-id=\"85db059\" data-element_type=\"widget\" data-e-type=\"widget\" data-widget_type=\"image.default\">\n\t\t\t\t\t\t\t\t\t\t\t\t\t\t\t<img loading=\"lazy\" decoding=\"async\" width=\"219\" height=\"300\" src=\"https:\/\/inev.cl\/wp-content\/uploads\/2026\/02\/karina-vasquez-219x300.webp\" class=\"attachment-medium size-medium wp-image-198\" alt=\"\" srcset=\"https:\/\/inev.cl\/wp-content\/uploads\/2026\/02\/karina-vasquez-219x300.webp 219w, https:\/\/inev.cl\/wp-content\/uploads\/2026\/02\/karina-vasquez.webp 467w\" sizes=\"(max-width: 219px) 100vw, 219px\" \/>\t\t\t\t\t\t\t\t\t\t\t\t\t\t\t<\/div>\n\t\t\t\t<div class=\"elementor-element elementor-element-ddab927 elementor-widget elementor-widget-heading\" data-id=\"ddab927\" data-element_type=\"widget\" data-e-type=\"widget\" data-widget_type=\"heading.default\">\n\t\t\t\t\t<p class=\"elementor-heading-title elementor-size-default\">Dra. Karina Elizabeth V\u00e1squez Navarrete<\/p>\t\t\t\t<\/div>\n\t\t\t\t<div class=\"elementor-element elementor-element-cc51665 elementor-widget elementor-widget-text-editor\" data-id=\"cc51665\" data-element_type=\"widget\" data-e-type=\"widget\" data-widget_type=\"text-editor.default\">\n\t\t\t\t\t\t\t\t\tM\u00e9dica Veterinaria \u2013 \u00c1rea Hospitalaria\t\t\t\t\t\t\t\t<\/div>\n\t\t\t\t<\/div>\n\t\t\t\t<div class=\"elementor-element elementor-element-74fc959 e-con e-atomic-element e-div-block-base\" data-id=\"74fc959\" data-element_type=\"e-div-block\" data-e-type=\"e-div-block\" data-interaction-id=\"74fc959\" data-e-type=\"e-div-block\" data-id=\"74fc959\">\n\t\t\t\t<div class=\"elementor-element elementor-element-91b5e8f elementor-align-center elementor-widget__width-initial elementor-widget elementor-widget-button\" data-id=\"91b5e8f\" data-element_type=\"widget\" data-e-type=\"widget\" data-widget_type=\"button.default\">\n\t\t\t\t\t\t\t\t\t\t<a class=\"elementor-button elementor-button-link elementor-size-sm\" href=\"https:\/\/inev.cl\/?medico=dra-karina-elizabeth-vasquez-navarrete\">\n\t\t\t\t\t\t<span class=\"elementor-button-content-wrapper\">\n\t\t\t\t\t\t\t\t\t<span class=\"elementor-button-text\">Ver ficha<\/span>\n\t\t\t\t\t<\/span>\n\t\t\t\t\t<\/a>\n\t\t\t\t\t\t\t\t<\/div>\n\t\t\t\t<\/div>\n\t\t\t\t\t<\/div>\n\t\t\t\t<\/div>\n\t\t\t\t<\/div>\n\t\t\t\t<div data-elementor-type=\"loop-item\" data-elementor-id=\"447\" class=\"elementor elementor-447 e-loop-item e-loop-item-839 post-839 medico type-medico status-publish hentry\" data-elementor-post-type=\"elementor_library\" data-custom-edit-handle=\"1\">\n\t\t\t<div class=\"elementor-element elementor-element-c6146c5 e-flex e-con-boxed e-con e-parent\" data-id=\"c6146c5\" data-element_type=\"container\" data-e-type=\"container\">\n\t\t\t\t\t<div class=\"e-con-inner\">\n\t\t\t\t<div class=\"elementor-element elementor-element-f449857 e-con e-atomic-element e-div-block-base e-f449857-065a807\" data-id=\"f449857\" data-element_type=\"e-div-block\" data-e-type=\"e-div-block\" data-interaction-id=\"f449857\" data-e-type=\"e-div-block\" data-id=\"f449857\">\n\t\t\t\t<div class=\"elementor-element elementor-element-85db059 elementor-widget elementor-widget-image\" data-id=\"85db059\" data-element_type=\"widget\" data-e-type=\"widget\" data-widget_type=\"image.default\">\n\t\t\t\t\t\t\t\t\t\t\t\t\t\t\t<img loading=\"lazy\" decoding=\"async\" width=\"219\" height=\"300\" src=\"https:\/\/inev.cl\/wp-content\/uploads\/2026\/02\/francisco-ortiz-219x300.jpeg\" class=\"attachment-medium size-medium wp-image-168\" alt=\"\" srcset=\"https:\/\/inev.cl\/wp-content\/uploads\/2026\/02\/francisco-ortiz-219x300.jpeg 219w, https:\/\/inev.cl\/wp-content\/uploads\/2026\/02\/francisco-ortiz.jpeg 467w\" sizes=\"(max-width: 219px) 100vw, 219px\" \/>\t\t\t\t\t\t\t\t\t\t\t\t\t\t\t<\/div>\n\t\t\t\t<div class=\"elementor-element elementor-element-ddab927 elementor-widget elementor-widget-heading\" data-id=\"ddab927\" data-element_type=\"widget\" data-e-type=\"widget\" data-widget_type=\"heading.default\">\n\t\t\t\t\t<p class=\"elementor-heading-title elementor-size-default\">Dr. Francisco Eduardo Ortiz Cuevas<\/p>\t\t\t\t<\/div>\n\t\t\t\t<div class=\"elementor-element elementor-element-cc51665 elementor-widget elementor-widget-text-editor\" data-id=\"cc51665\" data-element_type=\"widget\" data-e-type=\"widget\" data-widget_type=\"text-editor.default\">\n\t\t\t\t\t\t\t\t\tM\u00e9dico Veterinaria \u2013 \u00c1rea Hospitalaria\t\t\t\t\t\t\t\t<\/div>\n\t\t\t\t<\/div>\n\t\t\t\t<div class=\"elementor-element elementor-element-74fc959 e-con e-atomic-element e-div-block-base\" data-id=\"74fc959\" data-element_type=\"e-div-block\" data-e-type=\"e-div-block\" data-interaction-id=\"74fc959\" data-e-type=\"e-div-block\" data-id=\"74fc959\">\n\t\t\t\t<div class=\"elementor-element elementor-element-91b5e8f elementor-align-center elementor-widget__width-initial elementor-widget elementor-widget-button\" data-id=\"91b5e8f\" data-element_type=\"widget\" data-e-type=\"widget\" data-widget_type=\"button.default\">\n\t\t\t\t\t\t\t\t\t\t<a class=\"elementor-button elementor-button-link elementor-size-sm\" href=\"https:\/\/inev.cl\/?medico=dr-francisco-eduardo-ortiz-cuevas\">\n\t\t\t\t\t\t<span class=\"elementor-button-content-wrapper\">\n\t\t\t\t\t\t\t\t\t<span class=\"elementor-button-text\">Ver ficha<\/span>\n\t\t\t\t\t<\/span>\n\t\t\t\t\t<\/a>\n\t\t\t\t\t\t\t\t<\/div>\n\t\t\t\t<\/div>\n\t\t\t\t\t<\/div>\n\t\t\t\t<\/div>\n\t\t\t\t<\/div>\n\t\t\t\t<div data-elementor-type=\"loop-item\" data-elementor-id=\"447\" class=\"elementor elementor-447 e-loop-item e-loop-item-840 post-840 medico type-medico status-publish hentry\" data-elementor-post-type=\"elementor_library\" data-custom-edit-handle=\"1\">\n\t\t\t<div class=\"elementor-element elementor-element-c6146c5 e-flex e-con-boxed e-con e-parent\" data-id=\"c6146c5\" data-element_type=\"container\" data-e-type=\"container\">\n\t\t\t\t\t<div class=\"e-con-inner\">\n\t\t\t\t<div class=\"elementor-element elementor-element-f449857 e-con e-atomic-element e-div-block-base e-f449857-065a807\" data-id=\"f449857\" data-element_type=\"e-div-block\" data-e-type=\"e-div-block\" data-interaction-id=\"f449857\" data-e-type=\"e-div-block\" data-id=\"f449857\">\n\t\t\t\t<div class=\"elementor-element elementor-element-85db059 elementor-widget elementor-widget-image\" data-id=\"85db059\" data-element_type=\"widget\" data-e-type=\"widget\" data-widget_type=\"image.default\">\n\t\t\t\t\t\t\t\t\t\t\t\t\t\t\t<img loading=\"lazy\" decoding=\"async\" width=\"219\" height=\"300\" src=\"https:\/\/inev.cl\/wp-content\/uploads\/2026\/02\/daniela-pardo-219x300.jpeg\" class=\"attachment-medium size-medium wp-image-158\" alt=\"\" srcset=\"https:\/\/inev.cl\/wp-content\/uploads\/2026\/02\/daniela-pardo-219x300.jpeg 219w, https:\/\/inev.cl\/wp-content\/uploads\/2026\/02\/daniela-pardo.jpeg 467w\" sizes=\"(max-width: 219px) 100vw, 219px\" \/>\t\t\t\t\t\t\t\t\t\t\t\t\t\t\t<\/div>\n\t\t\t\t<div class=\"elementor-element elementor-element-ddab927 elementor-widget elementor-widget-heading\" data-id=\"ddab927\" data-element_type=\"widget\" data-e-type=\"widget\" data-widget_type=\"heading.default\">\n\t\t\t\t\t<p class=\"elementor-heading-title elementor-size-default\">Dra Daniela Francisca Pardo G\u00f3mez<\/p>\t\t\t\t<\/div>\n\t\t\t\t<div class=\"elementor-element elementor-element-cc51665 elementor-widget elementor-widget-text-editor\" data-id=\"cc51665\" data-element_type=\"widget\" data-e-type=\"widget\" data-widget_type=\"text-editor.default\">\n\t\t\t\t\t\t\t\t\tM\u00e9dico Veterinaria \u2013 \u00c1rea Hospitalaria\t\t\t\t\t\t\t\t<\/div>\n\t\t\t\t<\/div>\n\t\t\t\t<div class=\"elementor-element elementor-element-74fc959 e-con e-atomic-element e-div-block-base\" data-id=\"74fc959\" data-element_type=\"e-div-block\" data-e-type=\"e-div-block\" data-interaction-id=\"74fc959\" data-e-type=\"e-div-block\" data-id=\"74fc959\">\n\t\t\t\t<div class=\"elementor-element elementor-element-91b5e8f elementor-align-center elementor-widget__width-initial elementor-widget elementor-widget-button\" data-id=\"91b5e8f\" data-element_type=\"widget\" data-e-type=\"widget\" data-widget_type=\"button.default\">\n\t\t\t\t\t\t\t\t\t\t<a class=\"elementor-button elementor-button-link elementor-size-sm\" href=\"https:\/\/inev.cl\/?medico=dra-daniela-francisca-pardo-gomez\">\n\t\t\t\t\t\t<span class=\"elementor-button-content-wrapper\">\n\t\t\t\t\t\t\t\t\t<span class=\"elementor-button-text\">Ver ficha<\/span>\n\t\t\t\t\t<\/span>\n\t\t\t\t\t<\/a>\n\t\t\t\t\t\t\t\t<\/div>\n\t\t\t\t<\/div>\n\t\t\t\t\t<\/div>\n\t\t\t\t<\/div>\n\t\t\t\t<\/div>\n\t\t\t\t<div data-elementor-type=\"loop-item\" data-elementor-id=\"447\" class=\"elementor elementor-447 e-loop-item e-loop-item-842 post-842 medico type-medico status-publish hentry\" data-elementor-post-type=\"elementor_library\" data-custom-edit-handle=\"1\">\n\t\t\t<div class=\"elementor-element elementor-element-c6146c5 e-flex e-con-boxed e-con e-parent\" data-id=\"c6146c5\" data-element_type=\"container\" data-e-type=\"container\">\n\t\t\t\t\t<div class=\"e-con-inner\">\n\t\t\t\t<div class=\"elementor-element elementor-element-f449857 e-con e-atomic-element e-div-block-base e-f449857-065a807\" data-id=\"f449857\" data-element_type=\"e-div-block\" data-e-type=\"e-div-block\" data-interaction-id=\"f449857\" data-e-type=\"e-div-block\" data-id=\"f449857\">\n\t\t\t\t<div class=\"elementor-element elementor-element-85db059 elementor-widget elementor-widget-image\" data-id=\"85db059\" data-element_type=\"widget\" data-e-type=\"widget\" data-widget_type=\"image.default\">\n\t\t\t\t\t\t\t\t\t\t\t\t\t\t\t<img loading=\"lazy\" decoding=\"async\" width=\"219\" height=\"300\" src=\"https:\/\/inev.cl\/wp-content\/uploads\/2026\/02\/danilo-pina-219x300.jpeg\" class=\"attachment-medium size-medium wp-image-160\" alt=\"\" srcset=\"https:\/\/inev.cl\/wp-content\/uploads\/2026\/02\/danilo-pina-219x300.jpeg 219w, https:\/\/inev.cl\/wp-content\/uploads\/2026\/02\/danilo-pina.jpeg 467w\" sizes=\"(max-width: 219px) 100vw, 219px\" \/>\t\t\t\t\t\t\t\t\t\t\t\t\t\t\t<\/div>\n\t\t\t\t<div class=\"elementor-element elementor-element-ddab927 elementor-widget elementor-widget-heading\" data-id=\"ddab927\" data-element_type=\"widget\" data-e-type=\"widget\" data-widget_type=\"heading.default\">\n\t\t\t\t\t<p class=\"elementor-heading-title elementor-size-default\">Dr. Danilo Basti\u00e1n Pi\u00f1a Vera<\/p>\t\t\t\t<\/div>\n\t\t\t\t<div class=\"elementor-element elementor-element-cc51665 elementor-widget elementor-widget-text-editor\" data-id=\"cc51665\" data-element_type=\"widget\" data-e-type=\"widget\" data-widget_type=\"text-editor.default\">\n\t\t\t\t\t\t\t\t\tM\u00e9dico Veterinaria \u2013 \u00c1rea Hospitalaria\t\t\t\t\t\t\t\t<\/div>\n\t\t\t\t<\/div>\n\t\t\t\t<div class=\"elementor-element elementor-element-74fc959 e-con e-atomic-element e-div-block-base\" data-id=\"74fc959\" data-element_type=\"e-div-block\" data-e-type=\"e-div-block\" data-interaction-id=\"74fc959\" data-e-type=\"e-div-block\" data-id=\"74fc959\">\n\t\t\t\t<div class=\"elementor-element elementor-element-91b5e8f elementor-align-center elementor-widget__width-initial elementor-widget elementor-widget-button\" data-id=\"91b5e8f\" data-element_type=\"widget\" data-e-type=\"widget\" data-widget_type=\"button.default\">\n\t\t\t\t\t\t\t\t\t\t<a class=\"elementor-button elementor-button-link elementor-size-sm\" href=\"https:\/\/inev.cl\/?medico=dr-danilo-bastian-pina-vera\">\n\t\t\t\t\t\t<span class=\"elementor-button-content-wrapper\">\n\t\t\t\t\t\t\t\t\t<span class=\"elementor-button-text\">Ver ficha<\/span>\n\t\t\t\t\t<\/span>\n\t\t\t\t\t<\/a>\n\t\t\t\t\t\t\t\t<\/div>\n\t\t\t\t<\/div>\n\t\t\t\t\t<\/div>\n\t\t\t\t<\/div>\n\t\t\t\t<\/div>\n\t\t\t\t<div data-elementor-type=\"loop-item\" data-elementor-id=\"447\" class=\"elementor elementor-447 e-loop-item e-loop-item-843 post-843 medico type-medico status-publish hentry\" data-elementor-post-type=\"elementor_library\" data-custom-edit-handle=\"1\">\n\t\t\t<div class=\"elementor-element elementor-element-c6146c5 e-flex e-con-boxed e-con e-parent\" data-id=\"c6146c5\" data-element_type=\"container\" data-e-type=\"container\">\n\t\t\t\t\t<div class=\"e-con-inner\">\n\t\t\t\t<div class=\"elementor-element elementor-element-f449857 e-con e-atomic-element e-div-block-base e-f449857-065a807\" data-id=\"f449857\" data-element_type=\"e-div-block\" data-e-type=\"e-div-block\" data-interaction-id=\"f449857\" data-e-type=\"e-div-block\" data-id=\"f449857\">\n\t\t\t\t<div class=\"elementor-element elementor-element-85db059 elementor-widget elementor-widget-image\" data-id=\"85db059\" data-element_type=\"widget\" data-e-type=\"widget\" data-widget_type=\"image.default\">\n\t\t\t\t\t\t\t\t\t\t\t\t\t\t\t<img loading=\"lazy\" decoding=\"async\" width=\"219\" height=\"300\" src=\"https:\/\/inev.cl\/wp-content\/uploads\/2026\/02\/tiare-union-219x300.jpeg\" class=\"attachment-medium size-medium wp-image-195\" alt=\"\" srcset=\"https:\/\/inev.cl\/wp-content\/uploads\/2026\/02\/tiare-union-219x300.jpeg 219w, https:\/\/inev.cl\/wp-content\/uploads\/2026\/02\/tiare-union.jpeg 467w\" sizes=\"(max-width: 219px) 100vw, 219px\" \/>\t\t\t\t\t\t\t\t\t\t\t\t\t\t\t<\/div>\n\t\t\t\t<div class=\"elementor-element elementor-element-ddab927 elementor-widget elementor-widget-heading\" data-id=\"ddab927\" data-element_type=\"widget\" data-e-type=\"widget\" data-widget_type=\"heading.default\">\n\t\t\t\t\t<p class=\"elementor-heading-title elementor-size-default\">Dra. Tiare Uni\u00f3n Ruiz<\/p>\t\t\t\t<\/div>\n\t\t\t\t<div class=\"elementor-element elementor-element-cc51665 elementor-widget elementor-widget-text-editor\" data-id=\"cc51665\" data-element_type=\"widget\" data-e-type=\"widget\" data-widget_type=\"text-editor.default\">\n\t\t\t\t\t\t\t\t\tM\u00e9dica Veterinaria \u2013 Especialista en Urgencias y Cuidados Intensivos\t\t\t\t\t\t\t\t<\/div>\n\t\t\t\t<\/div>\n\t\t\t\t<div class=\"elementor-element elementor-element-74fc959 e-con e-atomic-element e-div-block-base\" data-id=\"74fc959\" data-element_type=\"e-div-block\" data-e-type=\"e-div-block\" data-interaction-id=\"74fc959\" data-e-type=\"e-div-block\" data-id=\"74fc959\">\n\t\t\t\t<div class=\"elementor-element elementor-element-91b5e8f elementor-align-center elementor-widget__width-initial elementor-widget elementor-widget-button\" data-id=\"91b5e8f\" data-element_type=\"widget\" data-e-type=\"widget\" data-widget_type=\"button.default\">\n\t\t\t\t\t\t\t\t\t\t<a class=\"elementor-button elementor-button-link elementor-size-sm\" href=\"https:\/\/inev.cl\/?medico=dra-tiare-union-ruiz\">\n\t\t\t\t\t\t<span class=\"elementor-button-content-wrapper\">\n\t\t\t\t\t\t\t\t\t<span class=\"elementor-button-text\">Ver ficha<\/span>\n\t\t\t\t\t<\/span>\n\t\t\t\t\t<\/a>\n\t\t\t\t\t\t\t\t<\/div>\n\t\t\t\t<\/div>\n\t\t\t\t\t<\/div>\n\t\t\t\t<\/div>\n\t\t\t\t<\/div>\n\t\t\t\t<div data-elementor-type=\"loop-item\" data-elementor-id=\"447\" class=\"elementor elementor-447 e-loop-item e-loop-item-844 post-844 medico type-medico status-publish hentry\" data-elementor-post-type=\"elementor_library\" data-custom-edit-handle=\"1\">\n\t\t\t<div class=\"elementor-element elementor-element-c6146c5 e-flex e-con-boxed e-con e-parent\" data-id=\"c6146c5\" data-element_type=\"container\" data-e-type=\"container\">\n\t\t\t\t\t<div class=\"e-con-inner\">\n\t\t\t\t<div class=\"elementor-element elementor-element-f449857 e-con e-atomic-element e-div-block-base e-f449857-065a807\" data-id=\"f449857\" data-element_type=\"e-div-block\" data-e-type=\"e-div-block\" data-interaction-id=\"f449857\" data-e-type=\"e-div-block\" data-id=\"f449857\">\n\t\t\t\t<div class=\"elementor-element elementor-element-85db059 elementor-widget elementor-widget-image\" data-id=\"85db059\" data-element_type=\"widget\" data-e-type=\"widget\" data-widget_type=\"image.default\">\n\t\t\t\t\t\t\t\t\t\t\t\t\t\t\t<img loading=\"lazy\" decoding=\"async\" width=\"225\" height=\"300\" src=\"https:\/\/inev.cl\/wp-content\/uploads\/2026\/02\/tamara-saud-225x300.jpeg\" class=\"attachment-medium size-medium wp-image-194\" alt=\"\" srcset=\"https:\/\/inev.cl\/wp-content\/uploads\/2026\/02\/tamara-saud-225x300.jpeg 225w, https:\/\/inev.cl\/wp-content\/uploads\/2026\/02\/tamara-saud.jpeg 480w\" sizes=\"(max-width: 225px) 100vw, 225px\" \/>\t\t\t\t\t\t\t\t\t\t\t\t\t\t\t<\/div>\n\t\t\t\t<div class=\"elementor-element elementor-element-ddab927 elementor-widget elementor-widget-heading\" data-id=\"ddab927\" data-element_type=\"widget\" data-e-type=\"widget\" data-widget_type=\"heading.default\">\n\t\t\t\t\t<p class=\"elementor-heading-title elementor-size-default\">Dra. Tamara Bel\u00e9n Saud Santiago<\/p>\t\t\t\t<\/div>\n\t\t\t\t<div class=\"elementor-element elementor-element-cc51665 elementor-widget elementor-widget-text-editor\" data-id=\"cc51665\" data-element_type=\"widget\" data-e-type=\"widget\" data-widget_type=\"text-editor.default\">\n\t\t\t\t\t\t\t\t\tM\u00e9dico Veterinaria \u2013 Especialista en Neurolog\u00eda\t\t\t\t\t\t\t\t<\/div>\n\t\t\t\t<\/div>\n\t\t\t\t<div class=\"elementor-element elementor-element-74fc959 e-con e-atomic-element e-div-block-base\" data-id=\"74fc959\" data-element_type=\"e-div-block\" data-e-type=\"e-div-block\" data-interaction-id=\"74fc959\" data-e-type=\"e-div-block\" data-id=\"74fc959\">\n\t\t\t\t<div class=\"elementor-element elementor-element-91b5e8f elementor-align-center elementor-widget__width-initial elementor-widget elementor-widget-button\" data-id=\"91b5e8f\" data-element_type=\"widget\" data-e-type=\"widget\" data-widget_type=\"button.default\">\n\t\t\t\t\t\t\t\t\t\t<a class=\"elementor-button elementor-button-link elementor-size-sm\" href=\"https:\/\/inev.cl\/?medico=dra-tamara-belen-saud-santiago\">\n\t\t\t\t\t\t<span class=\"elementor-button-content-wrapper\">\n\t\t\t\t\t\t\t\t\t<span class=\"elementor-button-text\">Ver ficha<\/span>\n\t\t\t\t\t<\/span>\n\t\t\t\t\t<\/a>\n\t\t\t\t\t\t\t\t<\/div>\n\t\t\t\t<\/div>\n\t\t\t\t\t<\/div>\n\t\t\t\t<\/div>\n\t\t\t\t<\/div>\n\t\t\t\t<div data-elementor-type=\"loop-item\" data-elementor-id=\"447\" class=\"elementor elementor-447 e-loop-item e-loop-item-845 post-845 medico type-medico status-publish hentry\" data-elementor-post-type=\"elementor_library\" data-custom-edit-handle=\"1\">\n\t\t\t<div class=\"elementor-element elementor-element-c6146c5 e-flex e-con-boxed e-con e-parent\" data-id=\"c6146c5\" data-element_type=\"container\" data-e-type=\"container\">\n\t\t\t\t\t<div class=\"e-con-inner\">\n\t\t\t\t<div class=\"elementor-element elementor-element-f449857 e-con e-atomic-element e-div-block-base e-f449857-065a807\" data-id=\"f449857\" data-element_type=\"e-div-block\" data-e-type=\"e-div-block\" data-interaction-id=\"f449857\" data-e-type=\"e-div-block\" data-id=\"f449857\">\n\t\t\t\t<div class=\"elementor-element elementor-element-85db059 elementor-widget elementor-widget-image\" data-id=\"85db059\" data-element_type=\"widget\" data-e-type=\"widget\" data-widget_type=\"image.default\">\n\t\t\t\t\t\t\t\t\t\t\t\t\t\t\t<img loading=\"lazy\" decoding=\"async\" width=\"225\" height=\"300\" src=\"https:\/\/inev.cl\/wp-content\/uploads\/2026\/02\/maria-baraona-225x300.jpeg\" class=\"attachment-medium size-medium wp-image-182\" alt=\"\" srcset=\"https:\/\/inev.cl\/wp-content\/uploads\/2026\/02\/maria-baraona-225x300.jpeg 225w, https:\/\/inev.cl\/wp-content\/uploads\/2026\/02\/maria-baraona.jpeg 480w\" sizes=\"(max-width: 225px) 100vw, 225px\" \/>\t\t\t\t\t\t\t\t\t\t\t\t\t\t\t<\/div>\n\t\t\t\t<div class=\"elementor-element elementor-element-ddab927 elementor-widget elementor-widget-heading\" data-id=\"ddab927\" data-element_type=\"widget\" data-e-type=\"widget\" data-widget_type=\"heading.default\">\n\t\t\t\t\t<p class=\"elementor-heading-title elementor-size-default\">Dra. Mar\u00eda Jes\u00fas Baraona Cathalifaud<\/p>\t\t\t\t<\/div>\n\t\t\t\t<div class=\"elementor-element elementor-element-cc51665 elementor-widget elementor-widget-text-editor\" data-id=\"cc51665\" data-element_type=\"widget\" data-e-type=\"widget\" data-widget_type=\"text-editor.default\">\n\t\t\t\t\t\t\t\t\tM\u00e9dica Veterinaria \u2013 Especialista en Urgencias y Cuidados Intensivos\t\t\t\t\t\t\t\t<\/div>\n\t\t\t\t<\/div>\n\t\t\t\t<div class=\"elementor-element elementor-element-74fc959 e-con e-atomic-element e-div-block-base\" data-id=\"74fc959\" data-element_type=\"e-div-block\" data-e-type=\"e-div-block\" data-interaction-id=\"74fc959\" data-e-type=\"e-div-block\" data-id=\"74fc959\">\n\t\t\t\t<div class=\"elementor-element elementor-element-91b5e8f elementor-align-center elementor-widget__width-initial elementor-widget elementor-widget-button\" data-id=\"91b5e8f\" data-element_type=\"widget\" data-e-type=\"widget\" data-widget_type=\"button.default\">\n\t\t\t\t\t\t\t\t\t\t<a class=\"elementor-button elementor-button-link elementor-size-sm\" href=\"https:\/\/inev.cl\/?medico=dra-maria-jesus-baraona-cathalifaud\">\n\t\t\t\t\t\t<span class=\"elementor-button-content-wrapper\">\n\t\t\t\t\t\t\t\t\t<span class=\"elementor-button-text\">Ver ficha<\/span>\n\t\t\t\t\t<\/span>\n\t\t\t\t\t<\/a>\n\t\t\t\t\t\t\t\t<\/div>\n\t\t\t\t<\/div>\n\t\t\t\t\t<\/div>\n\t\t\t\t<\/div>\n\t\t\t\t<\/div>\n\t\t\t\t<div data-elementor-type=\"loop-item\" data-elementor-id=\"447\" class=\"elementor elementor-447 e-loop-item e-loop-item-846 post-846 medico type-medico status-publish hentry\" data-elementor-post-type=\"elementor_library\" data-custom-edit-handle=\"1\">\n\t\t\t<div class=\"elementor-element elementor-element-c6146c5 e-flex e-con-boxed e-con e-parent\" data-id=\"c6146c5\" data-element_type=\"container\" data-e-type=\"container\">\n\t\t\t\t\t<div class=\"e-con-inner\">\n\t\t\t\t<div class=\"elementor-element elementor-element-f449857 e-con e-atomic-element e-div-block-base e-f449857-065a807\" data-id=\"f449857\" data-element_type=\"e-div-block\" data-e-type=\"e-div-block\" data-interaction-id=\"f449857\" data-e-type=\"e-div-block\" data-id=\"f449857\">\n\t\t\t\t<div class=\"elementor-element elementor-element-85db059 elementor-widget elementor-widget-image\" data-id=\"85db059\" data-element_type=\"widget\" data-e-type=\"widget\" data-widget_type=\"image.default\">\n\t\t\t\t\t\t\t\t\t\t\t\t\t\t\t<img loading=\"lazy\" decoding=\"async\" width=\"219\" height=\"300\" src=\"https:\/\/inev.cl\/wp-content\/uploads\/2026\/02\/camila-pierbattisti-219x300.jpeg\" class=\"attachment-medium size-medium wp-image-154\" alt=\"\" srcset=\"https:\/\/inev.cl\/wp-content\/uploads\/2026\/02\/camila-pierbattisti-219x300.jpeg 219w, https:\/\/inev.cl\/wp-content\/uploads\/2026\/02\/camila-pierbattisti.jpeg 467w\" sizes=\"(max-width: 219px) 100vw, 219px\" \/>\t\t\t\t\t\t\t\t\t\t\t\t\t\t\t<\/div>\n\t\t\t\t<div class=\"elementor-element elementor-element-ddab927 elementor-widget elementor-widget-heading\" data-id=\"ddab927\" data-element_type=\"widget\" data-e-type=\"widget\" data-widget_type=\"heading.default\">\n\t\t\t\t\t<p class=\"elementor-heading-title elementor-size-default\">Dra. Camila Pierbattisti Barriga<\/p>\t\t\t\t<\/div>\n\t\t\t\t<div class=\"elementor-element elementor-element-cc51665 elementor-widget elementor-widget-text-editor\" data-id=\"cc51665\" data-element_type=\"widget\" data-e-type=\"widget\" data-widget_type=\"text-editor.default\">\n\t\t\t\t\t\t\t\t\tM\u00e9dico Veterinaria \u2013 \u00c1rea Hospitalaria\t\t\t\t\t\t\t\t<\/div>\n\t\t\t\t<\/div>\n\t\t\t\t<div class=\"elementor-element elementor-element-74fc959 e-con e-atomic-element e-div-block-base\" data-id=\"74fc959\" data-element_type=\"e-div-block\" data-e-type=\"e-div-block\" data-interaction-id=\"74fc959\" data-e-type=\"e-div-block\" data-id=\"74fc959\">\n\t\t\t\t<div class=\"elementor-element elementor-element-91b5e8f elementor-align-center elementor-widget__width-initial elementor-widget elementor-widget-button\" data-id=\"91b5e8f\" data-element_type=\"widget\" data-e-type=\"widget\" data-widget_type=\"button.default\">\n\t\t\t\t\t\t\t\t\t\t<a class=\"elementor-button elementor-button-link elementor-size-sm\" href=\"https:\/\/inev.cl\/?medico=dra-camila-pierbattisti-barriga\">\n\t\t\t\t\t\t<span class=\"elementor-button-content-wrapper\">\n\t\t\t\t\t\t\t\t\t<span class=\"elementor-button-text\">Ver ficha<\/span>\n\t\t\t\t\t<\/span>\n\t\t\t\t\t<\/a>\n\t\t\t\t\t\t\t\t<\/div>\n\t\t\t\t<\/div>\n\t\t\t\t\t<\/div>\n\t\t\t\t<\/div>\n\t\t\t\t<\/div>\n\t\t\t\t<div data-elementor-type=\"loop-item\" data-elementor-id=\"447\" class=\"elementor elementor-447 e-loop-item e-loop-item-847 post-847 medico type-medico status-publish hentry\" data-elementor-post-type=\"elementor_library\" data-custom-edit-handle=\"1\">\n\t\t\t<div class=\"elementor-element elementor-element-c6146c5 e-flex e-con-boxed e-con e-parent\" data-id=\"c6146c5\" data-element_type=\"container\" data-e-type=\"container\">\n\t\t\t\t\t<div class=\"e-con-inner\">\n\t\t\t\t<div class=\"elementor-element elementor-element-f449857 e-con e-atomic-element e-div-block-base e-f449857-065a807\" data-id=\"f449857\" data-element_type=\"e-div-block\" data-e-type=\"e-div-block\" data-interaction-id=\"f449857\" data-e-type=\"e-div-block\" data-id=\"f449857\">\n\t\t\t\t<div class=\"elementor-element elementor-element-85db059 elementor-widget elementor-widget-image\" data-id=\"85db059\" data-element_type=\"widget\" data-e-type=\"widget\" data-widget_type=\"image.default\">\n\t\t\t\t\t\t\t\t\t\t\t\t\t\t\t<img loading=\"lazy\" decoding=\"async\" width=\"219\" height=\"300\" src=\"https:\/\/inev.cl\/wp-content\/uploads\/2026\/02\/anais-caurapan-219x300.jpeg\" class=\"attachment-medium size-medium wp-image-151\" alt=\"\" srcset=\"https:\/\/inev.cl\/wp-content\/uploads\/2026\/02\/anais-caurapan-219x300.jpeg 219w, https:\/\/inev.cl\/wp-content\/uploads\/2026\/02\/anais-caurapan.jpeg 467w\" sizes=\"(max-width: 219px) 100vw, 219px\" \/>\t\t\t\t\t\t\t\t\t\t\t\t\t\t\t<\/div>\n\t\t\t\t<div class=\"elementor-element elementor-element-ddab927 elementor-widget elementor-widget-heading\" data-id=\"ddab927\" data-element_type=\"widget\" data-e-type=\"widget\" data-widget_type=\"heading.default\">\n\t\t\t\t\t<p class=\"elementor-heading-title elementor-size-default\">Dra. Ana\u00eds Angelica Caurapan Montero<\/p>\t\t\t\t<\/div>\n\t\t\t\t<div class=\"elementor-element elementor-element-cc51665 elementor-widget elementor-widget-text-editor\" data-id=\"cc51665\" data-element_type=\"widget\" data-e-type=\"widget\" data-widget_type=\"text-editor.default\">\n\t\t\t\t\t\t\t\t\tM\u00e9dico Veterinaria \u2013 \u00c1rea Hospitalaria\t\t\t\t\t\t\t\t<\/div>\n\t\t\t\t<\/div>\n\t\t\t\t<div class=\"elementor-element elementor-element-74fc959 e-con e-atomic-element e-div-block-base\" data-id=\"74fc959\" data-element_type=\"e-div-block\" data-e-type=\"e-div-block\" data-interaction-id=\"74fc959\" data-e-type=\"e-div-block\" data-id=\"74fc959\">\n\t\t\t\t<div class=\"elementor-element elementor-element-91b5e8f elementor-align-center elementor-widget__width-initial elementor-widget elementor-widget-button\" data-id=\"91b5e8f\" data-element_type=\"widget\" data-e-type=\"widget\" data-widget_type=\"button.default\">\n\t\t\t\t\t\t\t\t\t\t<a class=\"elementor-button elementor-button-link elementor-size-sm\" href=\"https:\/\/inev.cl\/?medico=dra-anais-angelica-caurapan-montero\">\n\t\t\t\t\t\t<span class=\"elementor-button-content-wrapper\">\n\t\t\t\t\t\t\t\t\t<span class=\"elementor-button-text\">Ver ficha<\/span>\n\t\t\t\t\t<\/span>\n\t\t\t\t\t<\/a>\n\t\t\t\t\t\t\t\t<\/div>\n\t\t\t\t<\/div>\n\t\t\t\t\t<\/div>\n\t\t\t\t<\/div>\n\t\t\t\t<\/div>\n\t\t\t\t<div data-elementor-type=\"loop-item\" data-elementor-id=\"447\" class=\"elementor elementor-447 e-loop-item e-loop-item-849 post-849 medico type-medico status-publish hentry\" data-elementor-post-type=\"elementor_library\" data-custom-edit-handle=\"1\">\n\t\t\t<div class=\"elementor-element elementor-element-c6146c5 e-flex e-con-boxed e-con e-parent\" data-id=\"c6146c5\" data-element_type=\"container\" data-e-type=\"container\">\n\t\t\t\t\t<div class=\"e-con-inner\">\n\t\t\t\t<div class=\"elementor-element elementor-element-f449857 e-con e-atomic-element e-div-block-base e-f449857-065a807\" data-id=\"f449857\" data-element_type=\"e-div-block\" data-e-type=\"e-div-block\" data-interaction-id=\"f449857\" data-e-type=\"e-div-block\" data-id=\"f449857\">\n\t\t\t\t<div class=\"elementor-element elementor-element-85db059 elementor-widget elementor-widget-image\" data-id=\"85db059\" data-element_type=\"widget\" data-e-type=\"widget\" data-widget_type=\"image.default\">\n\t\t\t\t\t\t\t\t\t\t\t\t\t\t\t<img loading=\"lazy\" decoding=\"async\" width=\"219\" height=\"300\" src=\"https:\/\/inev.cl\/wp-content\/uploads\/2026\/02\/maria-mena-219x300.jpeg\" class=\"attachment-medium size-medium wp-image-184\" alt=\"\" srcset=\"https:\/\/inev.cl\/wp-content\/uploads\/2026\/02\/maria-mena-219x300.jpeg 219w, https:\/\/inev.cl\/wp-content\/uploads\/2026\/02\/maria-mena.jpeg 467w\" sizes=\"(max-width: 219px) 100vw, 219px\" \/>\t\t\t\t\t\t\t\t\t\t\t\t\t\t\t<\/div>\n\t\t\t\t<div class=\"elementor-element elementor-element-ddab927 elementor-widget elementor-widget-heading\" data-id=\"ddab927\" data-element_type=\"widget\" data-e-type=\"widget\" data-widget_type=\"heading.default\">\n\t\t\t\t\t<p class=\"elementor-heading-title elementor-size-default\">Dra. Mar\u00eda Victoria Mena Castro<\/p>\t\t\t\t<\/div>\n\t\t\t\t<div class=\"elementor-element elementor-element-cc51665 elementor-widget elementor-widget-text-editor\" data-id=\"cc51665\" data-element_type=\"widget\" data-e-type=\"widget\" data-widget_type=\"text-editor.default\">\n\t\t\t\t\t\t\t\t\tM\u00e9dico Veterinaria \u2013 \u00c1rea Hospitalaria\t\t\t\t\t\t\t\t<\/div>\n\t\t\t\t<\/div>\n\t\t\t\t<div class=\"elementor-element elementor-element-74fc959 e-con e-atomic-element e-div-block-base\" data-id=\"74fc959\" data-element_type=\"e-div-block\" data-e-type=\"e-div-block\" data-interaction-id=\"74fc959\" data-e-type=\"e-div-block\" data-id=\"74fc959\">\n\t\t\t\t<div class=\"elementor-element elementor-element-91b5e8f elementor-align-center elementor-widget__width-initial elementor-widget elementor-widget-button\" data-id=\"91b5e8f\" data-element_type=\"widget\" data-e-type=\"widget\" data-widget_type=\"button.default\">\n\t\t\t\t\t\t\t\t\t\t<a class=\"elementor-button elementor-button-link elementor-size-sm\" href=\"https:\/\/inev.cl\/?medico=dra-maria-victoria-mena-castro\">\n\t\t\t\t\t\t<span class=\"elementor-button-content-wrapper\">\n\t\t\t\t\t\t\t\t\t<span class=\"elementor-button-text\">Ver ficha<\/span>\n\t\t\t\t\t<\/span>\n\t\t\t\t\t<\/a>\n\t\t\t\t\t\t\t\t<\/div>\n\t\t\t\t<\/div>\n\t\t\t\t\t<\/div>\n\t\t\t\t<\/div>\n\t\t\t\t<\/div>\n\t\t\t\t<div data-elementor-type=\"loop-item\" data-elementor-id=\"447\" class=\"elementor elementor-447 e-loop-item e-loop-item-850 post-850 medico type-medico status-publish hentry\" data-elementor-post-type=\"elementor_library\" data-custom-edit-handle=\"1\">\n\t\t\t<div class=\"elementor-element elementor-element-c6146c5 e-flex e-con-boxed e-con e-parent\" data-id=\"c6146c5\" data-element_type=\"container\" data-e-type=\"container\">\n\t\t\t\t\t<div class=\"e-con-inner\">\n\t\t\t\t<div class=\"elementor-element elementor-element-f449857 e-con e-atomic-element e-div-block-base e-f449857-065a807\" data-id=\"f449857\" data-element_type=\"e-div-block\" data-e-type=\"e-div-block\" data-interaction-id=\"f449857\" data-e-type=\"e-div-block\" data-id=\"f449857\">\n\t\t\t\t<div class=\"elementor-element elementor-element-85db059 elementor-widget elementor-widget-image\" data-id=\"85db059\" data-element_type=\"widget\" data-e-type=\"widget\" data-widget_type=\"image.default\">\n\t\t\t\t\t\t\t\t\t\t\t\t\t\t\t<img loading=\"lazy\" decoding=\"async\" width=\"225\" height=\"300\" src=\"https:\/\/inev.cl\/wp-content\/uploads\/2026\/02\/paula-catalan-225x300.jpeg\" class=\"attachment-medium size-medium wp-image-190\" alt=\"\" srcset=\"https:\/\/inev.cl\/wp-content\/uploads\/2026\/02\/paula-catalan-225x300.jpeg 225w, https:\/\/inev.cl\/wp-content\/uploads\/2026\/02\/paula-catalan.jpeg 480w\" sizes=\"(max-width: 225px) 100vw, 225px\" \/>\t\t\t\t\t\t\t\t\t\t\t\t\t\t\t<\/div>\n\t\t\t\t<div class=\"elementor-element elementor-element-ddab927 elementor-widget elementor-widget-heading\" data-id=\"ddab927\" data-element_type=\"widget\" data-e-type=\"widget\" data-widget_type=\"heading.default\">\n\t\t\t\t\t<p class=\"elementor-heading-title elementor-size-default\">Paula Isidora Catal\u00e1n Villavicencio<\/p>\t\t\t\t<\/div>\n\t\t\t\t<div class=\"elementor-element elementor-element-cc51665 elementor-widget elementor-widget-text-editor\" data-id=\"cc51665\" data-element_type=\"widget\" data-e-type=\"widget\" data-widget_type=\"text-editor.default\">\n\t\t\t\t\t\t\t\t\tTecn\u00f3logo M\u00e9dico \u2013 Especialista en Resonancia Magn\u00e9tica (RM) y Tomograf\u00eda Computarizada (TC)\t\t\t\t\t\t\t\t<\/div>\n\t\t\t\t<\/div>\n\t\t\t\t<div class=\"elementor-element elementor-element-74fc959 e-con e-atomic-element e-div-block-base\" data-id=\"74fc959\" data-element_type=\"e-div-block\" data-e-type=\"e-div-block\" data-interaction-id=\"74fc959\" data-e-type=\"e-div-block\" data-id=\"74fc959\">\n\t\t\t\t<div class=\"elementor-element elementor-element-91b5e8f elementor-align-center elementor-widget__width-initial elementor-widget elementor-widget-button\" data-id=\"91b5e8f\" data-element_type=\"widget\" data-e-type=\"widget\" data-widget_type=\"button.default\">\n\t\t\t\t\t\t\t\t\t\t<a class=\"elementor-button elementor-button-link elementor-size-sm\" href=\"https:\/\/inev.cl\/?medico=paula-isidora-catalan-villavicencio\">\n\t\t\t\t\t\t<span class=\"elementor-button-content-wrapper\">\n\t\t\t\t\t\t\t\t\t<span class=\"elementor-button-text\">Ver ficha<\/span>\n\t\t\t\t\t<\/span>\n\t\t\t\t\t<\/a>\n\t\t\t\t\t\t\t\t<\/div>\n\t\t\t\t<\/div>\n\t\t\t\t\t<\/div>\n\t\t\t\t<\/div>\n\t\t\t\t<\/div>\n\t\t\t\t<div data-elementor-type=\"loop-item\" data-elementor-id=\"447\" class=\"elementor elementor-447 e-loop-item e-loop-item-851 post-851 medico type-medico status-publish hentry\" data-elementor-post-type=\"elementor_library\" data-custom-edit-handle=\"1\">\n\t\t\t<div class=\"elementor-element elementor-element-c6146c5 e-flex e-con-boxed e-con e-parent\" data-id=\"c6146c5\" data-element_type=\"container\" data-e-type=\"container\">\n\t\t\t\t\t<div class=\"e-con-inner\">\n\t\t\t\t<div class=\"elementor-element elementor-element-f449857 e-con e-atomic-element e-div-block-base e-f449857-065a807\" data-id=\"f449857\" data-element_type=\"e-div-block\" data-e-type=\"e-div-block\" data-interaction-id=\"f449857\" data-e-type=\"e-div-block\" data-id=\"f449857\">\n\t\t\t\t<div class=\"elementor-element elementor-element-85db059 elementor-widget elementor-widget-image\" data-id=\"85db059\" data-element_type=\"widget\" data-e-type=\"widget\" data-widget_type=\"image.default\">\n\t\t\t\t\t\t\t\t\t\t\t\t\t\t\t<img loading=\"lazy\" decoding=\"async\" width=\"225\" height=\"300\" src=\"https:\/\/inev.cl\/wp-content\/uploads\/2026\/02\/kayleigh-zura-225x300.jpeg\" class=\"attachment-medium size-medium wp-image-178\" alt=\"\" srcset=\"https:\/\/inev.cl\/wp-content\/uploads\/2026\/02\/kayleigh-zura-225x300.jpeg 225w, https:\/\/inev.cl\/wp-content\/uploads\/2026\/02\/kayleigh-zura.jpeg 480w\" sizes=\"(max-width: 225px) 100vw, 225px\" \/>\t\t\t\t\t\t\t\t\t\t\t\t\t\t\t<\/div>\n\t\t\t\t<div class=\"elementor-element elementor-element-ddab927 elementor-widget elementor-widget-heading\" data-id=\"ddab927\" data-element_type=\"widget\" data-e-type=\"widget\" data-widget_type=\"heading.default\">\n\t\t\t\t\t<p class=\"elementor-heading-title elementor-size-default\">Kayleigh Maricel Zura Ortiz<\/p>\t\t\t\t<\/div>\n\t\t\t\t<div class=\"elementor-element elementor-element-cc51665 elementor-widget elementor-widget-text-editor\" data-id=\"cc51665\" data-element_type=\"widget\" data-e-type=\"widget\" data-widget_type=\"text-editor.default\">\n\t\t\t\t\t\t\t\t\tTecn\u00f3logo M\u00e9dico \u2013 Especialista en Resonancia Magn\u00e9tica (RM) y Tomograf\u00eda Computarizada (TC) Veterinaria\t\t\t\t\t\t\t\t<\/div>\n\t\t\t\t<\/div>\n\t\t\t\t<div class=\"elementor-element elementor-element-74fc959 e-con e-atomic-element e-div-block-base\" data-id=\"74fc959\" data-element_type=\"e-div-block\" data-e-type=\"e-div-block\" data-interaction-id=\"74fc959\" data-e-type=\"e-div-block\" data-id=\"74fc959\">\n\t\t\t\t<div class=\"elementor-element elementor-element-91b5e8f elementor-align-center elementor-widget__width-initial elementor-widget elementor-widget-button\" data-id=\"91b5e8f\" data-element_type=\"widget\" data-e-type=\"widget\" data-widget_type=\"button.default\">\n\t\t\t\t\t\t\t\t\t\t<a class=\"elementor-button elementor-button-link elementor-size-sm\" href=\"https:\/\/inev.cl\/?medico=kayleigh-maricel-zura-ortiz\">\n\t\t\t\t\t\t<span class=\"elementor-button-content-wrapper\">\n\t\t\t\t\t\t\t\t\t<span class=\"elementor-button-text\">Ver ficha<\/span>\n\t\t\t\t\t<\/span>\n\t\t\t\t\t<\/a>\n\t\t\t\t\t\t\t\t<\/div>\n\t\t\t\t<\/div>\n\t\t\t\t\t<\/div>\n\t\t\t\t<\/div>\n\t\t\t\t<\/div>\n\t\t\t\t<div data-elementor-type=\"loop-item\" data-elementor-id=\"447\" class=\"elementor elementor-447 e-loop-item e-loop-item-852 post-852 medico type-medico status-publish hentry\" data-elementor-post-type=\"elementor_library\" data-custom-edit-handle=\"1\">\n\t\t\t<div class=\"elementor-element elementor-element-c6146c5 e-flex e-con-boxed e-con e-parent\" data-id=\"c6146c5\" data-element_type=\"container\" data-e-type=\"container\">\n\t\t\t\t\t<div class=\"e-con-inner\">\n\t\t\t\t<div class=\"elementor-element elementor-element-f449857 e-con e-atomic-element e-div-block-base e-f449857-065a807\" data-id=\"f449857\" data-element_type=\"e-div-block\" data-e-type=\"e-div-block\" data-interaction-id=\"f449857\" data-e-type=\"e-div-block\" data-id=\"f449857\">\n\t\t\t\t<div class=\"elementor-element elementor-element-85db059 elementor-widget elementor-widget-image\" data-id=\"85db059\" data-element_type=\"widget\" data-e-type=\"widget\" data-widget_type=\"image.default\">\n\t\t\t\t\t\t\t\t\t\t\t\t\t\t\t<img loading=\"lazy\" decoding=\"async\" width=\"219\" height=\"300\" src=\"https:\/\/inev.cl\/wp-content\/uploads\/2026\/02\/jose-rojas-219x300.jpeg\" class=\"attachment-medium size-medium wp-image-175\" alt=\"\" srcset=\"https:\/\/inev.cl\/wp-content\/uploads\/2026\/02\/jose-rojas-219x300.jpeg 219w, https:\/\/inev.cl\/wp-content\/uploads\/2026\/02\/jose-rojas.jpeg 467w\" sizes=\"(max-width: 219px) 100vw, 219px\" \/>\t\t\t\t\t\t\t\t\t\t\t\t\t\t\t<\/div>\n\t\t\t\t<div class=\"elementor-element elementor-element-ddab927 elementor-widget elementor-widget-heading\" data-id=\"ddab927\" data-element_type=\"widget\" data-e-type=\"widget\" data-widget_type=\"heading.default\">\n\t\t\t\t\t<p class=\"elementor-heading-title elementor-size-default\">Jos\u00e9 Ignacio Rojas Guti\u00e9rrez<\/p>\t\t\t\t<\/div>\n\t\t\t\t<div class=\"elementor-element elementor-element-cc51665 elementor-widget elementor-widget-text-editor\" data-id=\"cc51665\" data-element_type=\"widget\" data-e-type=\"widget\" data-widget_type=\"text-editor.default\">\n\t\t\t\t\t\t\t\t\tTecn\u00f3logo M\u00e9dico \u2013 Especialista en Resonancia Magn\u00e9tica (RM) y Tomograf\u00eda Computarizada (TC)\t\t\t\t\t\t\t\t<\/div>\n\t\t\t\t<\/div>\n\t\t\t\t<div class=\"elementor-element elementor-element-74fc959 e-con e-atomic-element e-div-block-base\" data-id=\"74fc959\" data-element_type=\"e-div-block\" data-e-type=\"e-div-block\" data-interaction-id=\"74fc959\" data-e-type=\"e-div-block\" data-id=\"74fc959\">\n\t\t\t\t<div class=\"elementor-element elementor-element-91b5e8f elementor-align-center elementor-widget__width-initial elementor-widget elementor-widget-button\" data-id=\"91b5e8f\" data-element_type=\"widget\" data-e-type=\"widget\" data-widget_type=\"button.default\">\n\t\t\t\t\t\t\t\t\t\t<a class=\"elementor-button elementor-button-link elementor-size-sm\" href=\"https:\/\/inev.cl\/?medico=jose-ignacio-rojas-gutierrez\">\n\t\t\t\t\t\t<span class=\"elementor-button-content-wrapper\">\n\t\t\t\t\t\t\t\t\t<span class=\"elementor-button-text\">Ver ficha<\/span>\n\t\t\t\t\t<\/span>\n\t\t\t\t\t<\/a>\n\t\t\t\t\t\t\t\t<\/div>\n\t\t\t\t<\/div>\n\t\t\t\t\t<\/div>\n\t\t\t\t<\/div>\n\t\t\t\t<\/div>\n\t\t\t\t<div data-elementor-type=\"loop-item\" data-elementor-id=\"447\" class=\"elementor elementor-447 e-loop-item e-loop-item-853 post-853 medico type-medico status-publish hentry\" data-elementor-post-type=\"elementor_library\" data-custom-edit-handle=\"1\">\n\t\t\t<div class=\"elementor-element elementor-element-c6146c5 e-flex e-con-boxed e-con e-parent\" data-id=\"c6146c5\" data-element_type=\"container\" data-e-type=\"container\">\n\t\t\t\t\t<div class=\"e-con-inner\">\n\t\t\t\t<div class=\"elementor-element elementor-element-f449857 e-con e-atomic-element e-div-block-base e-f449857-065a807\" data-id=\"f449857\" data-element_type=\"e-div-block\" data-e-type=\"e-div-block\" data-interaction-id=\"f449857\" data-e-type=\"e-div-block\" data-id=\"f449857\">\n\t\t\t\t<div class=\"elementor-element elementor-element-85db059 elementor-widget elementor-widget-image\" data-id=\"85db059\" data-element_type=\"widget\" data-e-type=\"widget\" data-widget_type=\"image.default\">\n\t\t\t\t\t\t\t\t\t\t\t\t\t\t\t<img loading=\"lazy\" decoding=\"async\" width=\"225\" height=\"300\" src=\"https:\/\/inev.cl\/wp-content\/uploads\/2026\/02\/ignacia-diaz-225x300.jpeg\" class=\"attachment-medium size-medium wp-image-172\" alt=\"\" srcset=\"https:\/\/inev.cl\/wp-content\/uploads\/2026\/02\/ignacia-diaz-225x300.jpeg 225w, https:\/\/inev.cl\/wp-content\/uploads\/2026\/02\/ignacia-diaz.jpeg 480w\" sizes=\"(max-width: 225px) 100vw, 225px\" \/>\t\t\t\t\t\t\t\t\t\t\t\t\t\t\t<\/div>\n\t\t\t\t<div class=\"elementor-element elementor-element-ddab927 elementor-widget elementor-widget-heading\" data-id=\"ddab927\" data-element_type=\"widget\" data-e-type=\"widget\" data-widget_type=\"heading.default\">\n\t\t\t\t\t<p class=\"elementor-heading-title elementor-size-default\">Ignacia Bel\u00e9n D\u00edaz Lee<\/p>\t\t\t\t<\/div>\n\t\t\t\t<div class=\"elementor-element elementor-element-cc51665 elementor-widget elementor-widget-text-editor\" data-id=\"cc51665\" data-element_type=\"widget\" data-e-type=\"widget\" data-widget_type=\"text-editor.default\">\n\t\t\t\t\t\t\t\t\tM\u00e9dico Veterinario \u2013 Especialista en Anestesiolog\u00eda\t\t\t\t\t\t\t\t<\/div>\n\t\t\t\t<\/div>\n\t\t\t\t<div class=\"elementor-element elementor-element-74fc959 e-con e-atomic-element e-div-block-base\" data-id=\"74fc959\" data-element_type=\"e-div-block\" data-e-type=\"e-div-block\" data-interaction-id=\"74fc959\" data-e-type=\"e-div-block\" data-id=\"74fc959\">\n\t\t\t\t<div class=\"elementor-element elementor-element-91b5e8f elementor-align-center elementor-widget__width-initial elementor-widget elementor-widget-button\" data-id=\"91b5e8f\" data-element_type=\"widget\" data-e-type=\"widget\" data-widget_type=\"button.default\">\n\t\t\t\t\t\t\t\t\t\t<a class=\"elementor-button elementor-button-link elementor-size-sm\" href=\"https:\/\/inev.cl\/?medico=ignacia-belen-diaz-lee\">\n\t\t\t\t\t\t<span class=\"elementor-button-content-wrapper\">\n\t\t\t\t\t\t\t\t\t<span class=\"elementor-button-text\">Ver ficha<\/span>\n\t\t\t\t\t<\/span>\n\t\t\t\t\t<\/a>\n\t\t\t\t\t\t\t\t<\/div>\n\t\t\t\t<\/div>\n\t\t\t\t\t<\/div>\n\t\t\t\t<\/div>\n\t\t\t\t<\/div>\n\t\t\t\t<div data-elementor-type=\"loop-item\" data-elementor-id=\"447\" class=\"elementor elementor-447 e-loop-item e-loop-item-854 post-854 medico type-medico status-publish hentry\" data-elementor-post-type=\"elementor_library\" data-custom-edit-handle=\"1\">\n\t\t\t<div class=\"elementor-element elementor-element-c6146c5 e-flex e-con-boxed e-con e-parent\" data-id=\"c6146c5\" data-element_type=\"container\" data-e-type=\"container\">\n\t\t\t\t\t<div class=\"e-con-inner\">\n\t\t\t\t<div class=\"elementor-element elementor-element-f449857 e-con e-atomic-element e-div-block-base e-f449857-065a807\" data-id=\"f449857\" data-element_type=\"e-div-block\" data-e-type=\"e-div-block\" data-interaction-id=\"f449857\" data-e-type=\"e-div-block\" data-id=\"f449857\">\n\t\t\t\t<div class=\"elementor-element elementor-element-85db059 elementor-widget elementor-widget-image\" data-id=\"85db059\" data-element_type=\"widget\" data-e-type=\"widget\" data-widget_type=\"image.default\">\n\t\t\t\t\t\t\t\t\t\t\t\t\t\t\t<img loading=\"lazy\" decoding=\"async\" width=\"225\" height=\"300\" src=\"https:\/\/inev.cl\/wp-content\/uploads\/2026\/02\/enzo-bosco-225x300.jpeg\" class=\"attachment-medium size-medium wp-image-165\" alt=\"\" srcset=\"https:\/\/inev.cl\/wp-content\/uploads\/2026\/02\/enzo-bosco-225x300.jpeg 225w, https:\/\/inev.cl\/wp-content\/uploads\/2026\/02\/enzo-bosco.jpeg 480w\" sizes=\"(max-width: 225px) 100vw, 225px\" \/>\t\t\t\t\t\t\t\t\t\t\t\t\t\t\t<\/div>\n\t\t\t\t<div class=\"elementor-element elementor-element-ddab927 elementor-widget elementor-widget-heading\" data-id=\"ddab927\" data-element_type=\"widget\" data-e-type=\"widget\" data-widget_type=\"heading.default\">\n\t\t\t\t\t<p class=\"elementor-heading-title elementor-size-default\">Dr. Enzo Bosco Vidal<\/p>\t\t\t\t<\/div>\n\t\t\t\t<div class=\"elementor-element elementor-element-cc51665 elementor-widget elementor-widget-text-editor\" data-id=\"cc51665\" data-element_type=\"widget\" data-e-type=\"widget\" data-widget_type=\"text-editor.default\">\n\t\t\t\t\t\t\t\t\tM\u00e9dico Veterinario \u2014 Neurolog\u00eda y Neurocirug\u00eda Veterinaria Director M\u00e9dico y fundador del Instituto Neurol\u00f3gico y de Especialidades Veterinarias (INEV)\t\t\t\t\t\t\t\t<\/div>\n\t\t\t\t<\/div>\n\t\t\t\t<div class=\"elementor-element elementor-element-74fc959 e-con e-atomic-element e-div-block-base\" data-id=\"74fc959\" data-element_type=\"e-div-block\" data-e-type=\"e-div-block\" data-interaction-id=\"74fc959\" data-e-type=\"e-div-block\" data-id=\"74fc959\">\n\t\t\t\t<div class=\"elementor-element elementor-element-91b5e8f elementor-align-center elementor-widget__width-initial elementor-widget elementor-widget-button\" data-id=\"91b5e8f\" data-element_type=\"widget\" data-e-type=\"widget\" data-widget_type=\"button.default\">\n\t\t\t\t\t\t\t\t\t\t<a class=\"elementor-button elementor-button-link elementor-size-sm\" href=\"https:\/\/inev.cl\/?medico=dr-enzo-bosco-vidal\">\n\t\t\t\t\t\t<span class=\"elementor-button-content-wrapper\">\n\t\t\t\t\t\t\t\t\t<span class=\"elementor-button-text\">Ver ficha<\/span>\n\t\t\t\t\t<\/span>\n\t\t\t\t\t<\/a>\n\t\t\t\t\t\t\t\t<\/div>\n\t\t\t\t<\/div>\n\t\t\t\t\t<\/div>\n\t\t\t\t<\/div>\n\t\t\t\t<\/div>\n\t\t\t\t<div data-elementor-type=\"loop-item\" data-elementor-id=\"447\" class=\"elementor elementor-447 e-loop-item e-loop-item-855 post-855 medico type-medico status-publish hentry\" data-elementor-post-type=\"elementor_library\" data-custom-edit-handle=\"1\">\n\t\t\t<div class=\"elementor-element elementor-element-c6146c5 e-flex e-con-boxed e-con e-parent\" data-id=\"c6146c5\" data-element_type=\"container\" data-e-type=\"container\">\n\t\t\t\t\t<div class=\"e-con-inner\">\n\t\t\t\t<div class=\"elementor-element elementor-element-f449857 e-con e-atomic-element e-div-block-base e-f449857-065a807\" data-id=\"f449857\" data-element_type=\"e-div-block\" data-e-type=\"e-div-block\" data-interaction-id=\"f449857\" data-e-type=\"e-div-block\" data-id=\"f449857\">\n\t\t\t\t<div class=\"elementor-element elementor-element-85db059 elementor-widget elementor-widget-image\" data-id=\"85db059\" data-element_type=\"widget\" data-e-type=\"widget\" data-widget_type=\"image.default\">\n\t\t\t\t\t\t\t\t\t\t\t\t\t\t\t<img loading=\"lazy\" decoding=\"async\" width=\"225\" height=\"300\" src=\"https:\/\/inev.cl\/wp-content\/uploads\/2026\/02\/pamela-bau-225x300.jpeg\" class=\"attachment-medium size-medium wp-image-187\" alt=\"\" srcset=\"https:\/\/inev.cl\/wp-content\/uploads\/2026\/02\/pamela-bau-225x300.jpeg 225w, https:\/\/inev.cl\/wp-content\/uploads\/2026\/02\/pamela-bau.jpeg 480w\" sizes=\"(max-width: 225px) 100vw, 225px\" \/>\t\t\t\t\t\t\t\t\t\t\t\t\t\t\t<\/div>\n\t\t\t\t<div class=\"elementor-element elementor-element-ddab927 elementor-widget elementor-widget-heading\" data-id=\"ddab927\" data-element_type=\"widget\" data-e-type=\"widget\" data-widget_type=\"heading.default\">\n\t\t\t\t\t<p class=\"elementor-heading-title elementor-size-default\">Dra. Pamela Bau M\u00e1rquez<\/p>\t\t\t\t<\/div>\n\t\t\t\t<div class=\"elementor-element elementor-element-cc51665 elementor-widget elementor-widget-text-editor\" data-id=\"cc51665\" data-element_type=\"widget\" data-e-type=\"widget\" data-widget_type=\"text-editor.default\">\n\t\t\t\t\t\t\t\t\tDirectora General y Cofundadora del Instituto Neurol\u00f3gico y de Especialidades Veterinarias (INEV)\t\t\t\t\t\t\t\t<\/div>\n\t\t\t\t<\/div>\n\t\t\t\t<div class=\"elementor-element elementor-element-74fc959 e-con e-atomic-element e-div-block-base\" data-id=\"74fc959\" data-element_type=\"e-div-block\" data-e-type=\"e-div-block\" data-interaction-id=\"74fc959\" data-e-type=\"e-div-block\" data-id=\"74fc959\">\n\t\t\t\t<div class=\"elementor-element elementor-element-91b5e8f elementor-align-center elementor-widget__width-initial elementor-widget elementor-widget-button\" data-id=\"91b5e8f\" data-element_type=\"widget\" data-e-type=\"widget\" data-widget_type=\"button.default\">\n\t\t\t\t\t\t\t\t\t\t<a class=\"elementor-button elementor-button-link elementor-size-sm\" href=\"https:\/\/inev.cl\/?medico=dra-pamela-bau-marquez\">\n\t\t\t\t\t\t<span class=\"elementor-button-content-wrapper\">\n\t\t\t\t\t\t\t\t\t<span class=\"elementor-button-text\">Ver ficha<\/span>\n\t\t\t\t\t<\/span>\n\t\t\t\t\t<\/a>\n\t\t\t\t\t\t\t\t<\/div>\n\t\t\t\t<\/div>\n\t\t\t\t\t<\/div>\n\t\t\t\t<\/div>\n\t\t\t\t<\/div>\n\t\t\t\t<div data-elementor-type=\"loop-item\" data-elementor-id=\"447\" class=\"elementor elementor-447 e-loop-item e-loop-item-856 post-856 medico type-medico status-publish hentry\" data-elementor-post-type=\"elementor_library\" data-custom-edit-handle=\"1\">\n\t\t\t<div class=\"elementor-element elementor-element-c6146c5 e-flex e-con-boxed e-con e-parent\" data-id=\"c6146c5\" data-element_type=\"container\" data-e-type=\"container\">\n\t\t\t\t\t<div class=\"e-con-inner\">\n\t\t\t\t<div class=\"elementor-element elementor-element-f449857 e-con e-atomic-element e-div-block-base e-f449857-065a807\" data-id=\"f449857\" data-element_type=\"e-div-block\" data-e-type=\"e-div-block\" data-interaction-id=\"f449857\" data-e-type=\"e-div-block\" data-id=\"f449857\">\n\t\t\t\t<div class=\"elementor-element elementor-element-85db059 elementor-widget elementor-widget-image\" data-id=\"85db059\" data-element_type=\"widget\" data-e-type=\"widget\" data-widget_type=\"image.default\">\n\t\t\t\t\t\t\t\t\t\t\t\t\t\t\t<img loading=\"lazy\" decoding=\"async\" width=\"225\" height=\"300\" src=\"https:\/\/inev.cl\/wp-content\/uploads\/2026\/02\/bernardia-valdez-225x300.jpeg\" class=\"attachment-medium size-medium wp-image-152\" alt=\"\" srcset=\"https:\/\/inev.cl\/wp-content\/uploads\/2026\/02\/bernardia-valdez-225x300.jpeg 225w, https:\/\/inev.cl\/wp-content\/uploads\/2026\/02\/bernardia-valdez.jpeg 480w\" sizes=\"(max-width: 225px) 100vw, 225px\" \/>\t\t\t\t\t\t\t\t\t\t\t\t\t\t\t<\/div>\n\t\t\t\t<div class=\"elementor-element elementor-element-ddab927 elementor-widget elementor-widget-heading\" data-id=\"ddab927\" data-element_type=\"widget\" data-e-type=\"widget\" data-widget_type=\"heading.default\">\n\t\t\t\t\t<p class=\"elementor-heading-title elementor-size-default\">Bernardita Valdes Pesce<\/p>\t\t\t\t<\/div>\n\t\t\t\t<div class=\"elementor-element elementor-element-cc51665 elementor-widget elementor-widget-text-editor\" data-id=\"cc51665\" data-element_type=\"widget\" data-e-type=\"widget\" data-widget_type=\"text-editor.default\">\n\t\t\t\t\t\t\t\t\tSubdirectora M\u00e9dica \u2013 Instituto Neurol\u00f3gico y de Especialidades Veterinarias (INEV)\t\t\t\t\t\t\t\t<\/div>\n\t\t\t\t<\/div>\n\t\t\t\t<div class=\"elementor-element elementor-element-74fc959 e-con e-atomic-element e-div-block-base\" data-id=\"74fc959\" data-element_type=\"e-div-block\" data-e-type=\"e-div-block\" data-interaction-id=\"74fc959\" data-e-type=\"e-div-block\" data-id=\"74fc959\">\n\t\t\t\t<div class=\"elementor-element elementor-element-91b5e8f elementor-align-center elementor-widget__width-initial elementor-widget elementor-widget-button\" data-id=\"91b5e8f\" data-element_type=\"widget\" data-e-type=\"widget\" data-widget_type=\"button.default\">\n\t\t\t\t\t\t\t\t\t\t<a class=\"elementor-button elementor-button-link elementor-size-sm\" href=\"https:\/\/inev.cl\/?medico=bernardita-valdes-pesce\">\n\t\t\t\t\t\t<span class=\"elementor-button-content-wrapper\">\n\t\t\t\t\t\t\t\t\t<span class=\"elementor-button-text\">Ver ficha<\/span>\n\t\t\t\t\t<\/span>\n\t\t\t\t\t<\/a>\n\t\t\t\t\t\t\t\t<\/div>\n\t\t\t\t<\/div>\n\t\t\t\t\t<\/div>\n\t\t\t\t<\/div>\n\t\t\t\t<\/div>\n\t\t\t\t<div data-elementor-type=\"loop-item\" data-elementor-id=\"447\" class=\"elementor elementor-447 e-loop-item e-loop-item-217 post-217 medico type-medico status-publish hentry\" data-elementor-post-type=\"elementor_library\" data-custom-edit-handle=\"1\">\n\t\t\t<div class=\"elementor-element elementor-element-c6146c5 e-flex e-con-boxed e-con e-parent\" data-id=\"c6146c5\" data-element_type=\"container\" data-e-type=\"container\">\n\t\t\t\t\t<div class=\"e-con-inner\">\n\t\t\t\t<div class=\"elementor-element elementor-element-f449857 e-con e-atomic-element e-div-block-base e-f449857-065a807\" data-id=\"f449857\" data-element_type=\"e-div-block\" data-e-type=\"e-div-block\" data-interaction-id=\"f449857\" data-e-type=\"e-div-block\" data-id=\"f449857\">\n\t\t\t\t<div class=\"elementor-element elementor-element-85db059 elementor-widget elementor-widget-image\" data-id=\"85db059\" data-element_type=\"widget\" data-e-type=\"widget\" data-widget_type=\"image.default\">\n\t\t\t\t\t\t\t\t\t\t\t\t\t\t\t<img loading=\"lazy\" decoding=\"async\" width=\"225\" height=\"300\" src=\"https:\/\/inev.cl\/wp-content\/uploads\/2026\/02\/solange-rojas-225x300.jpeg\" class=\"attachment-medium size-medium wp-image-192\" alt=\"\" srcset=\"https:\/\/inev.cl\/wp-content\/uploads\/2026\/02\/solange-rojas-225x300.jpeg 225w, https:\/\/inev.cl\/wp-content\/uploads\/2026\/02\/solange-rojas.jpeg 480w\" sizes=\"(max-width: 225px) 100vw, 225px\" \/>\t\t\t\t\t\t\t\t\t\t\t\t\t\t\t<\/div>\n\t\t\t\t<div class=\"elementor-element elementor-element-ddab927 elementor-widget elementor-widget-heading\" data-id=\"ddab927\" data-element_type=\"widget\" data-e-type=\"widget\" data-widget_type=\"heading.default\">\n\t\t\t\t\t<p class=\"elementor-heading-title elementor-size-default\">Dra. Solange Monserrat Rojas Parra<\/p>\t\t\t\t<\/div>\n\t\t\t\t<div class=\"elementor-element elementor-element-cc51665 elementor-widget elementor-widget-text-editor\" data-id=\"cc51665\" data-element_type=\"widget\" data-e-type=\"widget\" data-widget_type=\"text-editor.default\">\n\t\t\t\t\t\t\t\t\tM\u00e9dico Veterinario \u2014 Especialista en Neurolog\u00eda, Neurocirug\u00eda y Electrodiagn\u00f3stico\t\t\t\t\t\t\t\t<\/div>\n\t\t\t\t<\/div>\n\t\t\t\t<div class=\"elementor-element elementor-element-74fc959 e-con e-atomic-element e-div-block-base\" data-id=\"74fc959\" data-element_type=\"e-div-block\" data-e-type=\"e-div-block\" data-interaction-id=\"74fc959\" data-e-type=\"e-div-block\" data-id=\"74fc959\">\n\t\t\t\t<div class=\"elementor-element elementor-element-91b5e8f elementor-align-center elementor-widget__width-initial elementor-widget elementor-widget-button\" data-id=\"91b5e8f\" data-element_type=\"widget\" data-e-type=\"widget\" data-widget_type=\"button.default\">\n\t\t\t\t\t\t\t\t\t\t<a class=\"elementor-button elementor-button-link elementor-size-sm\" href=\"https:\/\/inev.cl\/?medico=dra-solange-monserrat-rojas-parra\">\n\t\t\t\t\t\t<span class=\"elementor-button-content-wrapper\">\n\t\t\t\t\t\t\t\t\t<span class=\"elementor-button-text\">Ver ficha<\/span>\n\t\t\t\t\t<\/span>\n\t\t\t\t\t<\/a>\n\t\t\t\t\t\t\t\t<\/div>\n\t\t\t\t<\/div>\n\t\t\t\t\t<\/div>\n\t\t\t\t<\/div>\n\t\t\t\t<\/div>\n\t\t\t\t<\/div>\n\t\t\n\t\t\t\t\t\t<\/div>\n\t\t\t\t<\/div>\n\t\t\t\t\t<\/div>\n\t\t\t\t<\/div>\n\t\t\t\t<\/div>\n\t\t","protected":false},"excerpt":{"rendered":"<p>Nuestro equipo Especialistas en el cuidado integral de tu mascota En el Instituto Neurol\u00f3gico Veterinario, contamos con un equipo multidisciplinario de profesionales dedicados a cuidar de la salud de tu mascota con pasi\u00f3n y excelencia. Conoce a los especialistas que hacen posible nuestra misi\u00f3n cada dia.<\/p>\n","protected":false},"author":1,"featured_media":0,"parent":0,"menu_order":0,"comment_status":"closed","ping_status":"closed","template":"","meta":{"_acf_changed":false,"footnotes":""},"class_list":["post-86","page","type-page","status-publish","hentry"],"acf":[],"yoast_head":"<!-- This site is optimized with the Yoast SEO plugin v27.4 - https:\/\/yoast.com\/product\/yoast-seo-wordpress\/ -->\n<title>Medicos veterinarios - INEV<\/title>\n<meta name=\"robots\" content=\"noindex, follow, max-snippet:-1, max-image-preview:large, max-video-preview:-1\" \/>\n<meta property=\"og:locale\" content=\"es_ES\" \/>\n<meta property=\"og:type\" content=\"article\" \/>\n<meta property=\"og:title\" content=\"Medicos veterinarios - INEV\" \/>\n<meta property=\"og:description\" content=\"Nuestro equipo Especialistas en el cuidado integral de tu mascota En el Instituto Neurol\u00f3gico Veterinario, contamos con un equipo multidisciplinario de profesionales dedicados a cuidar de la salud de tu mascota con pasi\u00f3n y excelencia. Conoce a los especialistas que hacen posible nuestra misi\u00f3n cada dia.\" \/>\n<meta property=\"og:url\" content=\"https:\/\/inev.cl\/?page_id=86\" \/>\n<meta property=\"og:site_name\" content=\"INEV\" \/>\n<meta property=\"article:modified_time\" content=\"2026-04-27T17:17:44+00:00\" \/>\n<meta property=\"og:image\" content=\"https:\/\/inev.cl\/wp-content\/uploads\/2026\/02\/huella.png\" \/>\n\t<meta property=\"og:image:width\" content=\"28\" \/>\n\t<meta property=\"og:image:height\" content=\"31\" \/>\n\t<meta property=\"og:image:type\" content=\"image\/png\" \/>\n<meta name=\"twitter:card\" content=\"summary_large_image\" \/>\n<meta name=\"twitter:label1\" content=\"Tiempo de lectura\" \/>\n\t<meta name=\"twitter:data1\" content=\"13 minutos\" \/>\n<script type=\"application\/ld+json\" class=\"yoast-schema-graph\">{\"@context\":\"https:\\\/\\\/schema.org\",\"@graph\":[{\"@type\":\"WebPage\",\"@id\":\"https:\\\/\\\/inev.cl\\\/?page_id=86\",\"url\":\"https:\\\/\\\/inev.cl\\\/?page_id=86\",\"name\":\"Medicos veterinarios - INEV\",\"isPartOf\":{\"@id\":\"https:\\\/\\\/inev.cl\\\/#website\"},\"primaryImageOfPage\":{\"@id\":\"https:\\\/\\\/inev.cl\\\/?page_id=86#primaryimage\"},\"image\":{\"@id\":\"https:\\\/\\\/inev.cl\\\/?page_id=86#primaryimage\"},\"thumbnailUrl\":\"https:\\\/\\\/inev.cl\\\/wp-content\\\/uploads\\\/2026\\\/02\\\/huella.png\",\"datePublished\":\"2026-02-01T01:54:13+00:00\",\"dateModified\":\"2026-04-27T17:17:44+00:00\",\"breadcrumb\":{\"@id\":\"https:\\\/\\\/inev.cl\\\/?page_id=86#breadcrumb\"},\"inLanguage\":\"es\",\"potentialAction\":[{\"@type\":\"ReadAction\",\"target\":[\"https:\\\/\\\/inev.cl\\\/?page_id=86\"]}]},{\"@type\":\"ImageObject\",\"inLanguage\":\"es\",\"@id\":\"https:\\\/\\\/inev.cl\\\/?page_id=86#primaryimage\",\"url\":\"https:\\\/\\\/inev.cl\\\/wp-content\\\/uploads\\\/2026\\\/02\\\/huella.png\",\"contentUrl\":\"https:\\\/\\\/inev.cl\\\/wp-content\\\/uploads\\\/2026\\\/02\\\/huella.png\",\"width\":28,\"height\":31},{\"@type\":\"BreadcrumbList\",\"@id\":\"https:\\\/\\\/inev.cl\\\/?page_id=86#breadcrumb\",\"itemListElement\":[{\"@type\":\"ListItem\",\"position\":1,\"name\":\"Portada\",\"item\":\"https:\\\/\\\/inev.cl\\\/\"},{\"@type\":\"ListItem\",\"position\":2,\"name\":\"Medicos veterinarios\"}]},{\"@type\":\"WebSite\",\"@id\":\"https:\\\/\\\/inev.cl\\\/#website\",\"url\":\"https:\\\/\\\/inev.cl\\\/\",\"name\":\"INEV\",\"description\":\"\",\"potentialAction\":[{\"@type\":\"SearchAction\",\"target\":{\"@type\":\"EntryPoint\",\"urlTemplate\":\"https:\\\/\\\/inev.cl\\\/?s={search_term_string}\"},\"query-input\":{\"@type\":\"PropertyValueSpecification\",\"valueRequired\":true,\"valueName\":\"search_term_string\"}}],\"inLanguage\":\"es\"}]}<\/script>\n<!-- \/ Yoast SEO plugin. -->","yoast_head_json":{"title":"Medicos veterinarios - INEV","robots":{"index":"noindex","follow":"follow","max-snippet":"max-snippet:-1","max-image-preview":"max-image-preview:large","max-video-preview":"max-video-preview:-1"},"og_locale":"es_ES","og_type":"article","og_title":"Medicos veterinarios - INEV","og_description":"Nuestro equipo Especialistas en el cuidado integral de tu mascota En el Instituto Neurol\u00f3gico Veterinario, contamos con un equipo multidisciplinario de profesionales dedicados a cuidar de la salud de tu mascota con pasi\u00f3n y excelencia. Conoce a los especialistas que hacen posible nuestra misi\u00f3n cada dia.","og_url":"https:\/\/inev.cl\/?page_id=86","og_site_name":"INEV","article_modified_time":"2026-04-27T17:17:44+00:00","og_image":[{"width":28,"height":31,"url":"https:\/\/inev.cl\/wp-content\/uploads\/2026\/02\/huella.png","type":"image\/png"}],"twitter_card":"summary_large_image","twitter_misc":{"Tiempo de lectura":"13 minutos"},"schema":{"@context":"https:\/\/schema.org","@graph":[{"@type":"WebPage","@id":"https:\/\/inev.cl\/?page_id=86","url":"https:\/\/inev.cl\/?page_id=86","name":"Medicos veterinarios - INEV","isPartOf":{"@id":"https:\/\/inev.cl\/#website"},"primaryImageOfPage":{"@id":"https:\/\/inev.cl\/?page_id=86#primaryimage"},"image":{"@id":"https:\/\/inev.cl\/?page_id=86#primaryimage"},"thumbnailUrl":"https:\/\/inev.cl\/wp-content\/uploads\/2026\/02\/huella.png","datePublished":"2026-02-01T01:54:13+00:00","dateModified":"2026-04-27T17:17:44+00:00","breadcrumb":{"@id":"https:\/\/inev.cl\/?page_id=86#breadcrumb"},"inLanguage":"es","potentialAction":[{"@type":"ReadAction","target":["https:\/\/inev.cl\/?page_id=86"]}]},{"@type":"ImageObject","inLanguage":"es","@id":"https:\/\/inev.cl\/?page_id=86#primaryimage","url":"https:\/\/inev.cl\/wp-content\/uploads\/2026\/02\/huella.png","contentUrl":"https:\/\/inev.cl\/wp-content\/uploads\/2026\/02\/huella.png","width":28,"height":31},{"@type":"BreadcrumbList","@id":"https:\/\/inev.cl\/?page_id=86#breadcrumb","itemListElement":[{"@type":"ListItem","position":1,"name":"Portada","item":"https:\/\/inev.cl\/"},{"@type":"ListItem","position":2,"name":"Medicos veterinarios"}]},{"@type":"WebSite","@id":"https:\/\/inev.cl\/#website","url":"https:\/\/inev.cl\/","name":"INEV","description":"","potentialAction":[{"@type":"SearchAction","target":{"@type":"EntryPoint","urlTemplate":"https:\/\/inev.cl\/?s={search_term_string}"},"query-input":{"@type":"PropertyValueSpecification","valueRequired":true,"valueName":"search_term_string"}}],"inLanguage":"es"}]}},"_links":{"self":[{"href":"https:\/\/inev.cl\/index.php?rest_route=\/wp\/v2\/pages\/86","targetHints":{"allow":["GET"]}}],"collection":[{"href":"https:\/\/inev.cl\/index.php?rest_route=\/wp\/v2\/pages"}],"about":[{"href":"https:\/\/inev.cl\/index.php?rest_route=\/wp\/v2\/types\/page"}],"author":[{"embeddable":true,"href":"https:\/\/inev.cl\/index.php?rest_route=\/wp\/v2\/users\/1"}],"replies":[{"embeddable":true,"href":"https:\/\/inev.cl\/index.php?rest_route=%2Fwp%2Fv2%2Fcomments&post=86"}],"version-history":[{"count":47,"href":"https:\/\/inev.cl\/index.php?rest_route=\/wp\/v2\/pages\/86\/revisions"}],"predecessor-version":[{"id":1322,"href":"https:\/\/inev.cl\/index.php?rest_route=\/wp\/v2\/pages\/86\/revisions\/1322"}],"wp:attachment":[{"href":"https:\/\/inev.cl\/index.php?rest_route=%2Fwp%2Fv2%2Fmedia&parent=86"}],"curies":[{"name":"wp","href":"https:\/\/api.w.org\/{rel}","templated":true}]}}